{"id":3782,"date":"2025-09-03T15:34:17","date_gmt":"2025-09-03T13:34:17","guid":{"rendered":"https:\/\/www.halledelamachine.fr\/?page_id=3782"},"modified":"2025-09-15T21:53:43","modified_gmt":"2025-09-15T19:53:43","slug":"infos-pratiques-mecanik-paradize","status":"publish","type":"page","link":"https:\/\/www.halledelamachine.fr\/en\/infos-pratiques-mecanik-paradize\/","title":{"rendered":"Infos pratiques M\u00e9canik paradize"},"content":{"rendered":"\n<div style=\"height:100px\" aria-hidden=\"true\" class=\"wp-block-spacer\"><\/div>\n\n\n\n<div class=\"wp-block-cover has-custom-content-position is-position-center-left has-large-font-size\" style=\"padding-top:0;padding-right:var(--wp--preset--spacing--80);padding-bottom:0;padding-left:var(--wp--preset--spacing--80)\"><img loading=\"lazy\" decoding=\"async\" width=\"2026\" height=\"1018\" class=\"wp-block-cover__image-background wp-image-3636 size-full\" alt=\"\" src=\"https:\/\/www.halledelamachine.fr\/wp-content\/uploads\/2025\/09\/Mecanik-Paradize-banniere-site-Minotaure-droite.png\" style=\"object-position:50% 0%\" data-object-fit=\"cover\" data-object-position=\"50% 0%\" srcset=\"https:\/\/www.halledelamachine.fr\/wp-content\/uploads\/2025\/09\/Mecanik-Paradize-banniere-site-Minotaure-droite.png 2026w, https:\/\/www.halledelamachine.fr\/wp-content\/uploads\/2025\/09\/Mecanik-Paradize-banniere-site-Minotaure-droite-300x151.png 300w, https:\/\/www.halledelamachine.fr\/wp-content\/uploads\/2025\/09\/Mecanik-Paradize-banniere-site-Minotaure-droite-1024x515.png 1024w, https:\/\/www.halledelamachine.fr\/wp-content\/uploads\/2025\/09\/Mecanik-Paradize-banniere-site-Minotaure-droite-768x386.png 768w, https:\/\/www.halledelamachine.fr\/wp-content\/uploads\/2025\/09\/Mecanik-Paradize-banniere-site-Minotaure-droite-1536x772.png 1536w, https:\/\/www.halledelamachine.fr\/wp-content\/uploads\/2025\/09\/Mecanik-Paradize-banniere-site-Minotaure-droite-1568x788.png 1568w, https:\/\/www.halledelamachine.fr\/wp-content\/uploads\/2025\/09\/Mecanik-Paradize-banniere-site-Minotaure-droite-1800x904.png 1800w, https:\/\/www.halledelamachine.fr\/wp-content\/uploads\/2025\/09\/Mecanik-Paradize-banniere-site-Minotaure-droite-5x3.png 5w\" sizes=\"auto, (max-width: 2026px) 100vw, 2026px\" \/><span aria-hidden=\"true\" class=\"wp-block-cover__background has-background-dim\" style=\"background-color:#383132\"><\/span><div class=\"wp-block-cover__inner-container is-layout-constrained wp-container-core-cover-is-layout-2d8b6d44 wp-block-cover-is-layout-constrained\">\n<p class=\"has-text-align-center has-text-color has-link-color wp-elements-f88ea355d775282a9cafc5af59bf94cc\" style=\"color:#e6007e;font-size:58px;line-height:1.7\">COMMENT VENIR<\/p>\n<\/div><\/div>\n\n\n\n<details class=\"wp-block-details is-layout-flow wp-block-details-is-layout-flow\"><summary><strong>Tous les moyens pour acc\u00e9der au festival +<\/strong><\/summary>\n<h2 class=\"wp-block-heading has-text-align-left has-text-color has-link-color wp-elements-b7bbda5334f7595418a99a1077abf685\" style=\"color:#e6007e;font-size:30px\" class=\"wp-block-heading has-text-align-left has-text-color has-link-color wp-elements-b7bbda5334f7595418a99a1077abf685\" style=\"color:#e6007e;font-size:30px\" id=\"en-bus\">EN BUS<\/h2>\n\n\n\n<div class=\"wp-block-media-text is-stacked-on-mobile\" style=\"grid-template-columns:15% auto\"><figure class=\"wp-block-media-text__media\"><img loading=\"lazy\" decoding=\"async\" width=\"280\" height=\"250\" src=\"https:\/\/www.halledelamachine.fr\/wp-content\/uploads\/2025\/09\/logo-bus-rose.png\" alt=\"\" class=\"wp-image-3651 size-full\" srcset=\"https:\/\/www.halledelamachine.fr\/wp-content\/uploads\/2025\/09\/logo-bus-rose.png 280w, https:\/\/www.halledelamachine.fr\/wp-content\/uploads\/2025\/09\/logo-bus-rose-5x5.png 5w\" sizes=\"auto, (max-width: 280px) 100vw, 280px\" \/><\/figure><div class=\"wp-block-media-text__content\">\n<p class=\"has-black-color has-text-color has-link-color wp-elements-89f977a90570dc1c96230ddc385a99ea\"><strong><em>15 minutes depuis le centre ville<\/em><\/strong> <br><\/p>\n\n\n\n<ul class=\"wp-block-list\">\n<li>Lin\u00e9o 12, arr\u00eat Montaudran Gare<\/li>\n\n\n\n<li>Lin\u00e9o 8 et ligne 37, arr\u00eat Gonin<\/li>\n\n\n\n<li>Ligne 23, 27 et 80, arr\u00eat Lat\u00e9co\u00e8re<\/li>\n<\/ul>\n<\/div><\/div>\n\n\n\n<h2 class=\"wp-block-heading has-text-align-left has-text-color has-link-color wp-elements-3b4cedc585cb1fb10418a4d4c5a2059b\" style=\"color:#e6007e;font-size:30px\" class=\"wp-block-heading has-text-align-left has-text-color has-link-color wp-elements-3b4cedc585cb1fb10418a4d4c5a2059b\" style=\"color:#e6007e;font-size:30px\" id=\"en-metro\">EN METRO<\/h2>\n\n\n\n<div class=\"wp-block-media-text is-stacked-on-mobile\" style=\"grid-template-columns:15% auto\"><figure class=\"wp-block-media-text__media\"><img loading=\"lazy\" decoding=\"async\" width=\"339\" height=\"282\" src=\"https:\/\/www.halledelamachine.fr\/wp-content\/uploads\/2025\/09\/logo-metro-rose-1.png\" alt=\"\" class=\"wp-image-3663 size-full\" srcset=\"https:\/\/www.halledelamachine.fr\/wp-content\/uploads\/2025\/09\/logo-metro-rose-1.png 339w, https:\/\/www.halledelamachine.fr\/wp-content\/uploads\/2025\/09\/logo-metro-rose-1-300x250.png 300w, https:\/\/www.halledelamachine.fr\/wp-content\/uploads\/2025\/09\/logo-metro-rose-1-5x5.png 5w\" sizes=\"auto, (max-width: 339px) 100vw, 339px\" \/><\/figure><div class=\"wp-block-media-text__content\">\n<p class=\"has-black-color has-text-color has-link-color wp-elements-cef859475ab5c6a95f675891eadf5f45\">Station Rangueil <em><strong>+ 15 minutes de marche<\/strong><\/em><\/p>\n\n\n\n<p class=\"has-black-color has-text-color has-link-color wp-elements-0444f0065011c0fb62638562969371e7\"><br><\/p>\n<\/div><\/div>\n\n\n\n<h2 class=\"wp-block-heading has-text-align-left has-text-color has-link-color wp-elements-df25f8e872a264e0a827329d3dba5e1e\" style=\"color:#e6007e;font-size:30px\" class=\"wp-block-heading has-text-align-left has-text-color has-link-color wp-elements-df25f8e872a264e0a827329d3dba5e1e\" style=\"color:#e6007e;font-size:30px\" id=\"en-velo\">EN VELO<\/h2>\n\n\n\n<div class=\"wp-block-media-text is-stacked-on-mobile\" style=\"grid-template-columns:15% auto\"><figure class=\"wp-block-media-text__media\"><img loading=\"lazy\" decoding=\"async\" width=\"344\" height=\"258\" src=\"https:\/\/www.halledelamachine.fr\/wp-content\/uploads\/2025\/09\/logo-velo-rose-1.png\" alt=\"\" class=\"wp-image-3654 size-full\" srcset=\"https:\/\/www.halledelamachine.fr\/wp-content\/uploads\/2025\/09\/logo-velo-rose-1.png 344w, https:\/\/www.halledelamachine.fr\/wp-content\/uploads\/2025\/09\/logo-velo-rose-1-300x225.png 300w, https:\/\/www.halledelamachine.fr\/wp-content\/uploads\/2025\/09\/logo-velo-rose-1-5x5.png 5w\" sizes=\"auto, (max-width: 344px) 100vw, 344px\" \/><\/figure><div class=\"wp-block-media-text__content\">\n<p> <strong><em>20 minutes depuis le centre ville<\/em><\/strong><br>&gt; En longeant le Canal du Midi.<br>&gt; Emplacements v\u00e9los Place Bouilloux Lafont, derri\u00e8re le Man\u00e8ge Carr\u00e9 S\u00e9nart<br>&gt; Stations V\u00e9l\u00d4Toulouse \u00e0 proximit\u00e9<\/p>\n<\/div><\/div>\n\n\n\n<h2 class=\"wp-block-heading has-text-align-left has-text-color has-link-color wp-elements-b86256ef25ba1e99372974e5bb53e655\" style=\"color:#e6007e;font-size:30px\" class=\"wp-block-heading has-text-align-left has-text-color has-link-color wp-elements-b86256ef25ba1e99372974e5bb53e655\" style=\"color:#e6007e;font-size:30px\" id=\"en-train\">EN train<\/h2>\n\n\n\n<div class=\"wp-block-media-text is-stacked-on-mobile\" style=\"grid-template-columns:16% auto\"><figure class=\"wp-block-media-text__media\"><img loading=\"lazy\" decoding=\"async\" width=\"280\" height=\"230\" src=\"https:\/\/www.halledelamachine.fr\/wp-content\/uploads\/2025\/09\/logo-train-rose-1.png\" alt=\"\" class=\"wp-image-3657 size-full\" srcset=\"https:\/\/www.halledelamachine.fr\/wp-content\/uploads\/2025\/09\/logo-train-rose-1.png 280w, https:\/\/www.halledelamachine.fr\/wp-content\/uploads\/2025\/09\/logo-train-rose-1-5x5.png 5w\" sizes=\"auto, (max-width: 280px) 100vw, 280px\" \/><\/figure><div class=\"wp-block-media-text__content\">\n<p><strong><em>5mn depuis la Gare Toulouse Matabiau<\/em><\/strong><br>Ligne Toulouse \u2013 Carcassonne Narbonne, arr\u00eat Gare de Montaudran. <\/p>\n<\/div><\/div>\n\n\n\n<h2 class=\"wp-block-heading has-text-align-left has-text-color has-link-color wp-elements-409c42a02f317b1665216c4a4d7340ce\" style=\"color:#e6007e;font-size:30px\" class=\"wp-block-heading has-text-align-left has-text-color has-link-color wp-elements-409c42a02f317b1665216c4a4d7340ce\" style=\"color:#e6007e;font-size:30px\" id=\"en-voiture-a-eviter\">EN VOITURE &#8211; \u00c0 \u00c9viter <\/h2>\n\n\n\n<div class=\"wp-block-media-text is-stacked-on-mobile\" style=\"grid-template-columns:16% auto\"><figure class=\"wp-block-media-text__media\"><img loading=\"lazy\" decoding=\"async\" width=\"303\" height=\"246\" src=\"https:\/\/www.halledelamachine.fr\/wp-content\/uploads\/2025\/09\/logo-voiture-rose-1.png\" alt=\"\" class=\"wp-image-3660 size-full\" srcset=\"https:\/\/www.halledelamachine.fr\/wp-content\/uploads\/2025\/09\/logo-voiture-rose-1.png 303w, https:\/\/www.halledelamachine.fr\/wp-content\/uploads\/2025\/09\/logo-voiture-rose-1-300x244.png 300w, https:\/\/www.halledelamachine.fr\/wp-content\/uploads\/2025\/09\/logo-voiture-rose-1-5x5.png 5w\" sizes=\"auto, (max-width: 303px) 100vw, 303px\" \/><\/figure><div class=\"wp-block-media-text__content\">\n<p><strong><em>20 minutes depuis l\u2019A\u00e9roport<\/em><\/strong><br>En provenance de Paris\/Bordeaux ou Montpellier :<br>sortie 20 \u00ab Complexe scientifique \/ Toulouse A\u00e9rospace \u00bb<\/p>\n<\/div><\/div>\n\n\n\n<div class=\"wp-block-columns is-layout-flex wp-container-core-columns-is-layout-9d6595d7 wp-block-columns-is-layout-flex\">\n<div class=\"wp-block-column is-layout-flow wp-block-column-is-layout-flow\">\n<p><strong>STATIONNEMENT :<\/strong><br><strong>Stationnement tr\u00e8s restreint<\/strong><br>Pensez aux Parkings Relais P+R et venez en transports en commun avec Tiss\u00e9o<br><strong>Parking P1<\/strong> (\u00e0 l\u2019arri\u00e8re de la Halle de La Machine) : R\u00e9serv\u00e9 aux Personnes<br>\u00e0 Mobilit\u00e9 R\u00e9duite porteurs de la carte Mobilit\u00e9 Inclusion<br><strong>Parking P2 + Parking du Campus de l\u2019Innovation + Stationnements<br>sur l\u2019Avenue B. Marris<\/strong> : Libre acc\u00e8s mais limit\u00e9s.<br><strong>Parking du Qpark<\/strong> : Tarif r\u00e9duit pour les festivaliers \u00e0 5,40 \u20ac entre 18h30 et 2h du matin.<br><br>Stationnement neutralis\u00e9 Avenue de l\u2019A\u00e9rodrome de Montaudran devant la Halle et rue Jacqueline Auriol dans la nuit du 1er au 02\/10 \u00e0 partir de 00h01 et jusqu\u2019au dimanche 05\/10 \u00e0 01h00 du matin.<\/p>\n<\/div>\n\n\n\n<div class=\"wp-block-column is-layout-flow wp-block-column-is-layout-flow\">\n<p><strong>CIRCULATION<\/strong> <\/p>\n\n\n\n<p>La circulation EST partiellement neutralis\u00e9e et le sens de circulation modifi\u00e9 Avenue de L\u2019A\u00e9rodrome de Montaudran pour le tron\u00e7on devant la Halle :<\/p>\n\n\n\n<ul class=\"wp-block-list\">\n<li>du jeudi 02\/10 \u00e0 13h00, au vendredi 3\/10 \u00e0 01h00 du matin<\/li>\n\n\n\n<li>du vendredi 03\/10 \u00e0 13h00, au samedi 4\/10 \u00e0 02h00 du matin<\/li>\n\n\n\n<li>du samedi 4\/10 \u00e0 13h00, au dimanche 5\/10 \u00e0 02h00 du matin. L\u2019acc\u00e8s \u00e0 la Piste des G\u00e9ants sera partiellement ferm\u00e9 (entre l\u2019Avenue de l\u2019A\u00e9rodrome de Montaudran et la rue Jacqueline Auriol) ainsi que les Jardins de la Ligne, le 2 et 3\/10 \u00e0 partir de 16h et le 04\/10 \u00e0 partir de 15h.<\/li>\n<\/ul>\n<\/div>\n<\/div>\n\n\n\n<h2 class=\"wp-block-heading has-text-align-left has-text-color has-link-color wp-elements-2ebfa88085b46f82d6b53fb50181bb5d\" style=\"color:#e6007e;font-size:30px\" class=\"wp-block-heading has-text-align-left has-text-color has-link-color wp-elements-2ebfa88085b46f82d6b53fb50181bb5d\" style=\"color:#e6007e;font-size:30px\" id=\"venez-avec-tisseo\">VENEZ AVEC TISSEO<\/h2>\n\n\n\n<p>Pensez aux Parkings Relais P+R et venez en transports en commun avec Tiss\u00e9o.<\/p>\n\n\n\n<p>D\u00e9tenteurs d\u2019une carte Pastel, profitez d\u2019une offre promotionnelle pour la soir\u00e9e du vendedi 3 octobre, avec le code promo <strong>TISSEO-MECANIK.<\/strong><\/p>\n<\/details>\n\n\n\n<div style=\"height:100px\" aria-hidden=\"true\" class=\"wp-block-spacer\"><\/div>\n\n\n\n<div class=\"wp-block-cover has-custom-content-position is-position-center-left has-large-font-size\" style=\"padding-top:0;padding-right:var(--wp--preset--spacing--80);padding-bottom:0;padding-left:var(--wp--preset--spacing--80)\"><img loading=\"lazy\" decoding=\"async\" width=\"2026\" height=\"1018\" class=\"wp-block-cover__image-background wp-image-3636 size-full\" alt=\"\" src=\"https:\/\/www.halledelamachine.fr\/wp-content\/uploads\/2025\/09\/Mecanik-Paradize-banniere-site-Minotaure-droite.png\" style=\"object-position:50% 0%\" data-object-fit=\"cover\" data-object-position=\"50% 0%\" srcset=\"https:\/\/www.halledelamachine.fr\/wp-content\/uploads\/2025\/09\/Mecanik-Paradize-banniere-site-Minotaure-droite.png 2026w, https:\/\/www.halledelamachine.fr\/wp-content\/uploads\/2025\/09\/Mecanik-Paradize-banniere-site-Minotaure-droite-300x151.png 300w, https:\/\/www.halledelamachine.fr\/wp-content\/uploads\/2025\/09\/Mecanik-Paradize-banniere-site-Minotaure-droite-1024x515.png 1024w, https:\/\/www.halledelamachine.fr\/wp-content\/uploads\/2025\/09\/Mecanik-Paradize-banniere-site-Minotaure-droite-768x386.png 768w, https:\/\/www.halledelamachine.fr\/wp-content\/uploads\/2025\/09\/Mecanik-Paradize-banniere-site-Minotaure-droite-1536x772.png 1536w, https:\/\/www.halledelamachine.fr\/wp-content\/uploads\/2025\/09\/Mecanik-Paradize-banniere-site-Minotaure-droite-1568x788.png 1568w, https:\/\/www.halledelamachine.fr\/wp-content\/uploads\/2025\/09\/Mecanik-Paradize-banniere-site-Minotaure-droite-1800x904.png 1800w, https:\/\/www.halledelamachine.fr\/wp-content\/uploads\/2025\/09\/Mecanik-Paradize-banniere-site-Minotaure-droite-5x3.png 5w\" sizes=\"auto, (max-width: 2026px) 100vw, 2026px\" \/><span aria-hidden=\"true\" class=\"wp-block-cover__background has-background-dim\" style=\"background-color:#383132\"><\/span><div class=\"wp-block-cover__inner-container is-layout-constrained wp-container-core-cover-is-layout-2d8b6d44 wp-block-cover-is-layout-constrained\">\n<p class=\"has-text-align-center has-text-color has-link-color wp-elements-d2248a932cb44810c04f1279d0e611a0\" style=\"color:#e6007e;font-size:58px;line-height:1.7\">SUR PLACE<\/p>\n<\/div><\/div>\n\n\n\n<details class=\"wp-block-details is-layout-flow wp-block-details-is-layout-flow\"><summary><strong>Plan, horaires, restauration&#8230;<\/strong> <strong>tout ce que vous devez savoir sur place +<\/strong><\/summary>\n<div style=\"height:100px\" aria-hidden=\"true\" class=\"wp-block-spacer\"><\/div>\n\n\n\n<figure class=\"wp-block-image size-full\"><img decoding=\"async\" src=\"https:\/\/www.halledelamachine.fr\/wp-content\/uploads\/2025\/09\/plan-general-01.jpg\" alt=\"\" class=\"wp-image-3675\"\/><\/figure>\n\n\n\n<h1 class=\"wp-block-heading has-text-align-left has-text-color has-link-color wp-elements-3433cccd8d55bc45dc1b2693eae6cd6a\" style=\"color:#e6007e;font-size:30px\" class=\"wp-block-heading has-text-align-left has-text-color has-link-color wp-elements-3433cccd8d55bc45dc1b2693eae6cd6a\" style=\"color:#e6007e;font-size:30px\" id=\"horaires\">HORAIRES<\/h1>\n\n\n\n<p>Ouverture des portes <br>\u00e0 16h30 le jeudi 2 octobre et le vendredi 3 octobre<br>\u00e0 16h00 le samedi 4 octobre.<br><strong>Les concerts sont programm\u00e9s <\/strong><br>de 17h00 \u00e0 23h00 le jeudi 2 octobre<br>de 16h45 \u00e0 23h00 le vendredi 3 octobre<br> de 16h15 \u00e0 00h00 le samedi 4 octobre. <br><\/p>\n\n\n\n<p>Quant au dimanche 5 octobre, les spectacles se d\u00e9rouleront de 14h30 \u00e0 19h00.<br>La Halle de La Machine reste ouverte du mardi au dimanche aux horaires habituels, de 10h \u00e0 18h, pendant toute la dur\u00e9e du festival (<a href=\"https:\/\/billetterie.halledelamachine.fr\/index-css5-halledelamachine-pg1.html\" data-type=\"link\" data-id=\"https:\/\/billetterie.halledelamachine.fr\/index-css5-halledelamachine-pg1.html\">billetterie \u00e0 part enti\u00e8re<\/a>). Les voyages en Minotaure et le Man\u00e8ge Carr\u00e9 S\u00e9nart seront \u00e9galement accessibles pendant la dur\u00e9e du festival. <\/p>\n\n\n\n<h1 class=\"wp-block-heading has-text-align-left has-text-color has-link-color wp-elements-8198b9bb3363965f4f047c13f9e91bb9\" style=\"color:#e6007e;font-size:30px\" class=\"wp-block-heading has-text-align-left has-text-color has-link-color wp-elements-8198b9bb3363965f4f047c13f9e91bb9\" style=\"color:#e6007e;font-size:30px\" id=\"bar-et-foodtruck\">BAR ET FOODTRUCK<\/h1>\n\n\n\n<p>Sur place des bars et des foodtrucks permettront de rassasier les faims et d\u2019\u00e9tancher les soifs. Les derniers verres pourront \u00eatre servis jusqu\u2019\u00e0 23h30 jeudi 2 et vendredi 3, et jusqu\u2019\u00e0 00h30 le samedi 4 octobre. La d\u00e9consigne des verres sera possible dans l\u2019enceinte du festival jusqu\u2019\u00e0 la fin des concerts (au point Bank). Puis la d\u00e9consigne sera \u00e9galement possible \u00e0 l\u2019ext\u00e9rieur jusqu\u2019\u00e0 1h apr\u00e8s la fermeture des bars.<\/p>\n\n\n\n<h1 class=\"wp-block-heading has-text-align-left has-text-color has-link-color wp-elements-6545d8b44b7a9b937f73794fe5c386ce\" style=\"color:#e6007e;font-size:30px\" class=\"wp-block-heading has-text-align-left has-text-color has-link-color wp-elements-6545d8b44b7a9b937f73794fe5c386ce\" style=\"color:#e6007e;font-size:30px\" id=\"points-deau\">points d&#8217;eau<\/h1>\n\n\n\n<p>Des fontaines d\u2019eau seront disponibles \u00e0 l\u2019int\u00e9rieur du site (devant et derri\u00e8re la Halle de La Machine) afin de permettre aux festivaliers de s\u2019hydrater plus facilement.<\/p>\n\n\n\n<h1 class=\"wp-block-heading has-text-align-left has-text-color has-link-color wp-elements-27b162d898bc1946d14e4cc7040397fd\" style=\"color:#e6007e;font-size:30px\" class=\"wp-block-heading has-text-align-left has-text-color has-link-color wp-elements-27b162d898bc1946d14e4cc7040397fd\" style=\"color:#e6007e;font-size:30px\" id=\"moyens-de-paiement\">moyens de paiement<\/h1>\n\n\n\n<p>Sur les stands de bars et foodtrucks, seul le paiement en Carte Bancaire est possible. Toutefois un service de cashless sera \u00e0 disposition sur le site. A noter : celui-ci sera cl\u00f4tur\u00e9 fin octobre (date jusqu\u2019\u00e0 laquelle le public pourra demander \u00e0 r\u00e9cup\u00e9rer la somme restante sur la carte).<\/p>\n\n\n\n<h1 class=\"wp-block-heading has-text-align-left has-text-color has-link-color wp-elements-d8687ae7714e432eaace2946e05ad39f\" style=\"color:#e6007e;font-size:30px\" class=\"wp-block-heading has-text-align-left has-text-color has-link-color wp-elements-d8687ae7714e432eaace2946e05ad39f\" style=\"color:#e6007e;font-size:30px\" id=\"merch\">merch&#8217;<\/h1>\n\n\n\n<p>La Belle Boutique sera pr\u00e9sente sur le site du festival avec une s\u00e9lection chatoyante, aux couleurs de Mecanik Paradize et de Long Ma la jument dragonne : Bobs, T.shirts, Sweats, Affiches\u2026 Venez d\u00e9couvrir toutes nos p\u00e9pites ! Affichez votre fiert\u00e9 de participer \u00e0 cette soir\u00e9e extraordinaire et rhabillez vous pour l\u2019hiver. Retrouvez \u00e9galement tous les produits sur <a href=\"https:\/\/boutique.halledelamachine.fr\/\">notre boutique en ligne +<\/a><br>Retrouvez \u00e9galement, sur le stand voisin, le merchandising des artistes de la soir\u00e9e.<\/p>\n<\/details>\n\n\n\n<div style=\"height:100px\" aria-hidden=\"true\" class=\"wp-block-spacer\"><\/div>\n\n\n\n<div class=\"wp-block-cover has-custom-content-position is-position-center-left has-large-font-size\" style=\"padding-top:0;padding-right:var(--wp--preset--spacing--80);padding-bottom:0;padding-left:var(--wp--preset--spacing--80)\"><img loading=\"lazy\" decoding=\"async\" width=\"2026\" height=\"1018\" class=\"wp-block-cover__image-background wp-image-3636 size-full\" alt=\"\" src=\"https:\/\/www.halledelamachine.fr\/wp-content\/uploads\/2025\/09\/Mecanik-Paradize-banniere-site-Minotaure-droite.png\" style=\"object-position:50% 0%\" data-object-fit=\"cover\" data-object-position=\"50% 0%\" srcset=\"https:\/\/www.halledelamachine.fr\/wp-content\/uploads\/2025\/09\/Mecanik-Paradize-banniere-site-Minotaure-droite.png 2026w, https:\/\/www.halledelamachine.fr\/wp-content\/uploads\/2025\/09\/Mecanik-Paradize-banniere-site-Minotaure-droite-300x151.png 300w, https:\/\/www.halledelamachine.fr\/wp-content\/uploads\/2025\/09\/Mecanik-Paradize-banniere-site-Minotaure-droite-1024x515.png 1024w, https:\/\/www.halledelamachine.fr\/wp-content\/uploads\/2025\/09\/Mecanik-Paradize-banniere-site-Minotaure-droite-768x386.png 768w, https:\/\/www.halledelamachine.fr\/wp-content\/uploads\/2025\/09\/Mecanik-Paradize-banniere-site-Minotaure-droite-1536x772.png 1536w, https:\/\/www.halledelamachine.fr\/wp-content\/uploads\/2025\/09\/Mecanik-Paradize-banniere-site-Minotaure-droite-1568x788.png 1568w, https:\/\/www.halledelamachine.fr\/wp-content\/uploads\/2025\/09\/Mecanik-Paradize-banniere-site-Minotaure-droite-1800x904.png 1800w, https:\/\/www.halledelamachine.fr\/wp-content\/uploads\/2025\/09\/Mecanik-Paradize-banniere-site-Minotaure-droite-5x3.png 5w\" sizes=\"auto, (max-width: 2026px) 100vw, 2026px\" \/><span aria-hidden=\"true\" class=\"wp-block-cover__background has-background-dim\" style=\"background-color:#383132\"><\/span><div class=\"wp-block-cover__inner-container is-layout-constrained wp-container-core-cover-is-layout-2d8b6d44 wp-block-cover-is-layout-constrained\">\n<p class=\"has-text-align-center has-text-color has-link-color wp-elements-e410eef67a8e1a323d89e990970b9d32\" style=\"color:#e6007e;font-size:58px;line-height:1.7\">OBJETS INTERDITS<\/p>\n<\/div><\/div>\n\n\n\n<details class=\"wp-block-details is-layout-flow wp-block-details-is-layout-flow\"><summary><strong>Sont interdits sur la zone du festival +<\/strong><\/summary>\n<ul class=\"wp-block-list\">\n<li>Objets dangereux (objet tranchant ou contondant, armes \u00e0 feu, articles de pyrotechnie, engins explosifs ou incendiaires).<\/li>\n\n\n\n<li>Produits inflammables, explosifs, corrosifs, comburants, toxiques, infectieux (a\u00e9rosols\u2026)<\/li>\n\n\n\n<li>Objets encombrants (parapluie, chaises pliantes..)<\/li>\n\n\n\n<li>Verre (bouteilles \/ bocaux)<\/li>\n\n\n\n<li>Animaux (sauf chiens d\u2019assistance)<\/li>\n\n\n\n<li>Marqueurs et bombes de peinture<\/li>\n\n\n\n<li>Appareils photos, Cameras, Selfie sticks, Appareil enregistreurs, pointeurs lasers, drones et ordinateurs portables. Seuls sont autoris\u00e9s les appareils photos de type compacts. Une exception est accord\u00e9e aux m\u00e9dias accr\u00e9dit\u00e9s.<\/li>\n\n\n\n<li>Sacs et sac \u00e0 dos volumineux<\/li>\n\n\n\n<li>Les hampes rigides de drapeau<\/li>\n\n\n\n<li>Les casques de moto<\/li>\n\n\n\n<li>Les batteries des v\u00e9los \u00e9lectriques<\/li>\n\n\n\n<li>La nourriture<\/li>\n\n\n\n<li>Liquides dans les contenants (gourdes vides ok)<br>Les festivaliers peuvent venir avec leur gourde personnelle vide : des points d\u2019eau seront accessibles sur le festival.<br>Un service de consigne sera mis en place \u00e0 l\u2019entr\u00e9e du festival afin de vous permettre d\u2019y faire garder les effets personnels interdits sur la zone du festival. Comptez 2 \u20ac par item.<\/li>\n<\/ul>\n<\/details>\n\n\n\n<div style=\"height:100px\" aria-hidden=\"true\" class=\"wp-block-spacer\"><\/div>\n\n\n\n<div class=\"wp-block-cover has-custom-content-position is-position-center-left has-large-font-size\" style=\"padding-top:0;padding-right:var(--wp--preset--spacing--80);padding-bottom:0;padding-left:var(--wp--preset--spacing--80)\"><img loading=\"lazy\" decoding=\"async\" width=\"2026\" height=\"1018\" class=\"wp-block-cover__image-background wp-image-3636 size-full\" alt=\"\" src=\"https:\/\/www.halledelamachine.fr\/wp-content\/uploads\/2025\/09\/Mecanik-Paradize-banniere-site-Minotaure-droite.png\" style=\"object-position:50% 0%\" data-object-fit=\"cover\" data-object-position=\"50% 0%\" srcset=\"https:\/\/www.halledelamachine.fr\/wp-content\/uploads\/2025\/09\/Mecanik-Paradize-banniere-site-Minotaure-droite.png 2026w, https:\/\/www.halledelamachine.fr\/wp-content\/uploads\/2025\/09\/Mecanik-Paradize-banniere-site-Minotaure-droite-300x151.png 300w, https:\/\/www.halledelamachine.fr\/wp-content\/uploads\/2025\/09\/Mecanik-Paradize-banniere-site-Minotaure-droite-1024x515.png 1024w, https:\/\/www.halledelamachine.fr\/wp-content\/uploads\/2025\/09\/Mecanik-Paradize-banniere-site-Minotaure-droite-768x386.png 768w, https:\/\/www.halledelamachine.fr\/wp-content\/uploads\/2025\/09\/Mecanik-Paradize-banniere-site-Minotaure-droite-1536x772.png 1536w, https:\/\/www.halledelamachine.fr\/wp-content\/uploads\/2025\/09\/Mecanik-Paradize-banniere-site-Minotaure-droite-1568x788.png 1568w, https:\/\/www.halledelamachine.fr\/wp-content\/uploads\/2025\/09\/Mecanik-Paradize-banniere-site-Minotaure-droite-1800x904.png 1800w, https:\/\/www.halledelamachine.fr\/wp-content\/uploads\/2025\/09\/Mecanik-Paradize-banniere-site-Minotaure-droite-5x3.png 5w\" sizes=\"auto, (max-width: 2026px) 100vw, 2026px\" \/><span aria-hidden=\"true\" class=\"wp-block-cover__background has-background-dim\" style=\"background-color:#383132\"><\/span><div class=\"wp-block-cover__inner-container is-layout-constrained wp-container-core-cover-is-layout-2d8b6d44 wp-block-cover-is-layout-constrained\">\n<p class=\"has-text-align-center has-text-color has-link-color wp-elements-342152034745e8eab4847e2ed04988ec\" style=\"color:#e6007e;font-size:58px;line-height:1.4\">ACCESSIBILIT\u00c9 <br>ET INCLUSIVIT\u00c9<\/p>\n<\/div><\/div>\n\n\n\n<details class=\"wp-block-details is-layout-flow wp-block-details-is-layout-flow\"><summary><strong>Tous les dispositifs pour les personnes en situation de handicap<\/strong> +<\/summary>\n<p>Le festival Mecanik Paradize est labellis\u00e9 \u00abVilles pour Tous\u00bb. Ce label soutient les \u00e9v\u00e9nements accessibles et inclusifs \u00e0 Toulouse et Toulouse M\u00e9tropole.<\/p>\n\n\n\n<div class=\"wp-block-media-text is-stacked-on-mobile\" style=\"grid-template-columns:18% auto\"><figure class=\"wp-block-media-text__media\"><img loading=\"lazy\" decoding=\"async\" width=\"500\" height=\"590\" src=\"https:\/\/www.halledelamachine.fr\/wp-content\/uploads\/2025\/09\/picto-pmr-1.png\" alt=\"\" class=\"wp-image-3700 size-full\" srcset=\"https:\/\/www.halledelamachine.fr\/wp-content\/uploads\/2025\/09\/picto-pmr-1.png 500w, https:\/\/www.halledelamachine.fr\/wp-content\/uploads\/2025\/09\/picto-pmr-1-254x300.png 254w, https:\/\/www.halledelamachine.fr\/wp-content\/uploads\/2025\/09\/picto-pmr-1-5x5.png 5w\" sizes=\"auto, (max-width: 500px) 100vw, 500px\" \/><\/figure><div class=\"wp-block-media-text__content\">\n<p>Des places de parking \u00e0 proximit\u00e9 sont r\u00e9serv\u00e9es aux personnes \u00e0 mobilit\u00e9 r\u00e9duite, au Parking P1, sur pr\u00e9sentation de la Carte Mobilit\u00e9 Inclusion. Les espaces de concerts sont accessibles aux personnes \u00e0 mobilit\u00e9 r\u00e9duites. Des WC accessibles sont \u00e9galement pr\u00e9vus sur place.<br>Attention : L\u2019espace de restauration est enherb\u00e9 et donc moins accessible aux fauteuils.<\/p>\n<\/div><\/div>\n\n\n\n<div class=\"wp-block-media-text is-stacked-on-mobile\" style=\"grid-template-columns:18% auto\"><figure class=\"wp-block-media-text__media\"><img loading=\"lazy\" decoding=\"async\" width=\"500\" height=\"590\" src=\"https:\/\/www.halledelamachine.fr\/wp-content\/uploads\/2025\/09\/sourd.png\" alt=\"\" class=\"wp-image-3703 size-full\" srcset=\"https:\/\/www.halledelamachine.fr\/wp-content\/uploads\/2025\/09\/sourd.png 500w, https:\/\/www.halledelamachine.fr\/wp-content\/uploads\/2025\/09\/sourd-254x300.png 254w, https:\/\/www.halledelamachine.fr\/wp-content\/uploads\/2025\/09\/sourd-5x5.png 5w\" sizes=\"auto, (max-width: 500px) 100vw, 500px\" \/><\/figure><div class=\"wp-block-media-text__content\">\n<p>Des gilets vibrants, au nombre de cinq, sont pr\u00eat\u00e9s gracieusement (en \u00e9change d\u2019une pi\u00e8ce d\u2019identit\u00e9) tout au long des 3 soirs de concerts du festival par la Mairie de Toulouse, afin de permettre aux personnes malentendantes de profiter des bonnes ondes de la soir\u00e9e. Rendez-vous au \u00abPoint Infos\u00bb \u00e0 l\u2019entr\u00e9e du site, pour r\u00e9server votre gilet vibrant le jour du festival. L\u2019une de nos V\u00e9ritables Machinistes sourde et signante vous y attendra pour vous en expliquer le fonctionnement.<\/p>\n<\/div><\/div>\n\n\n\n<div class=\"wp-block-media-text is-stacked-on-mobile\" style=\"grid-template-columns:18% auto\"><figure class=\"wp-block-media-text__media\"><img decoding=\"async\" src=\"https:\/\/www.halledelamachine.fr\/wp-content\/uploads\/2025\/09\/picto-aveugle.png\" alt=\"\" class=\"wp-image-3694 size-full\"\/><\/figure><div class=\"wp-block-media-text__content\">\n<p>Des b\u00e9n\u00e9voles accompagnants seront disponibles au centre d\u2019information du festival pour guider les personnes malvoyantes. La Halle de La Machine est par ailleurs partenaire de l\u2019association <strong>Souffleurs de sens<\/strong>, qui permet aux personnes avec un handicap visuel d\u2019\u00eatre accompagn\u00e9es d\u2019un souffleur d\u2019images.<br>&gt; Pour b\u00e9n\u00e9ficier d\u2019un soufflage, il est recommand\u00e9 de s\u2019y prendre minimum 15 jours \u00e0 l\u2019avance apr\u00e8s avoir r\u00e9serv\u00e9 sa place au tarif en vigueur sur le service de billetterie en pr\u00e9cisant \u00eatre accompagn\u00e9 d\u2019un Souffleur d\u2019Images lors de sa venue afin que nous lui r\u00e9servions une place. L\u2019utilisateur doit contacter Souffleurs d\u2019Images par t\u00e9l\u00e9phone 06 40 65 69 38 ou par mail \u00e0 <strong><u><a href=\"mailto:contact@souffleurs.org\">contact@souffleurs.org<\/a><\/u><\/strong> pour que ces derniers le mette en contact avec un b\u00e9n\u00e9vole form\u00e9 \u00e0 cet effet. <\/p>\n<\/div><\/div>\n<\/details>\n\n\n\n<div style=\"height:100px\" aria-hidden=\"true\" class=\"wp-block-spacer\"><\/div>\n\n\n\n<div class=\"wp-block-cover has-custom-content-position is-position-center-left has-large-font-size\" style=\"padding-top:0;padding-right:var(--wp--preset--spacing--80);padding-bottom:0;padding-left:var(--wp--preset--spacing--80)\"><img loading=\"lazy\" decoding=\"async\" width=\"2026\" height=\"1018\" class=\"wp-block-cover__image-background wp-image-3636 size-full\" alt=\"\" src=\"https:\/\/www.halledelamachine.fr\/wp-content\/uploads\/2025\/09\/Mecanik-Paradize-banniere-site-Minotaure-droite.png\" style=\"object-position:50% 0%\" data-object-fit=\"cover\" data-object-position=\"50% 0%\" srcset=\"https:\/\/www.halledelamachine.fr\/wp-content\/uploads\/2025\/09\/Mecanik-Paradize-banniere-site-Minotaure-droite.png 2026w, https:\/\/www.halledelamachine.fr\/wp-content\/uploads\/2025\/09\/Mecanik-Paradize-banniere-site-Minotaure-droite-300x151.png 300w, https:\/\/www.halledelamachine.fr\/wp-content\/uploads\/2025\/09\/Mecanik-Paradize-banniere-site-Minotaure-droite-1024x515.png 1024w, https:\/\/www.halledelamachine.fr\/wp-content\/uploads\/2025\/09\/Mecanik-Paradize-banniere-site-Minotaure-droite-768x386.png 768w, https:\/\/www.halledelamachine.fr\/wp-content\/uploads\/2025\/09\/Mecanik-Paradize-banniere-site-Minotaure-droite-1536x772.png 1536w, https:\/\/www.halledelamachine.fr\/wp-content\/uploads\/2025\/09\/Mecanik-Paradize-banniere-site-Minotaure-droite-1568x788.png 1568w, https:\/\/www.halledelamachine.fr\/wp-content\/uploads\/2025\/09\/Mecanik-Paradize-banniere-site-Minotaure-droite-1800x904.png 1800w, https:\/\/www.halledelamachine.fr\/wp-content\/uploads\/2025\/09\/Mecanik-Paradize-banniere-site-Minotaure-droite-5x3.png 5w\" sizes=\"auto, (max-width: 2026px) 100vw, 2026px\" \/><span aria-hidden=\"true\" class=\"wp-block-cover__background has-background-dim\" style=\"background-color:#383132\"><\/span><div class=\"wp-block-cover__inner-container is-layout-constrained wp-container-core-cover-is-layout-2d8b6d44 wp-block-cover-is-layout-constrained\">\n<p class=\"has-text-align-center has-text-color has-link-color wp-elements-75e83e6e38739b76b43e77895ec5881d\" style=\"color:#e6007e;font-size:58px;line-height:1.6\">PR\u00c9VENTION<\/p>\n<\/div><\/div>\n\n\n\n<details class=\"wp-block-details is-layout-flow wp-block-details-is-layout-flow\"><summary><strong>Pr\u00e9vention au risque, lutte contre les VHSS, brigade &#8220;verte&#8221;&#8230; tout ce que vous devez savoir pour atteindre le &#8220;Paradize&#8221; +  <\/strong><\/summary>\n<h2 class=\"wp-block-heading has-text-align-left has-text-color has-link-color wp-elements-4fff3f351bdb1f20509739639efd2115\" style=\"color:#e6007e;font-size:30px\" class=\"wp-block-heading has-text-align-left has-text-color has-link-color wp-elements-4fff3f351bdb1f20509739639efd2115\" style=\"color:#e6007e;font-size:30px\" id=\"evenement-detonnant\">\u00c9V\u00c8NEMENT D\u00c9TONNANT<\/h2>\n\n\n\n<p>Cette ann\u00e9e la Halle de La Machine poursuit sa d\u00e9marche de labellisation, initi\u00e9 l\u2019an dernier, dans le cadre du label <strong>\u00abEv\u00e9nements d\u00e9tonants\u00bb<\/strong>, propos\u00e9 par l\u2019association El\u00e9ment\u2019erre en Occitanie. Attentive \u00e0 ses pratiques \u00e9coresponsables, soci\u00e9tales et pr\u00e9ventives, la Halle de La Machine met en place une brigade \u00abverte\u00bb pour accompagner au mieux les festivaliers sur les \u00e9co-gestes \u00e0 respecter. Un questionnaire de mobilit\u00e9 sera \u00e9galement organis\u00e9 sur le site afin de faire un \u00e9tat des lieux du bilan carbone du festival.<\/p>\n\n\n\n<h2 class=\"wp-block-heading has-text-align-left has-text-color has-link-color wp-elements-552eb1344b3ce79a4cf563c05bb68b7e\" style=\"color:#e6007e;font-size:30px\" class=\"wp-block-heading has-text-align-left has-text-color has-link-color wp-elements-552eb1344b3ce79a4cf563c05bb68b7e\" style=\"color:#e6007e;font-size:30px\" id=\"fetons-plus-risquons-moins\">F\u00eatons plus, risquons moins !<\/h2>\n\n\n\n<p>Le dispositif \u00ab F\u00eatons plus, Risquons moins ! \u00bb sera pr\u00e9sent sur le site du festival Mecanik Paradize. Ce collectif interassociatif a pour objectif la pr\u00e9vention et la r\u00e9duction des risques en milieu festif. Cet espace safe et calme est ouvert \u00e0 tous et toutes afin de proposer un festival toujours plus bienveillant&nbsp;!<\/p>\n\n\n\n<p>Parce qu\u2019il faut se montrer exemplaire pour atteindre le Mecanik Paradize, nous souhaitons d\u2019inciter les festivaliers \u00e0 se montrer responsables de leurs comportements vis \u00e0 vis des b\u00e9n\u00e9voles, des autres festivaliers, des organisateurs,<br>des artistes\u2026 et d\u2019eux m\u00eames \u00e9galement ! Le Mecanik Paradize se m\u00e9rite !<\/p>\n\n\n\n<p>La protection des oreilles de nos spectateurs \u00e9tant une priorit\u00e9, retrouvez des bouchons d\u2019oreilles \u00e0 l\u2019entr\u00e9e du site. Il est recommand\u00e9 aux enfants et aux personnes sensibles de se munir de casques adapt\u00e9s pour venir au festival.<\/p>\n<\/details>\n","protected":false},"excerpt":{"rendered":"","protected":false},"author":2,"featured_media":3715,"parent":0,"menu_order":0,"comment_status":"closed","ping_status":"closed","template":"","meta":{"_acf_changed":false,"footnotes":""},"class_list":["post-3782","page","type-page","status-publish","has-post-thumbnail","hentry","entry"],"acf":[],"_links":{"self":[{"href":"https:\/\/www.halledelamachine.fr\/en\/wp-json\/wp\/v2\/pages\/3782","targetHints":{"allow":["GET"]}}],"collection":[{"href":"https:\/\/www.halledelamachine.fr\/en\/wp-json\/wp\/v2\/pages"}],"about":[{"href":"https:\/\/www.halledelamachine.fr\/en\/wp-json\/wp\/v2\/types\/page"}],"author":[{"embeddable":true,"href":"https:\/\/www.halledelamachine.fr\/en\/wp-json\/wp\/v2\/users\/2"}],"replies":[{"embeddable":true,"href":"https:\/\/www.halledelamachine.fr\/en\/wp-json\/wp\/v2\/comments?post=3782"}],"version-history":[{"count":1,"href":"https:\/\/www.halledelamachine.fr\/en\/wp-json\/wp\/v2\/pages\/3782\/revisions"}],"predecessor-version":[{"id":3784,"href":"https:\/\/www.halledelamachine.fr\/en\/wp-json\/wp\/v2\/pages\/3782\/revisions\/3784"}],"wp:featuredmedia":[{"embeddable":true,"href":"https:\/\/www.halledelamachine.fr\/en\/wp-json\/wp\/v2\/media\/3715"}],"wp:attachment":[{"href":"https:\/\/www.halledelamachine.fr\/en\/wp-json\/wp\/v2\/media?parent=3782"}],"curies":[{"name":"wp","href":"https:\/\/api.w.org\/{rel}","templated":true}]}}