{"id":4931,"date":"2026-01-28T14:26:17","date_gmt":"2026-01-28T13:26:17","guid":{"rendered":"https:\/\/www.halledelamachine.fr\/?post_type=evenement&#038;p=4931"},"modified":"2026-02-13T09:52:06","modified_gmt":"2026-02-13T08:52:06","slug":"les-voyages-de-laeroflorale2","status":"publish","type":"evenement","link":"https:\/\/www.halledelamachine.fr\/es\/evenements\/les-voyages-de-laeroflorale2\/","title":{"rendered":"Les voyages de l&#8217;A\u00e9roflorale II"},"content":{"rendered":"\n<div style=\"height:50px\" aria-hidden=\"true\" class=\"wp-block-spacer\"><\/div>\n\n\n\n<figure class=\"wp-block-gallery has-nested-images columns-default is-cropped wp-block-gallery-1 is-layout-flex wp-block-gallery-is-layout-flex\">\n<figure class=\"wp-block-image size-large\"><img loading=\"lazy\" decoding=\"async\" width=\"1024\" height=\"576\" data-id=\"4907\" src=\"https:\/\/www.halledelamachine.fr\/wp-content\/uploads\/2026\/01\/atelier-meridiem-1024x576.png\" alt=\"\" class=\"wp-image-4907\" srcset=\"https:\/\/www.halledelamachine.fr\/wp-content\/uploads\/2026\/01\/atelier-meridiem-1024x576.png 1024w, https:\/\/www.halledelamachine.fr\/wp-content\/uploads\/2026\/01\/atelier-meridiem-300x169.png 300w, https:\/\/www.halledelamachine.fr\/wp-content\/uploads\/2026\/01\/atelier-meridiem-768x432.png 768w, https:\/\/www.halledelamachine.fr\/wp-content\/uploads\/2026\/01\/atelier-meridiem-1536x864.png 1536w, https:\/\/www.halledelamachine.fr\/wp-content\/uploads\/2026\/01\/atelier-meridiem-1568x882.png 1568w, https:\/\/www.halledelamachine.fr\/wp-content\/uploads\/2026\/01\/atelier-meridiem-1800x1013.png 1800w, https:\/\/www.halledelamachine.fr\/wp-content\/uploads\/2026\/01\/atelier-meridiem-5x3.png 5w, https:\/\/www.halledelamachine.fr\/wp-content\/uploads\/2026\/01\/atelier-meridiem.png 1920w\" sizes=\"auto, (max-width: 1024px) 100vw, 1024px\" \/><\/figure>\n\n\n\n<figure class=\"wp-block-image size-large\"><img loading=\"lazy\" decoding=\"async\" width=\"1024\" height=\"576\" data-id=\"4249\" src=\"https:\/\/www.halledelamachine.fr\/wp-content\/uploads\/2025\/11\/mairie-de-toulouse-1-1024x576.png\" alt=\"\" class=\"wp-image-4249\" srcset=\"https:\/\/www.halledelamachine.fr\/wp-content\/uploads\/2025\/11\/mairie-de-toulouse-1-1024x576.png 1024w, https:\/\/www.halledelamachine.fr\/wp-content\/uploads\/2025\/11\/mairie-de-toulouse-1-300x169.png 300w, https:\/\/www.halledelamachine.fr\/wp-content\/uploads\/2025\/11\/mairie-de-toulouse-1-768x432.png 768w, https:\/\/www.halledelamachine.fr\/wp-content\/uploads\/2025\/11\/mairie-de-toulouse-1-1536x864.png 1536w, https:\/\/www.halledelamachine.fr\/wp-content\/uploads\/2025\/11\/mairie-de-toulouse-1-1568x882.png 1568w, https:\/\/www.halledelamachine.fr\/wp-content\/uploads\/2025\/11\/mairie-de-toulouse-1-1800x1013.png 1800w, https:\/\/www.halledelamachine.fr\/wp-content\/uploads\/2025\/11\/mairie-de-toulouse-1-5x3.png 5w, https:\/\/www.halledelamachine.fr\/wp-content\/uploads\/2025\/11\/mairie-de-toulouse-1.png 1920w\" sizes=\"auto, (max-width: 1024px) 100vw, 1024px\" \/><\/figure>\n\n\n\n<figure class=\"wp-block-image size-large\"><img loading=\"lazy\" decoding=\"async\" width=\"1024\" height=\"576\" data-id=\"5124\" src=\"https:\/\/www.halledelamachine.fr\/wp-content\/uploads\/2026\/01\/museum-toulouse-1024x576.png\" alt=\"\" class=\"wp-image-5124\" srcset=\"https:\/\/www.halledelamachine.fr\/wp-content\/uploads\/2026\/01\/museum-toulouse-1024x576.png 1024w, https:\/\/www.halledelamachine.fr\/wp-content\/uploads\/2026\/01\/museum-toulouse-300x169.png 300w, https:\/\/www.halledelamachine.fr\/wp-content\/uploads\/2026\/01\/museum-toulouse-768x432.png 768w, https:\/\/www.halledelamachine.fr\/wp-content\/uploads\/2026\/01\/museum-toulouse-1536x864.png 1536w, https:\/\/www.halledelamachine.fr\/wp-content\/uploads\/2026\/01\/museum-toulouse-1568x882.png 1568w, https:\/\/www.halledelamachine.fr\/wp-content\/uploads\/2026\/01\/museum-toulouse-1800x1013.png 1800w, https:\/\/www.halledelamachine.fr\/wp-content\/uploads\/2026\/01\/museum-toulouse-5x3.png 5w, https:\/\/www.halledelamachine.fr\/wp-content\/uploads\/2026\/01\/museum-toulouse.png 1920w\" sizes=\"auto, (max-width: 1024px) 100vw, 1024px\" \/><\/figure>\n<\/figure>\n\n\n<\/div> <!-- .HM23_TEXT_CONTAINER --><div class=\"HM23_CONTENT_BLOCK HM23_CHAPEAU\"><p>En 2026, la gigantesca invernadero volante del A\u00e9roflorale II aterriza en la Halle de La Machine.<br data-start=\"109\" data-end=\"112\" \/>A partir del 7 de febrero, <strong>Los Viajes del A\u00e9roflorale II<\/strong> presenta los relatos de aventura de la extra\u00f1a aeronave y de su laboratorio cient\u00edfico.<\/p>\n<\/div><div class=\"HM23_TEXT_CONTAINER\">\n\n\n<div style=\"height:50px\" aria-hidden=\"true\" class=\"wp-block-spacer\"><\/div>\n\n\n\n<figure class=\"wp-block-embed aligncenter is-type-video is-provider-youtube wp-block-embed-youtube wp-embed-aspect-16-9 wp-has-aspect-ratio\"><div class=\"wp-block-embed__wrapper\">\n<iframe loading=\"lazy\" title=\"Les Voyages de l&#039;A\u00e9roflorale II -   Halle de La Machine - Cie La Machine\" width=\"750\" height=\"422\" src=\"https:\/\/www.youtube.com\/embed\/FPAUtL8VfIY?feature=oembed\" frameborder=\"0\" allow=\"accelerometer; autoplay; clipboard-write; encrypted-media; gyroscope; picture-in-picture; web-share\" referrerpolicy=\"strict-origin-when-cross-origin\" allowfullscreen><\/iframe>\n<\/div><\/figure>\n\n\n\n<div style=\"height:50px\" aria-hidden=\"true\" class=\"wp-block-spacer\"><\/div>\n\n\n\n<h3 class=\"wp-block-heading has-text-align-center\" class=\"wp-block-heading has-text-align-center\" id=\"laeroflorale-ii-recit-de-voyage\">L&#8217;A\u00e9roflorale II : R\u00e9cit de voyage<\/h3>\n\n\n\n<div class=\"wp-block-media-text has-media-on-the-right is-stacked-on-mobile is-image-fill-element\"><div class=\"wp-block-media-text__content\">\n<p>Buenos Aires, Santiago de Chile, Amberes, Tur\u00edn, Calais, Lieja, Nantes, Hamburgo, Par\u00eds, Bruselas, Montreal, Aix-en-Provence\u2026 Tras dar la vuelta al mundo, el A\u00e9roflorale II, construido y fletado por la Compa\u00f1\u00eda La Machine, aterriza en La Halle de La Machine. A bordo del invernadero volante, un equipo de 17 investigadores y exploradores recorre el mundo para recolectar plantas con un alto potencial \u201cfitovoltaico\u201d. El fitovolta\u00edsmo es la capacidad que tienen ciertas plantas de generar electricidad.<\/p>\n\n\n\n<p>Durante su escala en Toulouse a lo largo de todo 2026, los exploradores han dejado las llaves de su incre\u00edble invernadero vegetal a los V\u00e9ritables Machinistes de La Halle de La Machine. Una exposici\u00f3n fotogr\u00e1fica tambi\u00e9n narra sus aventuras en los confines del mundo.<\/p>\n<\/div><figure class=\"wp-block-media-text__media\"><img loading=\"lazy\" decoding=\"async\" width=\"1024\" height=\"774\" src=\"https:\/\/www.halledelamachine.fr\/wp-content\/uploads\/2026\/01\/16-AIXENPROVENCE-P1360500ok-web-1024x774.webp\" alt=\"\" class=\"wp-image-4933 size-full\" style=\"object-position:50% 50%\" srcset=\"https:\/\/www.halledelamachine.fr\/wp-content\/uploads\/2026\/01\/16-AIXENPROVENCE-P1360500ok-web-1024x774.webp 1024w, https:\/\/www.halledelamachine.fr\/wp-content\/uploads\/2026\/01\/16-AIXENPROVENCE-P1360500ok-web-300x227.webp 300w, https:\/\/www.halledelamachine.fr\/wp-content\/uploads\/2026\/01\/16-AIXENPROVENCE-P1360500ok-web-768x580.webp 768w, https:\/\/www.halledelamachine.fr\/wp-content\/uploads\/2026\/01\/16-AIXENPROVENCE-P1360500ok-web-5x5.webp 5w, https:\/\/www.halledelamachine.fr\/wp-content\/uploads\/2026\/01\/16-AIXENPROVENCE-P1360500ok-web.webp 1200w\" sizes=\"auto, (max-width: 1024px) 100vw, 1024px\" \/><\/figure><\/div>\n\n\n\n<div style=\"height:50px\" aria-hidden=\"true\" class=\"wp-block-spacer\"><\/div>\n\n\n\n<h3 class=\"wp-block-heading has-text-align-center\" class=\"wp-block-heading has-text-align-center\" id=\"el-invernadero-y-el-laboratorio-botanico\">El invernadero y el laboratorio bot\u00e1nico<\/h3>\n\n\n\n<div class=\"wp-block-media-text is-stacked-on-mobile is-image-fill-element\"><figure class=\"wp-block-media-text__media\"><img loading=\"lazy\" decoding=\"async\" width=\"1024\" height=\"576\" src=\"https:\/\/www.halledelamachine.fr\/wp-content\/uploads\/2026\/01\/P1360926ok-1024x576.jpg\" alt=\"aeroflorale2 - credit pdavid\" class=\"wp-image-4936 size-full\" style=\"object-position:50% 50%\" srcset=\"https:\/\/www.halledelamachine.fr\/wp-content\/uploads\/2026\/01\/P1360926ok-1024x576.jpg 1024w, https:\/\/www.halledelamachine.fr\/wp-content\/uploads\/2026\/01\/P1360926ok-300x169.jpg 300w, https:\/\/www.halledelamachine.fr\/wp-content\/uploads\/2026\/01\/P1360926ok-768x432.jpg 768w, https:\/\/www.halledelamachine.fr\/wp-content\/uploads\/2026\/01\/P1360926ok-1536x864.jpg 1536w, https:\/\/www.halledelamachine.fr\/wp-content\/uploads\/2026\/01\/P1360926ok-2048x1152.jpg 2048w, https:\/\/www.halledelamachine.fr\/wp-content\/uploads\/2026\/01\/P1360926ok-1568x882.jpg 1568w, https:\/\/www.halledelamachine.fr\/wp-content\/uploads\/2026\/01\/P1360926ok-1800x1013.jpg 1800w, https:\/\/www.halledelamachine.fr\/wp-content\/uploads\/2026\/01\/P1360926ok-5x3.jpg 5w\" sizes=\"auto, (max-width: 1024px) 100vw, 1024px\" \/><\/figure><div class=\"wp-block-media-text__content\">\n<p>15 metros de altura, 10 metros de envergadura, 8 toneladas de metal. El impresionante invernadero volante es la verdadera pieza central de La Expedici\u00f3n Vegetal. Compuesto por cuatro patas, un invernadero central y un aer\u00f3stato con cinco globos, el A\u00e9roflorale II vuela y se desplaza gracias a la energ\u00eda de los espec\u00edmenes a bordo y al gas especial contenido en sus globos.<\/p>\n\n\n\n<p>A sus pies se encuentra un laboratorio bot\u00e1nico de alto vuelo: descubre el m\u00f3dulo aut\u00f3nomo, la m\u00e1quina que hace sonrojar las manzanas, la que acaricia las plantas, o incluso la que permite escucharlas. Estos dispositivos se utilizan para experimentar con las causas y efectos del fitovolta\u00edsmo.<\/p>\n<\/div><\/div>\n\n\n\n<div style=\"height:50px\" aria-hidden=\"true\" class=\"wp-block-spacer\"><\/div>\n\n\n\n<h3 class=\"wp-block-heading has-text-align-center\" class=\"wp-block-heading has-text-align-center\" id=\"la-selva-vegetale\">la selva v\u00e9g\u00e9tale<\/h3>\n\n\n\n<div class=\"wp-block-media-text has-media-on-the-right is-stacked-on-mobile is-image-fill-element\"><div class=\"wp-block-media-text__content\">\n<p>No hay fitovolta\u00edsmo sin plantas. Verdaderos Maestros Jardineros del A\u00e9roflorale II, el Atelier M\u00e9ridiem acompa\u00f1ar\u00e1 la aventura toulousiana del A\u00e9roflorale II aportando su talento y sus plantas para la realizaci\u00f3n de los experimentos cient\u00edficos. Ficus robusta, Fatsia japonica, Philodendron Imperial Verde, Monstera deliciosa y Begonia Rex \u2018Macarena\u2019, entre otras, m\u00e1s de 1.300 plantas en total, han sido instaladas gracias a ellos, dentro, sobre y alrededor del A\u00e9roflorale II. Amantes de la vida y de los paisajes exuberantes, cuidar\u00e1n de esta eflorescencia durante toda la exposici\u00f3n.<\/p>\n\n\n\n<figure class=\"wp-block-gallery has-nested-images columns-default is-cropped wp-block-gallery-2 is-layout-flex wp-block-gallery-is-layout-flex\">\n<figure class=\"wp-block-image size-large\"><img loading=\"lazy\" decoding=\"async\" width=\"1024\" height=\"576\" data-id=\"4907\" src=\"https:\/\/www.halledelamachine.fr\/wp-content\/uploads\/2026\/01\/atelier-meridiem-1024x576.png\" alt=\"\" class=\"wp-image-4907\" srcset=\"https:\/\/www.halledelamachine.fr\/wp-content\/uploads\/2026\/01\/atelier-meridiem-1024x576.png 1024w, https:\/\/www.halledelamachine.fr\/wp-content\/uploads\/2026\/01\/atelier-meridiem-300x169.png 300w, https:\/\/www.halledelamachine.fr\/wp-content\/uploads\/2026\/01\/atelier-meridiem-768x432.png 768w, https:\/\/www.halledelamachine.fr\/wp-content\/uploads\/2026\/01\/atelier-meridiem-1536x864.png 1536w, https:\/\/www.halledelamachine.fr\/wp-content\/uploads\/2026\/01\/atelier-meridiem-1568x882.png 1568w, https:\/\/www.halledelamachine.fr\/wp-content\/uploads\/2026\/01\/atelier-meridiem-1800x1013.png 1800w, https:\/\/www.halledelamachine.fr\/wp-content\/uploads\/2026\/01\/atelier-meridiem-5x3.png 5w, https:\/\/www.halledelamachine.fr\/wp-content\/uploads\/2026\/01\/atelier-meridiem.png 1920w\" sizes=\"auto, (max-width: 1024px) 100vw, 1024px\" \/><\/figure>\n\n\n\n<figure class=\"wp-block-image size-large\"><img loading=\"lazy\" decoding=\"async\" width=\"1024\" height=\"576\" data-id=\"4249\" src=\"https:\/\/www.halledelamachine.fr\/wp-content\/uploads\/2025\/11\/mairie-de-toulouse-1-1024x576.png\" alt=\"\" class=\"wp-image-4249\" srcset=\"https:\/\/www.halledelamachine.fr\/wp-content\/uploads\/2025\/11\/mairie-de-toulouse-1-1024x576.png 1024w, https:\/\/www.halledelamachine.fr\/wp-content\/uploads\/2025\/11\/mairie-de-toulouse-1-300x169.png 300w, https:\/\/www.halledelamachine.fr\/wp-content\/uploads\/2025\/11\/mairie-de-toulouse-1-768x432.png 768w, https:\/\/www.halledelamachine.fr\/wp-content\/uploads\/2025\/11\/mairie-de-toulouse-1-1536x864.png 1536w, https:\/\/www.halledelamachine.fr\/wp-content\/uploads\/2025\/11\/mairie-de-toulouse-1-1568x882.png 1568w, https:\/\/www.halledelamachine.fr\/wp-content\/uploads\/2025\/11\/mairie-de-toulouse-1-1800x1013.png 1800w, https:\/\/www.halledelamachine.fr\/wp-content\/uploads\/2025\/11\/mairie-de-toulouse-1-5x3.png 5w, https:\/\/www.halledelamachine.fr\/wp-content\/uploads\/2025\/11\/mairie-de-toulouse-1.png 1920w\" sizes=\"auto, (max-width: 1024px) 100vw, 1024px\" \/><\/figure>\n\n\n\n<figure class=\"wp-block-image size-large\"><img loading=\"lazy\" decoding=\"async\" width=\"1024\" height=\"576\" data-id=\"5124\" src=\"https:\/\/www.halledelamachine.fr\/wp-content\/uploads\/2026\/01\/museum-toulouse-1024x576.png\" alt=\"\" class=\"wp-image-5124\" srcset=\"https:\/\/www.halledelamachine.fr\/wp-content\/uploads\/2026\/01\/museum-toulouse-1024x576.png 1024w, https:\/\/www.halledelamachine.fr\/wp-content\/uploads\/2026\/01\/museum-toulouse-300x169.png 300w, https:\/\/www.halledelamachine.fr\/wp-content\/uploads\/2026\/01\/museum-toulouse-768x432.png 768w, https:\/\/www.halledelamachine.fr\/wp-content\/uploads\/2026\/01\/museum-toulouse-1536x864.png 1536w, https:\/\/www.halledelamachine.fr\/wp-content\/uploads\/2026\/01\/museum-toulouse-1568x882.png 1568w, https:\/\/www.halledelamachine.fr\/wp-content\/uploads\/2026\/01\/museum-toulouse-1800x1013.png 1800w, https:\/\/www.halledelamachine.fr\/wp-content\/uploads\/2026\/01\/museum-toulouse-5x3.png 5w, https:\/\/www.halledelamachine.fr\/wp-content\/uploads\/2026\/01\/museum-toulouse.png 1920w\" sizes=\"auto, (max-width: 1024px) 100vw, 1024px\" \/><\/figure>\n<\/figure>\n<\/div><figure class=\"wp-block-media-text__media\"><img loading=\"lazy\" decoding=\"async\" width=\"626\" height=\"325\" src=\"https:\/\/www.halledelamachine.fr\/wp-content\/uploads\/2026\/01\/Dossier-de-Presse-Lever-de-rideau-2026-Les-Voyages-de-lAeroflorale-II-2-.jpeg\" alt=\"\" class=\"wp-image-4944 size-full\" style=\"object-position:50% 50%\" srcset=\"https:\/\/www.halledelamachine.fr\/wp-content\/uploads\/2026\/01\/Dossier-de-Presse-Lever-de-rideau-2026-Les-Voyages-de-lAeroflorale-II-2-.jpeg 626w, https:\/\/www.halledelamachine.fr\/wp-content\/uploads\/2026\/01\/Dossier-de-Presse-Lever-de-rideau-2026-Les-Voyages-de-lAeroflorale-II-2--300x156.jpeg 300w, https:\/\/www.halledelamachine.fr\/wp-content\/uploads\/2026\/01\/Dossier-de-Presse-Lever-de-rideau-2026-Les-Voyages-de-lAeroflorale-II-2--5x3.jpeg 5w\" sizes=\"auto, (max-width: 626px) 100vw, 626px\" \/><\/figure><\/div>\n\n\n\n<div style=\"height:100px\" aria-hidden=\"true\" class=\"wp-block-spacer\"><\/div>\n\n\n\n<p class=\"has-text-align-center\">Ven a sumergirte en apasionantes relatos de aventuras cient\u00edficas, extraordinarias peripecias vegetales y otras an\u00e9cdotas de un espectacular cuaderno de viaje, a partir del 7 de febrero de 2026, en La Halle de La Machine.<\/p>\n\n\n<div class=\"HM23_CONTENT_BLOCK_LARGE HM23_INFOS_PRATIQUES\"><div class=\"HM23_TI_TITRE\">Informaciones praticas<\/div><div class=\"HM23_TI_TEXTE_CONTENU\"><p><strong>Desde el 7 de febrero 2026 hasta el 3 de enero\u00a0 2027<\/strong>\u00a0\u2013 <strong>Halle de La Machine<\/strong> \u00e0 <strong>Toulouse<\/strong><br \/>\nDesde du <strong>martes<\/strong> al <strong>domingo\u00a0<\/strong> \u2013 de <strong>10h<\/strong> a <strong>18h<\/strong><\/p>\n<\/div><a class=\"HM23_CTA\" href=\"https:\/\/billetterie.halledelamachine.fr\/index-css5-halledelamachine-pg1.html\"  target = \"_blank\" >RESERVA EN LINEA<\/a><\/div>\n\n\n<div style=\"height:100px\" aria-hidden=\"true\" class=\"wp-block-spacer\"><\/div>\n\n\n\n<p><\/p>\n","protected":false},"author":2,"featured_media":4738,"menu_order":0,"template":"","types-evenements":[21,22,15],"class_list":["post-4931","evenement","type-evenement","status-publish","has-post-thumbnail","hentry","types-evenements-infos-pratiques","types-evenements-rencontre","types-evenements-spectacle-vivant","entry"],"acf":[],"_links":{"self":[{"href":"https:\/\/www.halledelamachine.fr\/es\/wp-json\/wp\/v2\/evenement\/4931","targetHints":{"allow":["GET"]}}],"collection":[{"href":"https:\/\/www.halledelamachine.fr\/es\/wp-json\/wp\/v2\/evenement"}],"about":[{"href":"https:\/\/www.halledelamachine.fr\/es\/wp-json\/wp\/v2\/types\/evenement"}],"author":[{"embeddable":true,"href":"https:\/\/www.halledelamachine.fr\/es\/wp-json\/wp\/v2\/users\/2"}],"version-history":[{"count":7,"href":"https:\/\/www.halledelamachine.fr\/es\/wp-json\/wp\/v2\/evenement\/4931\/revisions"}],"predecessor-version":[{"id":5139,"href":"https:\/\/www.halledelamachine.fr\/es\/wp-json\/wp\/v2\/evenement\/4931\/revisions\/5139"}],"wp:featuredmedia":[{"embeddable":true,"href":"https:\/\/www.halledelamachine.fr\/es\/wp-json\/wp\/v2\/media\/4738"}],"wp:attachment":[{"href":"https:\/\/www.halledelamachine.fr\/es\/wp-json\/wp\/v2\/media?parent=4931"}],"wp:term":[{"taxonomy":"types-evenements","embeddable":true,"href":"https:\/\/www.halledelamachine.fr\/es\/wp-json\/wp\/v2\/types-evenements?post=4931"}],"curies":[{"name":"wp","href":"https:\/\/api.w.org\/{rel}","templated":true}]}}