{"id":2259,"date":"2023-09-22T15:32:37","date_gmt":"2023-09-22T13:32:37","guid":{"rendered":"https:\/\/www.halledelamachine.fr\/halle-de-la-machine-accueil\/"},"modified":"2026-04-03T17:00:59","modified_gmt":"2026-04-03T15:00:59","slug":"halle-de-la-machine-accueil","status":"publish","type":"page","link":"https:\/\/www.halledelamachine.fr\/es\/","title":{"rendered":"halle de la machine P\u00e1gina de inicio"},"content":{"rendered":"\n<div style=\"height:50px\" aria-hidden=\"true\" class=\"wp-block-spacer\"><\/div>\n\n\n<\/div> <!-- .HM23_TEXT_CONTAINER --><div class=\"HM23_CONTENT_BLOCK_LARGE HM23_AGENDA\"><div class=\"HM23_GALERIE_TITRE\">Actualmente en la Halle<\/div><div id=\"HM23_FLICK_9221\" class=\"HM23_FLICK_CONTAINER\"><a href=\"https:\/\/www.halledelamachine.fr\/es\/evenements\/le-dejeuner-des-petites-mecaniques\/\" class=\"HM23_FLICK_ITEM no-u\"><div class=\"HM23_FLICK_ITEM_IMAGE\"><img decoding=\"async\" src=\"https:\/\/www.halledelamachine.fr\/wp-content\/uploads\/2024\/04\/dejeunermeca-P1470507ok-p.david-halledelamachine.webp\" alt=\"Illustration : Le D\u00e9jeuner des Petites M\u00e9caniques\" loading=\"lazy\"><\/div><div class=\"HM23_FLICK_ITEM_TEXTE\"><div class=\"HM23_FLICK_IT_DATES\">07 de F\u00e9vrier \u2014 03 de Mai 2026<\/div><div class=\"HM23_FLICK_IT_TITRE\">Le D\u00e9jeuner des Petites M\u00e9caniques<\/div><div class=\"HM23_CTA HM23_CTA_LIKE\">Lire la suite<\/div><\/div><\/a><a href=\"https:\/\/www.halledelamachine.fr\/es\/evenements\/les-voyages-de-laeroflorale2\/\" class=\"HM23_FLICK_ITEM no-u\"><div class=\"HM23_FLICK_ITEM_IMAGE\"><img decoding=\"async\" src=\"https:\/\/www.halledelamachine.fr\/wp-content\/uploads\/2025\/12\/Plan-de-travail-1-1.png\" alt=\"Illustration : Les voyages de l\u2019A\u00e9roflorale II\" loading=\"lazy\"><\/div><div class=\"HM23_FLICK_ITEM_TEXTE\"><div class=\"HM23_FLICK_IT_DATES\">A partir del 7 de febrero de 2026<\/div><div class=\"HM23_FLICK_IT_TITRE\">Les voyages de l\u2019A\u00e9roflorale II<\/div><div class=\"HM23_CTA HM23_CTA_LIKE\">Lire la suite<\/div><\/div><\/a><a href=\"https:\/\/www.halledelamachine.fr\/es\/evenements\/experimenthalle\/\" class=\"HM23_FLICK_ITEM no-u\"><div class=\"HM23_FLICK_ITEM_IMAGE\"><img decoding=\"async\" src=\"https:\/\/www.halledelamachine.fr\/wp-content\/uploads\/2026\/02\/38-P1084971-Jack-Arnoldi-scaled.jpg\" alt=\"Illustration : EXPERIMENT\u2019HALLE\" loading=\"lazy\"><\/div><div class=\"HM23_FLICK_ITEM_TEXTE\"><div class=\"HM23_FLICK_IT_DATES\">02 \u2014 03 de Mai 2026<\/div><div class=\"HM23_FLICK_IT_TITRE\">EXPERIMENT\u2019HALLE<\/div><div class=\"HM23_CTA HM23_CTA_LIKE\">Lire la suite<\/div><\/div><\/a><a href=\"https:\/\/www.halledelamachine.fr\/es\/evenements\/experimenthalle-3\/\" class=\"HM23_FLICK_ITEM no-u\"><div class=\"HM23_FLICK_ITEM_IMAGE\"><img decoding=\"async\" src=\"https:\/\/www.halledelamachine.fr\/wp-content\/uploads\/2026\/03\/Botanique-par-Boris-Presseq-Alain-CLEMENT-scaled.jpg\" alt=\"Illustration : EXPERIMENT\u2019HALLE\" loading=\"lazy\"><\/div><div class=\"HM23_FLICK_ITEM_TEXTE\"><div class=\"HM23_FLICK_IT_DATES\">02 \u2014 03 de Mai 2026<\/div><div class=\"HM23_FLICK_IT_TITRE\">EXPERIMENT\u2019HALLE<\/div><div class=\"HM23_CTA HM23_CTA_LIKE\">Lire la suite<\/div><\/div><\/a><a href=\"https:\/\/www.halledelamachine.fr\/es\/evenements\/experimenthalle-2\/\" class=\"HM23_FLICK_ITEM no-u\"><div class=\"HM23_FLICK_ITEM_IMAGE\"><img decoding=\"async\" src=\"https:\/\/www.halledelamachine.fr\/wp-content\/uploads\/2026\/03\/Boris-Presseq2-Lisa-Cocrelle-Museum-de-Toulouse-visuel-carre-Billetterie.jpg\" alt=\"Illustration : EXPERIMENT\u2019HALLE\" loading=\"lazy\"><\/div><div class=\"HM23_FLICK_ITEM_TEXTE\"><div class=\"HM23_FLICK_IT_DATES\">02 \u2014 03 de Mai 2026<\/div><div class=\"HM23_FLICK_IT_TITRE\">EXPERIMENT\u2019HALLE<\/div><div class=\"HM23_CTA HM23_CTA_LIKE\">Lire la suite<\/div><\/div><\/a><a href=\"https:\/\/www.halledelamachine.fr\/es\/evenements\/experimenthalle-4\/\" class=\"HM23_FLICK_ITEM no-u\"><div class=\"HM23_FLICK_ITEM_IMAGE\"><img decoding=\"async\" src=\"https:\/\/www.halledelamachine.fr\/wp-content\/uploads\/2026\/04\/4-scaled.jpg\" alt=\"Illustration : EXPERIMENT\u2019HALLE\" loading=\"lazy\"><\/div><div class=\"HM23_FLICK_ITEM_TEXTE\"><div class=\"HM23_FLICK_IT_DATES\">02 \u2014 03 de Mai 2026<\/div><div class=\"HM23_FLICK_IT_TITRE\">EXPERIMENT\u2019HALLE<\/div><div class=\"HM23_CTA HM23_CTA_LIKE\">Lire la suite<\/div><\/div><\/a><a href=\"https:\/\/www.halledelamachine.fr\/es\/evenements\/experimenthalle-5\/\" class=\"HM23_FLICK_ITEM no-u\"><div class=\"HM23_FLICK_ITEM_IMAGE\"><img decoding=\"async\" src=\"https:\/\/www.halledelamachine.fr\/wp-content\/uploads\/2026\/04\/4-scaled.jpg\" alt=\"Illustration : EXPERIMENT\u2019HALLE\" loading=\"lazy\"><\/div><div class=\"HM23_FLICK_ITEM_TEXTE\"><div class=\"HM23_FLICK_IT_DATES\">02 \u2014 03 de Mai 2026<\/div><div class=\"HM23_FLICK_IT_TITRE\">EXPERIMENT\u2019HALLE<\/div><div class=\"HM23_CTA HM23_CTA_LIKE\">Lire la suite<\/div><\/div><\/a><a href=\"https:\/\/www.halledelamachine.fr\/es\/evenements\/experimenthalle-6\/\" class=\"HM23_FLICK_ITEM no-u\"><div class=\"HM23_FLICK_ITEM_IMAGE\"><img decoding=\"async\" src=\"https:\/\/www.halledelamachine.fr\/wp-content\/uploads\/2026\/04\/4-scaled.jpg\" alt=\"Illustration : EXPERIMENT\u2019HALLE\" loading=\"lazy\"><\/div><div class=\"HM23_FLICK_ITEM_TEXTE\"><div class=\"HM23_FLICK_IT_DATES\">02 \u2014 03 de Mai 2026<\/div><div class=\"HM23_FLICK_IT_TITRE\">EXPERIMENT\u2019HALLE<\/div><div class=\"HM23_CTA HM23_CTA_LIKE\">Lire la suite<\/div><\/div><\/a><a href=\"https:\/\/www.halledelamachine.fr\/es\/evenements\/week-end-musichalle\/\" class=\"HM23_FLICK_ITEM no-u\"><div class=\"HM23_FLICK_ITEM_IMAGE\"><img decoding=\"async\" src=\"https:\/\/www.halledelamachine.fr\/wp-content\/uploads\/2026\/02\/67-DSC_6359-Didier-Theau-scaled.jpg\" alt=\"Illustration : WEEK-END MUSIC\u2019HALLE\" loading=\"lazy\"><\/div><div class=\"HM23_FLICK_ITEM_TEXTE\"><div class=\"HM23_FLICK_IT_DATES\">23 \u2014 25 de Mai 2026<\/div><div class=\"HM23_FLICK_IT_TITRE\">WEEK-END MUSIC\u2019HALLE<\/div><div class=\"HM23_CTA HM23_CTA_LIKE\">Lire la suite<\/div><\/div><\/a><a href=\"https:\/\/www.halledelamachine.fr\/es\/evenements\/halle-percute\/\" class=\"HM23_FLICK_ITEM no-u\"><div class=\"HM23_FLICK_ITEM_IMAGE\"><img decoding=\"async\" src=\"https:\/\/www.halledelamachine.fr\/wp-content\/uploads\/2026\/02\/Printemps-Musical-credit-AUde-Fournie-scaled.jpg\" alt=\"Illustration : HALLE PERCUTE\" loading=\"lazy\"><\/div><div class=\"HM23_FLICK_ITEM_TEXTE\"><div class=\"HM23_FLICK_IT_DATES\">30 \u2014 31 de Mai 2026<\/div><div class=\"HM23_FLICK_IT_TITRE\">HALLE PERCUTE<\/div><div class=\"HM23_CTA HM23_CTA_LIKE\">Lire la suite<\/div><\/div><\/a><a href=\"https:\/\/www.halledelamachine.fr\/es\/evenements\/halle-en-voix\/\" class=\"HM23_FLICK_ITEM no-u\"><div class=\"HM23_FLICK_ITEM_IMAGE\"><img decoding=\"async\" src=\"https:\/\/www.halledelamachine.fr\/wp-content\/uploads\/2026\/02\/Halle-en-Voix-120-DSC_3759-credit-Didier-Theau-scaled.jpg\" alt=\"Illustration : HALLE EN VOIX\" loading=\"lazy\"><\/div><div class=\"HM23_FLICK_ITEM_TEXTE\"><div class=\"HM23_FLICK_IT_DATES\">13 \u2014 14 de Juin 2026<\/div><div class=\"HM23_FLICK_IT_TITRE\">HALLE EN VOIX<\/div><div class=\"HM23_CTA HM23_CTA_LIKE\">Lire la suite<\/div><\/div><\/a><a href=\"https:\/\/www.halledelamachine.fr\/es\/evenements\/halle-en-fanfare\/\" class=\"HM23_FLICK_ITEM no-u\"><div class=\"HM23_FLICK_ITEM_IMAGE\"><img decoding=\"async\" src=\"https:\/\/www.halledelamachine.fr\/wp-content\/uploads\/2026\/02\/Halle-en-Fanfare-20251118@FannyPoitevin-28-scaled.jpg\" alt=\"Illustration : HALLE EN FANFARE\" loading=\"lazy\"><\/div><div class=\"HM23_FLICK_ITEM_TEXTE\"><div class=\"HM23_FLICK_IT_DATES\">20 \u2014 21 de Juin 2026<\/div><div class=\"HM23_FLICK_IT_TITRE\">HALLE EN FANFARE<\/div><div class=\"HM23_CTA HM23_CTA_LIKE\">Lire la suite<\/div><\/div><\/a><a href=\"https:\/\/www.halledelamachine.fr\/es\/evenements\/la-halle-semballe\/\" class=\"HM23_FLICK_ITEM no-u\"><div class=\"HM23_FLICK_ITEM_IMAGE\"><img decoding=\"async\" src=\"https:\/\/www.halledelamachine.fr\/wp-content\/uploads\/2026\/02\/11-DSC_6017-scaled.jpg\" alt=\"Illustration : LA HALLE S\u2019EMBALLE\" loading=\"lazy\"><\/div><div class=\"HM23_FLICK_ITEM_TEXTE\"><div class=\"HM23_FLICK_IT_DATES\">27 \u2014 28 de Juin 2026<\/div><div class=\"HM23_FLICK_IT_TITRE\">LA HALLE S\u2019EMBALLE<\/div><div class=\"HM23_CTA HM23_CTA_LIKE\">Lire la suite<\/div><\/div><\/a><\/div>\t\t\t<script>\n\t\t\t$( document ).ready(function() {\n\t\t\t\t$('#HM23_FLICK_9221').flickity({\n\t\t\t\t  \/\/ options\n\t\t\t\t  cellAlign: 'left',\n\t\t\t\t  contain: true\n\t\t\t\t});\n\t\t\t})\n\t\t\t\n\t\t\t<\/script>\n\t\t\t<\/div><div class=\"HM23_TEXT_CONTAINER\">\n\n\n<\/div> <!-- .HM23_TEXT_CONTAINER --><div class=\"HM23_CONTENT_BLOCK\"  style=\"text-align:center;\" ><a  href=\"https:\/\/billetterie.halledelamachine.fr\/index-css5-halledelamachine-pg1.html\" target=\"_blank\"  class=\"HM23_CTA\">RESERVE AHORA<\/a><\/div><div class=\"HM23_TEXT_CONTAINER\">\n\n\n<h2 class=\"wp-block-heading\" class=\"wp-block-heading\" id=\"para-descubrir\">para descubrir<\/h2>\n\n\n<\/div> <!-- .HM23_TEXT_CONTAINER --><div class=\"HM23_CONTENT_BLOCK_LARGE HM23_TEXTE_IMAGE \"><div class=\"HM23_TI_VISUEL\"><img decoding=\"async\" src=\"https:\/\/www.halledelamachine.fr\/wp-content\/uploads\/2024\/02\/P1300831-pdavid-1800x1013.webp\"  loading=\"lazy\"\/><\/div><div class=\"HM23_TI_TEXTE\"><div class=\"HM23_TI_TITRE\">La Halle de La Machine<\/div><div class=\"HM23_TI_TEXTE_CONTENU\"><p>Descubre las m\u00e1quinas de espect\u00e1culo de la compa\u00f1\u00eda la Machine puestas en movimiento por los Verdaderos Maquinistas. Un espect\u00e1culo permanente entre arte de calle y mec\u00e1nico.<\/p>\n<\/div><a class=\"HM23_CTA\" href=\"https:\/\/www.halledelamachine.fr\/es\/la-piste-des-geants\/visitez-la-halle\/\" >DESCUBRE<\/a><\/div><\/div><div class=\"HM23_TEXT_CONTAINER\">\n\n<\/div> <!-- .HM23_TEXT_CONTAINER --><div class=\"HM23_CONTENT_BLOCK_LARGE HM23_TEXTE_IMAGE  HM23_FLEX_REVERSED \"><div class=\"HM23_TI_VISUEL\"><img decoding=\"async\" src=\"https:\/\/www.halledelamachine.fr\/wp-content\/uploads\/2023\/10\/homepage_minotaure-e1750345114577.jpg\"  loading=\"lazy\"\/><\/div><div class=\"HM23_TI_TEXTE\"><div class=\"HM23_TI_TITRE\">Viajes en la espalda del Minotauro <\/div><div class=\"HM23_TI_TEXTE_CONTENU\"><p>Constituido principalmente de madera y acero, las marcas en su piel dorada a la hoja de oro, esta m\u00e1quina gigante de 47 tonelada llega a los 14 metros de altura fue construida espacialmente para la ciudad de Toulouse. El Minotauro embarca cada dia en su espalda 47 personas para sus excursiones cotidianas en el barrio de Montaudran.<\/p>\n<\/div><a class=\"HM23_CTA\" href=\"https:\/\/www.halledelamachine.fr\/es\/la-piste-des-geants\/voyagez-a-dos-de-minotaure\/\" >DESCUBRE<\/a><\/div><\/div><div class=\"HM23_TEXT_CONTAINER\">\n\n<\/div> <!-- .HM23_TEXT_CONTAINER --><div class=\"HM23_CONTENT_BLOCK_LARGE HM23_TEXTE_IMAGE \"><div class=\"HM23_TI_VISUEL\"><img decoding=\"async\" src=\"https:\/\/www.halledelamachine.fr\/wp-content\/uploads\/2024\/02\/La-Grande-Araignee-credit-Fanny-P-Halle-de-la-Machine-8-1800x1200.webp\"  loading=\"lazy\"\/><\/div><div class=\"HM23_TI_TEXTE\"><div class=\"HM23_TI_TITRE\">La Gran Ara\u00f1a<\/div><div class=\"HM23_TI_TEXTE_CONTENU\"><p>Como una bailarina, la ara\u00f1a se mueve, camina, se encarama a \u00e1rboles, farolas y marquesinas de autob\u00fas. Incluso se la ha encontrado colgando de catedrales de Reims y Ottawa&#8230;<\/p>\n<\/div><a class=\"HM23_CTA\" href=\"https:\/\/www.halledelamachine.fr\/es\/la-piste-des-geants\/visitez-la-halle\/\" >DESCUBRE<\/a><\/div><\/div><div class=\"HM23_TEXT_CONTAINER\">\n\n<\/div> <!-- .HM23_TEXT_CONTAINER --><div class=\"HM23_CONTENT_BLOCK_LARGE HM23_TEXTE_IMAGE  HM23_FLEX_REVERSED \"><div class=\"HM23_TI_VISUEL\"><img decoding=\"async\" src=\"https:\/\/www.halledelamachine.fr\/wp-content\/uploads\/2023\/10\/homepage_manege.jpg\"  loading=\"lazy\"\/><\/div><div class=\"HM23_TI_TEXTE\"><div class=\"HM23_TI_TITRE\">El Carrusel de Carr\u00e9 s\u00e9nart<\/div><div class=\"HM23_TI_TEXTE_CONTENU\"><p>B\u00fafalos gigantes se encuentran con una gran cantidad de insectos mientras las mantis religiosas trepan al coraz\u00f3n de este entorno improbable. una vuelta imaginaria en el coraz\u00f3n de las artes de feria;<\/p>\n<\/div><a class=\"HM23_CTA\" href=\"https:\/\/www.halledelamachine.fr\/es\/\" >DESCUBRE<\/a><\/div><\/div><div class=\"HM23_TEXT_CONTAINER\">\n\n<div class=\"HM23_CONTENT_BLOCK_INSIDE HM23_ALERTE\"><div class=\"HM23_TI_ALERTE_TITRE\">La Halle esta cerrada exceptionalmente hoy , jueves 16 de octubre<\/div><\/div>","protected":false},"excerpt":{"rendered":"<p>para descubrir<\/p>\n","protected":false},"author":2,"featured_media":6412,"parent":0,"menu_order":0,"comment_status":"closed","ping_status":"closed","template":"","meta":{"_acf_changed":false,"footnotes":""},"class_list":["post-2259","page","type-page","status-publish","has-post-thumbnail","hentry","entry"],"acf":[],"_links":{"self":[{"href":"https:\/\/www.halledelamachine.fr\/es\/wp-json\/wp\/v2\/pages\/2259","targetHints":{"allow":["GET"]}}],"collection":[{"href":"https:\/\/www.halledelamachine.fr\/es\/wp-json\/wp\/v2\/pages"}],"about":[{"href":"https:\/\/www.halledelamachine.fr\/es\/wp-json\/wp\/v2\/types\/page"}],"author":[{"embeddable":true,"href":"https:\/\/www.halledelamachine.fr\/es\/wp-json\/wp\/v2\/users\/2"}],"replies":[{"embeddable":true,"href":"https:\/\/www.halledelamachine.fr\/es\/wp-json\/wp\/v2\/comments?post=2259"}],"version-history":[{"count":18,"href":"https:\/\/www.halledelamachine.fr\/es\/wp-json\/wp\/v2\/pages\/2259\/revisions"}],"predecessor-version":[{"id":6510,"href":"https:\/\/www.halledelamachine.fr\/es\/wp-json\/wp\/v2\/pages\/2259\/revisions\/6510"}],"wp:featuredmedia":[{"embeddable":true,"href":"https:\/\/www.halledelamachine.fr\/es\/wp-json\/wp\/v2\/media\/6412"}],"wp:attachment":[{"href":"https:\/\/www.halledelamachine.fr\/es\/wp-json\/wp\/v2\/media?parent=2259"}],"curies":[{"name":"wp","href":"https:\/\/api.w.org\/{rel}","templated":true}]}}