{"id":2278,"date":"2024-03-08T16:47:08","date_gmt":"2024-03-08T15:47:08","guid":{"rendered":"https:\/\/www.halledelamachine.fr\/la-compagnie-la-machine\/"},"modified":"2024-06-26T10:40:28","modified_gmt":"2024-06-26T08:40:28","slug":"la-compagnie-la-machine","status":"publish","type":"page","link":"https:\/\/www.halledelamachine.fr\/es\/la-compagnie-la-machine\/","title":{"rendered":"La Compagnie La Machine"},"content":{"rendered":"<\/div> <!-- .HM23_TEXT_CONTAINER --><div class=\"HM23_CONTENT_BLOCK HM23_CHAPEAU\"><p><strong>Dirigida por Fran\u00e7ois Delaroziere, la Compa\u00f1\u00eda La Machine fue fundada en 1999 por un grupo de artistas, t\u00e9cnicos y escen\u00f3grafos que trabajan juntos para construir objetos esc\u00e9nicos at\u00edpicos. En el centro de su planteamiento art\u00edstico, el movimiento se interpreta como un lenguaje, como una fuente de emoci\u00f3n.<\/strong><\/p>\n<\/div><div class=\"HM23_TEXT_CONTAINER\">\n\n\n<p><\/p>\n\n\n\n<div class=\"wp-block-media-text is-stacked-on-mobile\" style=\"grid-template-columns:41% auto\"><figure class=\"wp-block-media-text__media\"><img loading=\"lazy\" decoding=\"async\" width=\"1024\" height=\"692\" src=\"https:\/\/www.halledelamachine.fr\/wp-content\/uploads\/2023\/10\/Photo-Jordi-Bover_7468-c-1024x692.jpg\" alt=\"La grande Araign\u00e9e\" class=\"wp-image-422 size-full\" srcset=\"https:\/\/www.halledelamachine.fr\/wp-content\/uploads\/2023\/10\/Photo-Jordi-Bover_7468-c-1024x692.jpg 1024w, https:\/\/www.halledelamachine.fr\/wp-content\/uploads\/2023\/10\/Photo-Jordi-Bover_7468-c-300x203.jpg 300w, https:\/\/www.halledelamachine.fr\/wp-content\/uploads\/2023\/10\/Photo-Jordi-Bover_7468-c-768x519.jpg 768w, https:\/\/www.halledelamachine.fr\/wp-content\/uploads\/2023\/10\/Photo-Jordi-Bover_7468-c-1536x1038.jpg 1536w, https:\/\/www.halledelamachine.fr\/wp-content\/uploads\/2023\/10\/Photo-Jordi-Bover_7468-c-2048x1384.jpg 2048w, https:\/\/www.halledelamachine.fr\/wp-content\/uploads\/2023\/10\/Photo-Jordi-Bover_7468-c-1568x1060.jpg 1568w, https:\/\/www.halledelamachine.fr\/wp-content\/uploads\/2023\/10\/Photo-Jordi-Bover_7468-c-1800x1217.jpg 1800w, https:\/\/www.halledelamachine.fr\/wp-content\/uploads\/2023\/10\/Photo-Jordi-Bover_7468-c-5x3.jpg 5w\" sizes=\"auto, (max-width: 1024px) 100vw, 1024px\" \/><\/figure><div class=\"wp-block-media-text__content\">\n<p>La Halle de La Machine pone en escena las m\u00e1quinas de espect\u00e1culo de la Compagnie La Machine, una compa\u00f1\u00eda de teatro de calle fundada en 1999 y dirigida por Fran\u00e7ois Delaroziere. Nacida de la colaboraci\u00f3n de artistas, t\u00e9cnicos y decoradores de espect\u00e1culos en torno a la construcci\u00f3n de objetos de espect\u00e1culo at\u00edpicos. El trabajo que desarrolla en el espacio p\u00fablico est\u00e1 en relaci\u00f3n principalmente con el teatro, el urbanismo y la arquitectura. En el centro del enfoque art\u00edstico de Compagnie La Machine, el movimiento se interpreta como un lenguaje, como una fuente de emoci\u00f3n. A trav\u00e9s de cada una de estas arquitecturas vivas, se cuestiona como so\u00f1ar las ciudades del ma\u00f1ana y transformar as\u00ed la forma en que miramos nuestras urbes.<\/p>\n\n\n\n<p>Actualmente, La Machine desarrolla numerosos proyectos en Europa e internacionalmente en el \u00e1mbito del urbanismo (Les Machines de la Isla en Nantes, Los Animales de la Place en La Roche-sur-Yon, el Drag\u00f3n de Calais), as\u00ed como espect\u00e1culos de calle (<em>Le Gardien du Temple<\/em>, <em>Long Ma Jing Shen<\/em>, <em>Les M\u00e9caniques savantes<\/em>, <em>La Symphonie M\u00e9canique<\/em>, <em>L&#8217;Exp\u00e9dition v\u00e9g\u00e9tale<\/em>, <em>Le Diner des Petites M\u00e9caniques, <\/em>etc.)<br><\/p>\n\n\n\n<\/div> <!-- .HM23_TEXT_CONTAINER --><div class=\"HM23_CONTENT_BLOCK\"  style=\"text-align:right;\" ><a  href=\"https:\/\/www.lamachine.fr\/\" target=\"_blank\"  class=\"HM23_CTA\">VISITA EL SITIO DE LA COMPAGNIE LA MACHINE<\/a><\/div><div class=\"HM23_TEXT_CONTAINER\"><\/div><\/div>\n\n\n<\/div> <!-- .HM23_TEXT_CONTAINER --><div class=\"HM23_CONTENT_BLOCK_FULL HM23_GALERIE\"><div class=\"HM23_GALERIE_TITRE\">En imagenes<\/div><div id=\"HM23_G_2471197\" class=\"HM23_GALERIE_CONTAINER\"><div class=\"HM23_GALERIE_ITEM\"><img decoding=\"async\" src=\"https:\/\/www.halledelamachine.fr\/wp-content\/uploads\/2024\/03\/Photo-Jordi-Bover_8470.webp\" alt=\"Le Gardien du Temple - 2018\" loading=\"lazy\"><div class=\"HM23_GALERIE_ITEM_LABEL HM23_GALERIE_ITEM_TITRE\">Le Gardien du Temple &#8211; 2018<\/div><div class=\"HM23_GALERIE_ITEM_LABEL HM23_GALERIE_ITEM_COPYRIGHT\">\u00a9 jordibover<\/div><\/div><div class=\"HM23_GALERIE_ITEM\"><img decoding=\"async\" src=\"https:\/\/www.halledelamachine.fr\/wp-content\/uploads\/2024\/03\/61-Photo-\u00aeJordi-Bover_3993.webp\" alt=\"Long Ma \u00e0 Pekin\" loading=\"lazy\"><div class=\"HM23_GALERIE_ITEM_LABEL HM23_GALERIE_ITEM_TITRE\">Long Ma \u00e0 Pekin<\/div><div class=\"HM23_GALERIE_ITEM_LABEL HM23_GALERIE_ITEM_COPYRIGHT\">\u00a9 jordibover<\/div><\/div><div class=\"HM23_GALERIE_ITEM\"><img decoding=\"async\" src=\"https:\/\/www.halledelamachine.fr\/wp-content\/uploads\/2024\/03\/Photo-\u00aeJordi-Bover_1055-copia.webp\" alt=\"Long Ma \u00e0 Toulouse Halle de La Machine\" loading=\"lazy\"><div class=\"HM23_GALERIE_ITEM_LABEL HM23_GALERIE_ITEM_TITRE\">Long Ma \u00e0 Toulouse<\/div><div class=\"HM23_GALERIE_ITEM_LABEL HM23_GALERIE_ITEM_COPYRIGHT\">\u00a9 jordibover<\/div><\/div><div class=\"HM23_GALERIE_ITEM\"><img decoding=\"async\" src=\"https:\/\/www.halledelamachine.fr\/wp-content\/uploads\/2024\/03\/20201010_112437-ok-1024x605.webp\" alt=\"Le Grand El\u00e9phant de Nantes\" loading=\"lazy\"><div class=\"HM23_GALERIE_ITEM_LABEL HM23_GALERIE_ITEM_TITRE\">Le Grand El\u00e9phant de Nantes<\/div><div class=\"HM23_GALERIE_ITEM_LABEL HM23_GALERIE_ITEM_COPYRIGHT\">\u00a9 pdavid-compagnielamachine<\/div><\/div><div class=\"HM23_GALERIE_ITEM\"><img decoding=\"async\" src=\"https:\/\/www.halledelamachine.fr\/wp-content\/uploads\/2024\/05\/Photo-\u00aeJordi-Bover_8983-BD.webp\" alt=\"Le Dragon de Calais\" loading=\"lazy\"><div class=\"HM23_GALERIE_ITEM_LABEL HM23_GALERIE_ITEM_TITRE\">Le Dragon de Calais<\/div><div class=\"HM23_GALERIE_ITEM_LABEL HM23_GALERIE_ITEM_COPYRIGHT\">\u00a9 jordi-bover<\/div><\/div><\/div>\t\t<script>\n\t\t$( document ).ready(function() {\n\t\t\t$('#HM23_G_2471197').flickity({\n\t\t\t  \/\/ options\n\t\t\t  cellAlign: 'left',\n\t\t\t  contain: true\n\t\t\t});\n\t\t})\n\t\t\n\t\t<\/script>\n\t\t<div class=\"HM23_TEXT_CONTAINER\">","protected":false},"excerpt":{"rendered":"","protected":false},"author":2,"featured_media":424,"parent":0,"menu_order":0,"comment_status":"closed","ping_status":"closed","template":"","meta":{"_acf_changed":false,"footnotes":""},"class_list":["post-2278","page","type-page","status-publish","has-post-thumbnail","hentry","entry"],"acf":[],"_links":{"self":[{"href":"https:\/\/www.halledelamachine.fr\/es\/wp-json\/wp\/v2\/pages\/2278","targetHints":{"allow":["GET"]}}],"collection":[{"href":"https:\/\/www.halledelamachine.fr\/es\/wp-json\/wp\/v2\/pages"}],"about":[{"href":"https:\/\/www.halledelamachine.fr\/es\/wp-json\/wp\/v2\/types\/page"}],"author":[{"embeddable":true,"href":"https:\/\/www.halledelamachine.fr\/es\/wp-json\/wp\/v2\/users\/2"}],"replies":[{"embeddable":true,"href":"https:\/\/www.halledelamachine.fr\/es\/wp-json\/wp\/v2\/comments?post=2278"}],"version-history":[{"count":2,"href":"https:\/\/www.halledelamachine.fr\/es\/wp-json\/wp\/v2\/pages\/2278\/revisions"}],"predecessor-version":[{"id":2281,"href":"https:\/\/www.halledelamachine.fr\/es\/wp-json\/wp\/v2\/pages\/2278\/revisions\/2281"}],"wp:featuredmedia":[{"embeddable":true,"href":"https:\/\/www.halledelamachine.fr\/es\/wp-json\/wp\/v2\/media\/424"}],"wp:attachment":[{"href":"https:\/\/www.halledelamachine.fr\/es\/wp-json\/wp\/v2\/media?parent=2278"}],"curies":[{"name":"wp","href":"https:\/\/api.w.org\/{rel}","templated":true}]}}