{"id":2283,"date":"2024-03-08T16:43:09","date_gmt":"2024-03-08T15:43:09","guid":{"rendered":"https:\/\/www.halledelamachine.fr\/nos-partenaires\/"},"modified":"2026-02-10T15:47:55","modified_gmt":"2026-02-10T14:47:55","slug":"nos-partenaires","status":"publish","type":"page","link":"https:\/\/www.halledelamachine.fr\/es\/nos-partenaires\/","title":{"rendered":"Nuestros socios"},"content":{"rendered":"\n<div style=\"height:100px\" aria-hidden=\"true\" class=\"wp-block-spacer\"><\/div>\n\n\n\n<h3 class=\"wp-block-heading has-black-color has-text-color has-link-color wp-elements-1675073660998d2b1095d26a57183f3d\" class=\"wp-block-heading has-black-color has-text-color has-link-color wp-elements-1675073660998d2b1095d26a57183f3d\" id=\"toulouse-metropole\">Toulouse m\u00e9tropole<\/h3>\n\n\n\n<div class=\"wp-block-media-text is-stacked-on-mobile\" style=\"grid-template-columns:30% auto\"><figure class=\"wp-block-media-text__media\"><a href=\"https:\/\/metropole.toulouse.fr\/\" target=\"_blank\" rel=\"noreferrer noopener\"><img loading=\"lazy\" decoding=\"async\" width=\"1024\" height=\"576\" src=\"https:\/\/www.halledelamachine.fr\/wp-content\/uploads\/2025\/11\/toulouse-metroploe-1024x576.png\" alt=\"\" class=\"wp-image-4231 size-full\" srcset=\"https:\/\/www.halledelamachine.fr\/wp-content\/uploads\/2025\/11\/toulouse-metroploe-1024x576.png 1024w, https:\/\/www.halledelamachine.fr\/wp-content\/uploads\/2025\/11\/toulouse-metroploe-300x169.png 300w, https:\/\/www.halledelamachine.fr\/wp-content\/uploads\/2025\/11\/toulouse-metroploe-768x432.png 768w, https:\/\/www.halledelamachine.fr\/wp-content\/uploads\/2025\/11\/toulouse-metroploe-1536x864.png 1536w, https:\/\/www.halledelamachine.fr\/wp-content\/uploads\/2025\/11\/toulouse-metroploe-1568x882.png 1568w, https:\/\/www.halledelamachine.fr\/wp-content\/uploads\/2025\/11\/toulouse-metroploe-1800x1013.png 1800w, https:\/\/www.halledelamachine.fr\/wp-content\/uploads\/2025\/11\/toulouse-metroploe-5x3.png 5w, https:\/\/www.halledelamachine.fr\/wp-content\/uploads\/2025\/11\/toulouse-metroploe.png 1920w\" sizes=\"auto, (max-width: 1024px) 100vw, 1024px\" \/><\/a><\/figure><div class=\"wp-block-media-text__content\">\n<p>La <strong>Halle de La Machine<\/strong> est\u00e1 gestionada en el marco de una <strong>delegaci\u00f3n de servicio p\u00fablico<\/strong> otorgada por <strong><a href=\"https:\/\/metropole.toulouse.fr\/\">Toulouse M\u00e9tropole<\/a><\/strong> a la <strong>asociaci\u00f3n La Machine Toulouse (Ley 1901)<\/strong>.<\/p>\n<\/div><\/div>\n\n\n\n<div style=\"height:100px\" aria-hidden=\"true\" class=\"wp-block-spacer\"><\/div>\n\n\n\n<h3 class=\"wp-block-heading has-black-color has-text-color has-link-color wp-elements-955e0c0935c209719a74baf411b8b0df\" class=\"wp-block-heading has-black-color has-text-color has-link-color wp-elements-955e0c0935c209719a74baf411b8b0df\" id=\"nuestros-verdaderospadrinos-y-madrinas\">Nuestros verdaderos<br>padrinos y madrinas<\/h3>\n\n\n\n<p>Nuestros verdaderos padrinos y madrinas son <strong>empresas que apoyan la actividad art\u00edstica de la Halle de La Machine<\/strong> mediante <strong>donaciones econ\u00f3micas o en especie<\/strong>. El compromiso de nuestros Verdaderos Padrinos y Madrinas <strong>enriquece nuestra din\u00e1mica econ\u00f3mica, cultural y social en el territorio<\/strong>. Gracias a su apoyo, <strong>construimos juntos un proyecto \u00fanico y federador<\/strong>, creador de emociones e imaginarios para todos. \u00a1Les damos las gracias!<\/p>\n\n\n\n<div style=\"height:75px\" aria-hidden=\"true\" class=\"wp-block-spacer\"><\/div>\n\n\n\n<figure class=\"wp-block-image size-full\"><a href=\"https:\/\/www.uimmoccitanie.com\/\" target=\"_blank\" rel=\" noreferrer noopener\"><img loading=\"lazy\" decoding=\"async\" width=\"1920\" height=\"1080\" src=\"https:\/\/www.halledelamachine.fr\/wp-content\/uploads\/2026\/02\/uimm-occitanie-1.png\" alt=\"\" class=\"wp-image-5293\" srcset=\"https:\/\/www.halledelamachine.fr\/wp-content\/uploads\/2026\/02\/uimm-occitanie-1.png 1920w, https:\/\/www.halledelamachine.fr\/wp-content\/uploads\/2026\/02\/uimm-occitanie-1-300x169.png 300w, https:\/\/www.halledelamachine.fr\/wp-content\/uploads\/2026\/02\/uimm-occitanie-1-1024x576.png 1024w, https:\/\/www.halledelamachine.fr\/wp-content\/uploads\/2026\/02\/uimm-occitanie-1-768x432.png 768w, https:\/\/www.halledelamachine.fr\/wp-content\/uploads\/2026\/02\/uimm-occitanie-1-1536x864.png 1536w, https:\/\/www.halledelamachine.fr\/wp-content\/uploads\/2026\/02\/uimm-occitanie-1-1568x882.png 1568w, https:\/\/www.halledelamachine.fr\/wp-content\/uploads\/2026\/02\/uimm-occitanie-1-1800x1013.png 1800w, https:\/\/www.halledelamachine.fr\/wp-content\/uploads\/2026\/02\/uimm-occitanie-1-5x3.png 5w\" sizes=\"auto, (max-width: 1920px) 100vw, 1920px\" \/><\/a><\/figure>\n\n\n\n<p class=\"has-text-align-center\">L&#8217;<a href=\"https:\/\/www.uimmoccitanie.com\/\" target=\"_blank\" rel=\"noreferrer noopener\"><strong>UIMM Occitanie<\/strong><\/a> &#8211; <strong>Uni\u00f3n de las Industrias y Oficios de la Metalurgia<\/strong> es una organizaci\u00f3n profesional que <strong>acompa\u00f1a y apoya a las empresas del sector metal\u00fargico<\/strong>, especialmente en materia de <strong>formaci\u00f3n, empleo, atractivo del sector, desarrollo econ\u00f3mico e innovaci\u00f3n<\/strong>.<\/p>\n\n\n\n<p class=\"has-text-align-center\">Al convertirse en <strong>Madrina Titanesca de la Halle de La Machine<\/strong>, <strong>UIMM Occitanie<\/strong> apoya sus actividades. Juntas, <strong>afirman valores comunes<\/strong> y proponen <strong>acciones conjuntas de mediaci\u00f3n<\/strong>, con el objetivo de <strong>poner en valor y dar a conocer oficios t\u00e9cnicos y creativos<\/strong> como la <strong>calderer\u00eda, el mantenimiento industrial o la soldadura<\/strong>.<\/p>\n\n\n\n<div style=\"height:75px\" aria-hidden=\"true\" class=\"wp-block-spacer\"><\/div>\n\n\n\n<figure class=\"wp-block-image size-full\"><a href=\"https:\/\/www.artisanat-occitanie.fr\/\" target=\"_blank\" rel=\" noreferrer noopener\"><img loading=\"lazy\" decoding=\"async\" width=\"1920\" height=\"1080\" src=\"https:\/\/www.halledelamachine.fr\/wp-content\/uploads\/2026\/02\/cma-occitanie.png\" alt=\"\" class=\"wp-image-5225\" srcset=\"https:\/\/www.halledelamachine.fr\/wp-content\/uploads\/2026\/02\/cma-occitanie.png 1920w, https:\/\/www.halledelamachine.fr\/wp-content\/uploads\/2026\/02\/cma-occitanie-300x169.png 300w, https:\/\/www.halledelamachine.fr\/wp-content\/uploads\/2026\/02\/cma-occitanie-1024x576.png 1024w, https:\/\/www.halledelamachine.fr\/wp-content\/uploads\/2026\/02\/cma-occitanie-768x432.png 768w, https:\/\/www.halledelamachine.fr\/wp-content\/uploads\/2026\/02\/cma-occitanie-1536x864.png 1536w, https:\/\/www.halledelamachine.fr\/wp-content\/uploads\/2026\/02\/cma-occitanie-1568x882.png 1568w, https:\/\/www.halledelamachine.fr\/wp-content\/uploads\/2026\/02\/cma-occitanie-1800x1013.png 1800w, https:\/\/www.halledelamachine.fr\/wp-content\/uploads\/2026\/02\/cma-occitanie-5x3.png 5w\" sizes=\"auto, (max-width: 1920px) 100vw, 1920px\" \/><\/a><\/figure>\n\n\n\n<p class=\"has-text-align-center\"><a href=\"http:\/\/www.artisanat-occitanie.fr\/jeunes-apprentis\/devenir-apprenti\/\u00a0\u00a0\u00a0.\" target=\"_blank\" rel=\"noreferrer noopener\"><strong>La <strong>C\u00e1mara de Oficios y Artesan\u00eda de Occitania<\/strong> (CMA Occitanie)<\/strong><\/a> representa los intereses del <strong>sector artesanal<\/strong> (m\u00e1s de <strong>255.000 empresas<\/strong>) y promueve su actividad en los <strong>13 departamentos de la regi\u00f3n<\/strong>. Con <strong>9.400 aprendices inscritos en 2025\/2026<\/strong>, la CMA Occitanie es <strong>l\u00edder en formaci\u00f3n por aprendizaje<\/strong> en el sector de los oficios. <strong>CMA Formaci\u00f3n<\/strong>, su centro regional de formaci\u00f3n, ofrece <strong>m\u00e1s de 170 titulaciones oficiales<\/strong>, gratuitas y remuneradas, desde <strong>CAP hasta Licenciatura Profesional<\/strong>. En los \u00e1mbitos de la <strong>alimentaci\u00f3n, los servicios, la producci\u00f3n o la construcci\u00f3n<\/strong>, \u00a1las opciones son m\u00faltiples!<\/p>\n\n\n\n<p class=\"has-text-align-center\">En <strong>2026<\/strong>, la <strong>CMA Occitanie<\/strong> inicia una <strong>colaboraci\u00f3n con la Halle de La Machine<\/strong>, con el objetivo de <strong>valorizar las ramas de la artesan\u00eda, sus saberes espec\u00edficos y la diversidad de oficios que la componen<\/strong>. Juntos, trabajamos para <strong>sentar las bases de una colaboraci\u00f3n eficaz<\/strong>, mediante <strong>acciones concretas de mediaci\u00f3n<\/strong> y <strong>sesiones de descubrimiento<\/strong> de nuestros oficios y competencias comunes o complementarias.<\/p>\n\n\n\n<div style=\"height:75px\" aria-hidden=\"true\" class=\"wp-block-spacer\"><\/div>\n\n\n\n<figure class=\"wp-block-image size-full\"><a href=\"https:\/\/www.petzl.com\/FR\/fr\" target=\"_blank\" rel=\" noreferrer noopener\"><img loading=\"lazy\" decoding=\"async\" width=\"1920\" height=\"1080\" src=\"https:\/\/www.halledelamachine.fr\/wp-content\/uploads\/2026\/02\/petzl.png\" alt=\"\" class=\"wp-image-5222\" srcset=\"https:\/\/www.halledelamachine.fr\/wp-content\/uploads\/2026\/02\/petzl.png 1920w, https:\/\/www.halledelamachine.fr\/wp-content\/uploads\/2026\/02\/petzl-300x169.png 300w, https:\/\/www.halledelamachine.fr\/wp-content\/uploads\/2026\/02\/petzl-1024x576.png 1024w, https:\/\/www.halledelamachine.fr\/wp-content\/uploads\/2026\/02\/petzl-768x432.png 768w, https:\/\/www.halledelamachine.fr\/wp-content\/uploads\/2026\/02\/petzl-1536x864.png 1536w, https:\/\/www.halledelamachine.fr\/wp-content\/uploads\/2026\/02\/petzl-1568x882.png 1568w, https:\/\/www.halledelamachine.fr\/wp-content\/uploads\/2026\/02\/petzl-1800x1013.png 1800w, https:\/\/www.halledelamachine.fr\/wp-content\/uploads\/2026\/02\/petzl-5x3.png 5w\" sizes=\"auto, (max-width: 1920px) 100vw, 1920px\" \/><\/a><\/figure>\n\n\n\n<p class=\"has-text-align-center\"><a href=\"https:\/\/www.petzl.com\/FR\/fr\" target=\"_blank\" rel=\"noreferrer noopener\"><em><strong>Petzl<\/strong><\/em>\u00a0<\/a>dise\u00f1a <strong>herramientas y soluciones<\/strong> para permitir que deportistas y profesionales <strong>act\u00faen, de d\u00eda y de noche, en entornos y trabajos en altura<\/strong>.<\/p>\n\n\n\n<div style=\"height:100px\" aria-hidden=\"true\" class=\"wp-block-spacer\"><\/div>\n\n\n\n<h3 class=\"wp-block-heading has-text-align-center has-black-color has-text-color has-link-color wp-elements-6c58ffad111aef9bd2d1f4ab15e51954\" class=\"wp-block-heading has-text-align-center has-black-color has-text-color has-link-color wp-elements-6c58ffad111aef9bd2d1f4ab15e51954\" id=\"conviertase-en-verdadera-madrina-o-padrino\">Convi\u00e9rtase en Verdadera Madrina o Padrino<\/h3>\n\n\n\n<div class=\"wp-block-media-text alignwide has-media-on-the-right is-stacked-on-mobile is-vertically-aligned-center\" style=\"grid-template-columns:auto 43%\"><div class=\"wp-block-media-text__content\">\n<p>Entre en el <strong>c\u00edrculo virtuoso del patrocinio<\/strong>. Integre una <strong>red de actores econ\u00f3micos, culturales y pol\u00edticos<\/strong>. Apadrine un <strong>proyecto art\u00edstico exigente y accesible<\/strong>. Contribuya a la <strong>din\u00e1mica de su territorio<\/strong>. Afirme el <strong>papel social de su empresa<\/strong> comprometi\u00e9ndose a nuestro lado.<\/p>\n\n\n\n<p>Proponemos <strong>diferentes niveles de apoyo<\/strong> a nuestro proyecto. <strong>No dude en contactarnos para m\u00e1s informaci\u00f3n.<\/strong><\/p>\n<\/div><figure class=\"wp-block-media-text__media\"><img loading=\"lazy\" decoding=\"async\" width=\"663\" height=\"492\" src=\"https:\/\/www.halledelamachine.fr\/wp-content\/uploads\/2026\/02\/partenariat-page-site-e1770133561757.png\" alt=\"\" class=\"wp-image-5005 size-full\" srcset=\"https:\/\/www.halledelamachine.fr\/wp-content\/uploads\/2026\/02\/partenariat-page-site-e1770133561757.png 663w, https:\/\/www.halledelamachine.fr\/wp-content\/uploads\/2026\/02\/partenariat-page-site-e1770133561757-300x223.png 300w, https:\/\/www.halledelamachine.fr\/wp-content\/uploads\/2026\/02\/partenariat-page-site-e1770133561757-5x5.png 5w\" sizes=\"auto, (max-width: 663px) 100vw, 663px\" \/><\/figure><\/div>\n\n\n\n<div class=\"wp-block-group is-vertical is-content-justification-center is-layout-flex wp-container-core-group-is-layout-607a16ae wp-block-group-is-layout-flex\">\n<div class=\"wp-block-file alignleft\"><a id=\"wp-block-file--media-26c26a30-a5d3-4eba-af88-08fe27e44cf3\" href=\"https:\/\/www.halledelamachine.fr\/wp-content\/uploads\/2025\/11\/DOSSIER_2024-PARRAINAGE.pdf\" target=\"_blank\" rel=\"noreferrer noopener\">Descargar el documento<\/a><a href=\"https:\/\/www.halledelamachine.fr\/wp-content\/uploads\/2025\/11\/DOSSIER_2024-PARRAINAGE.pdf\" class=\"wp-block-file__button wp-element-button\" download aria-describedby=\"wp-block-file--media-26c26a30-a5d3-4eba-af88-08fe27e44cf3\">Descargar<\/a><\/div>\n\n\n\n<\/div> <!-- .HM23_TEXT_CONTAINER --><div class=\"HM23_CONTENT_BLOCK\"  style=\"text-align:center;\" ><a  href=\"mailto : aude.fournier@halledelamachine.fr\" target=\"_blank\"  class=\"HM23_CTA\">CONTACTENOS<\/a><\/div><div class=\"HM23_TEXT_CONTAINER\"><\/div>\n\n\n\n<div style=\"height:100px\" aria-hidden=\"true\" class=\"wp-block-spacer\"><\/div>\n\n\n\n<h3 class=\"wp-block-heading has-black-color has-text-color has-link-color wp-elements-bf3f2eb80e07fa1d11ae3f05052c0d02\" class=\"wp-block-heading has-black-color has-text-color has-link-color wp-elements-bf3f2eb80e07fa1d11ae3f05052c0d02\" id=\"asociaciones-institucionales\">Asociaciones institucionales<\/h3>\n\n\n\n<div class=\"wp-block-columns is-not-stacked-on-mobile is-layout-flex wp-container-core-columns-is-layout-9d6595d7 wp-block-columns-is-layout-flex\">\n<div class=\"wp-block-column is-layout-flow wp-block-column-is-layout-flow\">\n<figure class=\"wp-block-gallery has-nested-images columns-default is-cropped wp-block-gallery-1 is-layout-flex wp-block-gallery-is-layout-flex\">\n<figure class=\"wp-block-image size-large is-style-default\"><a href=\"https:\/\/metropole.toulouse.fr\/\" target=\"_blank\" rel=\" noreferrer noopener\"><img loading=\"lazy\" decoding=\"async\" width=\"1024\" height=\"576\" data-id=\"4249\" src=\"https:\/\/www.halledelamachine.fr\/wp-content\/uploads\/2025\/11\/mairie-de-toulouse-1-1024x576.png\" alt=\"\" class=\"wp-image-4249\" srcset=\"https:\/\/www.halledelamachine.fr\/wp-content\/uploads\/2025\/11\/mairie-de-toulouse-1-1024x576.png 1024w, https:\/\/www.halledelamachine.fr\/wp-content\/uploads\/2025\/11\/mairie-de-toulouse-1-300x169.png 300w, https:\/\/www.halledelamachine.fr\/wp-content\/uploads\/2025\/11\/mairie-de-toulouse-1-768x432.png 768w, https:\/\/www.halledelamachine.fr\/wp-content\/uploads\/2025\/11\/mairie-de-toulouse-1-1536x864.png 1536w, https:\/\/www.halledelamachine.fr\/wp-content\/uploads\/2025\/11\/mairie-de-toulouse-1-1568x882.png 1568w, https:\/\/www.halledelamachine.fr\/wp-content\/uploads\/2025\/11\/mairie-de-toulouse-1-1800x1013.png 1800w, https:\/\/www.halledelamachine.fr\/wp-content\/uploads\/2025\/11\/mairie-de-toulouse-1-5x3.png 5w, https:\/\/www.halledelamachine.fr\/wp-content\/uploads\/2025\/11\/mairie-de-toulouse-1.png 1920w\" sizes=\"auto, (max-width: 1024px) 100vw, 1024px\" \/><\/a><\/figure>\n\n\n\n<figure class=\"wp-block-image size-large\"><a href=\"https:\/\/www.laregion.fr\/\" target=\"_blank\" rel=\" noreferrer noopener\"><img loading=\"lazy\" decoding=\"async\" width=\"1024\" height=\"576\" data-id=\"4252\" src=\"https:\/\/www.halledelamachine.fr\/wp-content\/uploads\/2025\/11\/la-region-occitanie-1-1024x576.png\" alt=\"\" class=\"wp-image-4252\" srcset=\"https:\/\/www.halledelamachine.fr\/wp-content\/uploads\/2025\/11\/la-region-occitanie-1-1024x576.png 1024w, https:\/\/www.halledelamachine.fr\/wp-content\/uploads\/2025\/11\/la-region-occitanie-1-300x169.png 300w, https:\/\/www.halledelamachine.fr\/wp-content\/uploads\/2025\/11\/la-region-occitanie-1-768x432.png 768w, https:\/\/www.halledelamachine.fr\/wp-content\/uploads\/2025\/11\/la-region-occitanie-1-1536x864.png 1536w, https:\/\/www.halledelamachine.fr\/wp-content\/uploads\/2025\/11\/la-region-occitanie-1-1568x882.png 1568w, https:\/\/www.halledelamachine.fr\/wp-content\/uploads\/2025\/11\/la-region-occitanie-1-1800x1013.png 1800w, https:\/\/www.halledelamachine.fr\/wp-content\/uploads\/2025\/11\/la-region-occitanie-1-5x3.png 5w, https:\/\/www.halledelamachine.fr\/wp-content\/uploads\/2025\/11\/la-region-occitanie-1.png 1920w\" sizes=\"auto, (max-width: 1024px) 100vw, 1024px\" \/><\/a><\/figure>\n\n\n\n<figure class=\"wp-block-image size-large\"><a href=\"https:\/\/metropole.toulouse.fr\/kiosque\/villes-pour-tous\" target=\"_blank\" rel=\" noreferrer noopener\"><img loading=\"lazy\" decoding=\"async\" width=\"1024\" height=\"576\" data-id=\"4383\" src=\"https:\/\/www.halledelamachine.fr\/wp-content\/uploads\/2025\/11\/ville-pour-tous-1024x576.png\" alt=\"\" class=\"wp-image-4383\" srcset=\"https:\/\/www.halledelamachine.fr\/wp-content\/uploads\/2025\/11\/ville-pour-tous-1024x576.png 1024w, https:\/\/www.halledelamachine.fr\/wp-content\/uploads\/2025\/11\/ville-pour-tous-300x169.png 300w, https:\/\/www.halledelamachine.fr\/wp-content\/uploads\/2025\/11\/ville-pour-tous-768x432.png 768w, https:\/\/www.halledelamachine.fr\/wp-content\/uploads\/2025\/11\/ville-pour-tous-1536x864.png 1536w, https:\/\/www.halledelamachine.fr\/wp-content\/uploads\/2025\/11\/ville-pour-tous-1568x882.png 1568w, https:\/\/www.halledelamachine.fr\/wp-content\/uploads\/2025\/11\/ville-pour-tous-1800x1013.png 1800w, https:\/\/www.halledelamachine.fr\/wp-content\/uploads\/2025\/11\/ville-pour-tous-5x3.png 5w, https:\/\/www.halledelamachine.fr\/wp-content\/uploads\/2025\/11\/ville-pour-tous.png 1920w\" sizes=\"auto, (max-width: 1024px) 100vw, 1024px\" \/><\/a><\/figure>\n<\/figure>\n<\/div>\n<\/div>\n\n\n\n<h3 class=\"wp-block-heading has-black-color has-text-color has-link-color wp-elements-20fec607f0c6c43f88da762ee2bdfaba\" class=\"wp-block-heading has-black-color has-text-color has-link-color wp-elements-20fec607f0c6c43f88da762ee2bdfaba\" id=\"asociaciones-culturales\">Asociaciones culturales<\/h3>\n\n\n\n<div class=\"wp-block-columns is-not-stacked-on-mobile is-layout-flex wp-container-core-columns-is-layout-9d6595d7 wp-block-columns-is-layout-flex\">\n<div class=\"wp-block-column is-layout-flow wp-block-column-is-layout-flow\">\n<figure class=\"wp-block-gallery has-nested-images columns-default is-cropped wp-block-gallery-2 is-layout-flex wp-block-gallery-is-layout-flex\">\n<figure class=\"wp-block-image size-large is-style-default\"><a href=\"https:\/\/www.pinkparadizefestival.com\/\" target=\"_blank\" rel=\" noreferrer noopener\"><img loading=\"lazy\" decoding=\"async\" width=\"1024\" height=\"576\" data-id=\"5152\" src=\"https:\/\/www.halledelamachine.fr\/wp-content\/uploads\/2026\/02\/PRODUCTION-DU-POSSIBLE-1024x576.png\" alt=\"\" class=\"wp-image-5152\" srcset=\"https:\/\/www.halledelamachine.fr\/wp-content\/uploads\/2026\/02\/PRODUCTION-DU-POSSIBLE-1024x576.png 1024w, https:\/\/www.halledelamachine.fr\/wp-content\/uploads\/2026\/02\/PRODUCTION-DU-POSSIBLE-300x169.png 300w, https:\/\/www.halledelamachine.fr\/wp-content\/uploads\/2026\/02\/PRODUCTION-DU-POSSIBLE-768x432.png 768w, https:\/\/www.halledelamachine.fr\/wp-content\/uploads\/2026\/02\/PRODUCTION-DU-POSSIBLE-1536x864.png 1536w, https:\/\/www.halledelamachine.fr\/wp-content\/uploads\/2026\/02\/PRODUCTION-DU-POSSIBLE-1568x882.png 1568w, https:\/\/www.halledelamachine.fr\/wp-content\/uploads\/2026\/02\/PRODUCTION-DU-POSSIBLE-1800x1013.png 1800w, https:\/\/www.halledelamachine.fr\/wp-content\/uploads\/2026\/02\/PRODUCTION-DU-POSSIBLE-5x3.png 5w, https:\/\/www.halledelamachine.fr\/wp-content\/uploads\/2026\/02\/PRODUCTION-DU-POSSIBLE.png 1920w\" sizes=\"auto, (max-width: 1024px) 100vw, 1024px\" \/><\/a><\/figure>\n\n\n\n<figure class=\"wp-block-image size-large\"><a href=\"https:\/\/www.lenvol-des-pionniers.com\/\" target=\"_blank\" rel=\" noreferrer noopener\"><img loading=\"lazy\" decoding=\"async\" width=\"1024\" height=\"576\" data-id=\"4279\" src=\"https:\/\/www.halledelamachine.fr\/wp-content\/uploads\/2025\/11\/lenvol-des-pionniers-1024x576.png\" alt=\"\" class=\"wp-image-4279\" srcset=\"https:\/\/www.halledelamachine.fr\/wp-content\/uploads\/2025\/11\/lenvol-des-pionniers-1024x576.png 1024w, https:\/\/www.halledelamachine.fr\/wp-content\/uploads\/2025\/11\/lenvol-des-pionniers-300x169.png 300w, https:\/\/www.halledelamachine.fr\/wp-content\/uploads\/2025\/11\/lenvol-des-pionniers-768x432.png 768w, https:\/\/www.halledelamachine.fr\/wp-content\/uploads\/2025\/11\/lenvol-des-pionniers-1536x864.png 1536w, https:\/\/www.halledelamachine.fr\/wp-content\/uploads\/2025\/11\/lenvol-des-pionniers-1568x882.png 1568w, https:\/\/www.halledelamachine.fr\/wp-content\/uploads\/2025\/11\/lenvol-des-pionniers-1800x1013.png 1800w, https:\/\/www.halledelamachine.fr\/wp-content\/uploads\/2025\/11\/lenvol-des-pionniers-5x3.png 5w, https:\/\/www.halledelamachine.fr\/wp-content\/uploads\/2025\/11\/lenvol-des-pionniers.png 1920w\" sizes=\"auto, (max-width: 1024px) 100vw, 1024px\" \/><\/a><\/figure>\n\n\n\n<figure class=\"wp-block-image size-large\"><a href=\"https:\/\/museum.toulouse-metropole.fr\/\" target=\"_blank\" rel=\" noreferrer noopener\"><img loading=\"lazy\" decoding=\"async\" width=\"1024\" height=\"576\" data-id=\"5124\" src=\"https:\/\/www.halledelamachine.fr\/wp-content\/uploads\/2026\/01\/museum-toulouse-1024x576.png\" alt=\"\" class=\"wp-image-5124\" srcset=\"https:\/\/www.halledelamachine.fr\/wp-content\/uploads\/2026\/01\/museum-toulouse-1024x576.png 1024w, https:\/\/www.halledelamachine.fr\/wp-content\/uploads\/2026\/01\/museum-toulouse-300x169.png 300w, https:\/\/www.halledelamachine.fr\/wp-content\/uploads\/2026\/01\/museum-toulouse-768x432.png 768w, https:\/\/www.halledelamachine.fr\/wp-content\/uploads\/2026\/01\/museum-toulouse-1536x864.png 1536w, https:\/\/www.halledelamachine.fr\/wp-content\/uploads\/2026\/01\/museum-toulouse-1568x882.png 1568w, https:\/\/www.halledelamachine.fr\/wp-content\/uploads\/2026\/01\/museum-toulouse-1800x1013.png 1800w, https:\/\/www.halledelamachine.fr\/wp-content\/uploads\/2026\/01\/museum-toulouse-5x3.png 5w, https:\/\/www.halledelamachine.fr\/wp-content\/uploads\/2026\/01\/museum-toulouse.png 1920w\" sizes=\"auto, (max-width: 1024px) 100vw, 1024px\" \/><\/a><\/figure>\n<\/figure>\n<\/div>\n<\/div>\n\n\n\n<div class=\"wp-block-columns is-not-stacked-on-mobile is-layout-flex wp-container-core-columns-is-layout-9d6595d7 wp-block-columns-is-layout-flex\">\n<div class=\"wp-block-column is-layout-flow wp-block-column-is-layout-flow\">\n<figure class=\"wp-block-gallery has-nested-images columns-default is-cropped wp-block-gallery-3 is-layout-flex wp-block-gallery-is-layout-flex\">\n<figure class=\"wp-block-image size-large\"><a href=\"https:\/\/leprintempsdurire.com\/\" target=\"_blank\" rel=\" noreferrer noopener\"><img loading=\"lazy\" decoding=\"async\" width=\"1024\" height=\"576\" data-id=\"5208\" src=\"https:\/\/www.halledelamachine.fr\/wp-content\/uploads\/2026\/02\/le-printemps-du-rire-1024x576.png\" alt=\"\" class=\"wp-image-5208\" srcset=\"https:\/\/www.halledelamachine.fr\/wp-content\/uploads\/2026\/02\/le-printemps-du-rire-1024x576.png 1024w, https:\/\/www.halledelamachine.fr\/wp-content\/uploads\/2026\/02\/le-printemps-du-rire-300x169.png 300w, https:\/\/www.halledelamachine.fr\/wp-content\/uploads\/2026\/02\/le-printemps-du-rire-768x432.png 768w, https:\/\/www.halledelamachine.fr\/wp-content\/uploads\/2026\/02\/le-printemps-du-rire-1536x864.png 1536w, https:\/\/www.halledelamachine.fr\/wp-content\/uploads\/2026\/02\/le-printemps-du-rire-1568x882.png 1568w, https:\/\/www.halledelamachine.fr\/wp-content\/uploads\/2026\/02\/le-printemps-du-rire-1800x1013.png 1800w, https:\/\/www.halledelamachine.fr\/wp-content\/uploads\/2026\/02\/le-printemps-du-rire-5x3.png 5w, https:\/\/www.halledelamachine.fr\/wp-content\/uploads\/2026\/02\/le-printemps-du-rire.png 1920w\" sizes=\"auto, (max-width: 1024px) 100vw, 1024px\" \/><\/a><\/figure>\n\n\n\n<figure class=\"wp-block-image size-large is-style-default\"><a href=\"https:\/\/www.lemarathondesmots.com\/\" target=\"_blank\" rel=\" noreferrer noopener\"><img loading=\"lazy\" decoding=\"async\" width=\"1024\" height=\"576\" data-id=\"5211\" src=\"https:\/\/www.halledelamachine.fr\/wp-content\/uploads\/2026\/02\/le-marathon-des-mots-1024x576.png\" alt=\"\" class=\"wp-image-5211\" srcset=\"https:\/\/www.halledelamachine.fr\/wp-content\/uploads\/2026\/02\/le-marathon-des-mots-1024x576.png 1024w, https:\/\/www.halledelamachine.fr\/wp-content\/uploads\/2026\/02\/le-marathon-des-mots-300x169.png 300w, https:\/\/www.halledelamachine.fr\/wp-content\/uploads\/2026\/02\/le-marathon-des-mots-768x432.png 768w, https:\/\/www.halledelamachine.fr\/wp-content\/uploads\/2026\/02\/le-marathon-des-mots-1536x864.png 1536w, https:\/\/www.halledelamachine.fr\/wp-content\/uploads\/2026\/02\/le-marathon-des-mots-1568x882.png 1568w, https:\/\/www.halledelamachine.fr\/wp-content\/uploads\/2026\/02\/le-marathon-des-mots-1800x1013.png 1800w, https:\/\/www.halledelamachine.fr\/wp-content\/uploads\/2026\/02\/le-marathon-des-mots-5x3.png 5w, https:\/\/www.halledelamachine.fr\/wp-content\/uploads\/2026\/02\/le-marathon-des-mots.png 1920w\" sizes=\"auto, (max-width: 1024px) 100vw, 1024px\" \/><\/a><\/figure>\n\n\n\n<figure class=\"wp-block-image size-large\"><img loading=\"lazy\" decoding=\"async\" width=\"1024\" height=\"576\" data-id=\"5149\" src=\"https:\/\/www.halledelamachine.fr\/wp-content\/uploads\/2026\/02\/2.-espace-vide-1024x576.png\" alt=\"\" class=\"wp-image-5149\" srcset=\"https:\/\/www.halledelamachine.fr\/wp-content\/uploads\/2026\/02\/2.-espace-vide-1024x576.png 1024w, https:\/\/www.halledelamachine.fr\/wp-content\/uploads\/2026\/02\/2.-espace-vide-300x169.png 300w, https:\/\/www.halledelamachine.fr\/wp-content\/uploads\/2026\/02\/2.-espace-vide-768x432.png 768w, https:\/\/www.halledelamachine.fr\/wp-content\/uploads\/2026\/02\/2.-espace-vide-1536x864.png 1536w, https:\/\/www.halledelamachine.fr\/wp-content\/uploads\/2026\/02\/2.-espace-vide-1568x882.png 1568w, https:\/\/www.halledelamachine.fr\/wp-content\/uploads\/2026\/02\/2.-espace-vide-1800x1013.png 1800w, https:\/\/www.halledelamachine.fr\/wp-content\/uploads\/2026\/02\/2.-espace-vide-5x3.png 5w, https:\/\/www.halledelamachine.fr\/wp-content\/uploads\/2026\/02\/2.-espace-vide.png 1920w\" sizes=\"auto, (max-width: 1024px) 100vw, 1024px\" \/><\/figure>\n<\/figure>\n<\/div>\n<\/div>\n\n\n\n<h3 class=\"wp-block-heading has-black-color has-text-color has-link-color wp-elements-c447f3240f008e3691a7ab720da9de72\" class=\"wp-block-heading has-black-color has-text-color has-link-color wp-elements-c447f3240f008e3691a7ab720da9de72\" id=\"asociaciones-con-medios\">Asociaciones con medios<\/h3>\n\n\n\n<div class=\"wp-block-columns is-not-stacked-on-mobile is-layout-flex wp-container-core-columns-is-layout-9d6595d7 wp-block-columns-is-layout-flex\">\n<div class=\"wp-block-column is-layout-flow wp-block-column-is-layout-flow\" style=\"flex-basis:100%\">\n<figure class=\"wp-block-gallery has-nested-images columns-default is-cropped wp-block-gallery-4 is-layout-flex wp-block-gallery-is-layout-flex\">\n<figure class=\"wp-block-image size-large\"><a href=\"https:\/\/france3-regions.franceinfo.fr\/occitanie\/\" target=\"_blank\" rel=\" noreferrer noopener\"><img loading=\"lazy\" decoding=\"async\" width=\"1024\" height=\"576\" data-id=\"4255\" src=\"https:\/\/www.halledelamachine.fr\/wp-content\/uploads\/2025\/11\/france3-occitanie-1024x576.png\" alt=\"\" class=\"wp-image-4255\" srcset=\"https:\/\/www.halledelamachine.fr\/wp-content\/uploads\/2025\/11\/france3-occitanie-1024x576.png 1024w, https:\/\/www.halledelamachine.fr\/wp-content\/uploads\/2025\/11\/france3-occitanie-300x169.png 300w, https:\/\/www.halledelamachine.fr\/wp-content\/uploads\/2025\/11\/france3-occitanie-768x432.png 768w, https:\/\/www.halledelamachine.fr\/wp-content\/uploads\/2025\/11\/france3-occitanie-1536x864.png 1536w, https:\/\/www.halledelamachine.fr\/wp-content\/uploads\/2025\/11\/france3-occitanie-1568x882.png 1568w, https:\/\/www.halledelamachine.fr\/wp-content\/uploads\/2025\/11\/france3-occitanie-1800x1013.png 1800w, https:\/\/www.halledelamachine.fr\/wp-content\/uploads\/2025\/11\/france3-occitanie-5x3.png 5w, https:\/\/www.halledelamachine.fr\/wp-content\/uploads\/2025\/11\/france3-occitanie.png 1920w\" sizes=\"auto, (max-width: 1024px) 100vw, 1024px\" \/><\/a><\/figure>\n\n\n\n<figure class=\"wp-block-image size-large\"><a href=\"https:\/\/www.francebleu.fr\/\" target=\"_blank\" rel=\" noreferrer noopener\"><img loading=\"lazy\" decoding=\"async\" width=\"1024\" height=\"576\" data-id=\"4258\" src=\"https:\/\/www.halledelamachine.fr\/wp-content\/uploads\/2025\/11\/ici-radio-tv-digital-1024x576.png\" alt=\"\" class=\"wp-image-4258\" srcset=\"https:\/\/www.halledelamachine.fr\/wp-content\/uploads\/2025\/11\/ici-radio-tv-digital-1024x576.png 1024w, https:\/\/www.halledelamachine.fr\/wp-content\/uploads\/2025\/11\/ici-radio-tv-digital-300x169.png 300w, https:\/\/www.halledelamachine.fr\/wp-content\/uploads\/2025\/11\/ici-radio-tv-digital-768x432.png 768w, https:\/\/www.halledelamachine.fr\/wp-content\/uploads\/2025\/11\/ici-radio-tv-digital-1536x864.png 1536w, https:\/\/www.halledelamachine.fr\/wp-content\/uploads\/2025\/11\/ici-radio-tv-digital-1568x882.png 1568w, https:\/\/www.halledelamachine.fr\/wp-content\/uploads\/2025\/11\/ici-radio-tv-digital-1800x1013.png 1800w, https:\/\/www.halledelamachine.fr\/wp-content\/uploads\/2025\/11\/ici-radio-tv-digital-5x3.png 5w, https:\/\/www.halledelamachine.fr\/wp-content\/uploads\/2025\/11\/ici-radio-tv-digital.png 1920w\" sizes=\"auto, (max-width: 1024px) 100vw, 1024px\" \/><\/a><\/figure>\n\n\n\n<figure class=\"wp-block-image size-large\"><a href=\"https:\/\/www.clutchmag.fr\/\" target=\"_blank\" rel=\" noreferrer noopener\"><img loading=\"lazy\" decoding=\"async\" width=\"1024\" height=\"576\" data-id=\"4261\" src=\"https:\/\/www.halledelamachine.fr\/wp-content\/uploads\/2025\/11\/clutch-1024x576.png\" alt=\"\" class=\"wp-image-4261\" srcset=\"https:\/\/www.halledelamachine.fr\/wp-content\/uploads\/2025\/11\/clutch-1024x576.png 1024w, https:\/\/www.halledelamachine.fr\/wp-content\/uploads\/2025\/11\/clutch-300x169.png 300w, https:\/\/www.halledelamachine.fr\/wp-content\/uploads\/2025\/11\/clutch-768x432.png 768w, https:\/\/www.halledelamachine.fr\/wp-content\/uploads\/2025\/11\/clutch-1536x864.png 1536w, https:\/\/www.halledelamachine.fr\/wp-content\/uploads\/2025\/11\/clutch-1568x882.png 1568w, https:\/\/www.halledelamachine.fr\/wp-content\/uploads\/2025\/11\/clutch-1800x1013.png 1800w, https:\/\/www.halledelamachine.fr\/wp-content\/uploads\/2025\/11\/clutch-5x3.png 5w, https:\/\/www.halledelamachine.fr\/wp-content\/uploads\/2025\/11\/clutch.png 1920w\" sizes=\"auto, (max-width: 1024px) 100vw, 1024px\" \/><\/a><\/figure>\n<\/figure>\n<\/div>\n<\/div>\n\n\n\n<h3 class=\"wp-block-heading has-black-color has-text-color has-link-color wp-elements-a5ac485f40c3133cdeafb0523b89229c\" class=\"wp-block-heading has-black-color has-text-color has-link-color wp-elements-a5ac485f40c3133cdeafb0523b89229c\" id=\"otros-socios\">Otros socios<\/h3>\n\n\n\n<div class=\"wp-block-columns is-not-stacked-on-mobile is-layout-flex wp-container-core-columns-is-layout-9d6595d7 wp-block-columns-is-layout-flex\">\n<div class=\"wp-block-column is-layout-flow wp-block-column-is-layout-flow\" style=\"flex-basis:100%\">\n<figure class=\"wp-block-gallery has-nested-images columns-default is-cropped wp-block-gallery-5 is-layout-flex wp-block-gallery-is-layout-flex\">\n<figure class=\"wp-block-image size-large\"><a href=\"https:\/\/www.ateliermeridiem.com\/\" target=\"_blank\" rel=\" noreferrer noopener\"><img loading=\"lazy\" decoding=\"async\" width=\"1024\" height=\"576\" data-id=\"4907\" src=\"https:\/\/www.halledelamachine.fr\/wp-content\/uploads\/2026\/01\/atelier-meridiem-1024x576.png\" alt=\"\" class=\"wp-image-4907\" srcset=\"https:\/\/www.halledelamachine.fr\/wp-content\/uploads\/2026\/01\/atelier-meridiem-1024x576.png 1024w, https:\/\/www.halledelamachine.fr\/wp-content\/uploads\/2026\/01\/atelier-meridiem-300x169.png 300w, https:\/\/www.halledelamachine.fr\/wp-content\/uploads\/2026\/01\/atelier-meridiem-768x432.png 768w, https:\/\/www.halledelamachine.fr\/wp-content\/uploads\/2026\/01\/atelier-meridiem-1536x864.png 1536w, https:\/\/www.halledelamachine.fr\/wp-content\/uploads\/2026\/01\/atelier-meridiem-1568x882.png 1568w, https:\/\/www.halledelamachine.fr\/wp-content\/uploads\/2026\/01\/atelier-meridiem-1800x1013.png 1800w, https:\/\/www.halledelamachine.fr\/wp-content\/uploads\/2026\/01\/atelier-meridiem-5x3.png 5w, https:\/\/www.halledelamachine.fr\/wp-content\/uploads\/2026\/01\/atelier-meridiem.png 1920w\" sizes=\"auto, (max-width: 1024px) 100vw, 1024px\" \/><\/a><\/figure>\n\n\n\n<figure class=\"wp-block-image size-large\"><a href=\"https:\/\/www.toulouse-team.com\/\" target=\"_blank\" rel=\" noreferrer noopener\"><img loading=\"lazy\" decoding=\"async\" width=\"1024\" height=\"576\" data-id=\"4387\" src=\"https:\/\/www.halledelamachine.fr\/wp-content\/uploads\/2025\/11\/toulouse-team-1024x576.png\" alt=\"\" class=\"wp-image-4387\" srcset=\"https:\/\/www.halledelamachine.fr\/wp-content\/uploads\/2025\/11\/toulouse-team-1024x576.png 1024w, https:\/\/www.halledelamachine.fr\/wp-content\/uploads\/2025\/11\/toulouse-team-300x169.png 300w, https:\/\/www.halledelamachine.fr\/wp-content\/uploads\/2025\/11\/toulouse-team-768x432.png 768w, https:\/\/www.halledelamachine.fr\/wp-content\/uploads\/2025\/11\/toulouse-team-1536x864.png 1536w, https:\/\/www.halledelamachine.fr\/wp-content\/uploads\/2025\/11\/toulouse-team-1568x882.png 1568w, https:\/\/www.halledelamachine.fr\/wp-content\/uploads\/2025\/11\/toulouse-team-1800x1013.png 1800w, https:\/\/www.halledelamachine.fr\/wp-content\/uploads\/2025\/11\/toulouse-team-5x3.png 5w, https:\/\/www.halledelamachine.fr\/wp-content\/uploads\/2025\/11\/toulouse-team.png 1920w\" sizes=\"auto, (max-width: 1024px) 100vw, 1024px\" \/><\/a><\/figure>\n\n\n\n<figure class=\"wp-block-image size-large\"><a href=\"https:\/\/www.gibert.com\/stores\/toulouse-gibert-joseph-librairie\" target=\"_blank\" rel=\" noreferrer noopener\"><img loading=\"lazy\" decoding=\"async\" width=\"1024\" height=\"576\" data-id=\"4390\" src=\"https:\/\/www.halledelamachine.fr\/wp-content\/uploads\/2025\/11\/gibert-1024x576.png\" alt=\"\" class=\"wp-image-4390\" srcset=\"https:\/\/www.halledelamachine.fr\/wp-content\/uploads\/2025\/11\/gibert-1024x576.png 1024w, https:\/\/www.halledelamachine.fr\/wp-content\/uploads\/2025\/11\/gibert-300x169.png 300w, https:\/\/www.halledelamachine.fr\/wp-content\/uploads\/2025\/11\/gibert-768x432.png 768w, https:\/\/www.halledelamachine.fr\/wp-content\/uploads\/2025\/11\/gibert-1536x864.png 1536w, https:\/\/www.halledelamachine.fr\/wp-content\/uploads\/2025\/11\/gibert-1568x882.png 1568w, https:\/\/www.halledelamachine.fr\/wp-content\/uploads\/2025\/11\/gibert-1800x1013.png 1800w, https:\/\/www.halledelamachine.fr\/wp-content\/uploads\/2025\/11\/gibert-5x3.png 5w, https:\/\/www.halledelamachine.fr\/wp-content\/uploads\/2025\/11\/gibert.png 1920w\" sizes=\"auto, (max-width: 1024px) 100vw, 1024px\" \/><\/a><\/figure>\n<\/figure>\n<\/div>\n<\/div>\n\n\n\n<div class=\"wp-block-columns is-not-stacked-on-mobile is-layout-flex wp-container-core-columns-is-layout-9d6595d7 wp-block-columns-is-layout-flex\">\n<div class=\"wp-block-column is-layout-flow wp-block-column-is-layout-flow\" style=\"flex-basis:100%\">\n<figure class=\"wp-block-gallery has-nested-images columns-default is-cropped wp-block-gallery-6 is-layout-flex wp-block-gallery-is-layout-flex\">\n<figure class=\"wp-block-image size-large\"><a href=\"https:\/\/www.q-park.fr\/fr-fr\/villes\/toulouse\/\" target=\"_blank\" rel=\" noreferrer noopener\"><img loading=\"lazy\" decoding=\"async\" width=\"1024\" height=\"576\" data-id=\"4276\" src=\"https:\/\/www.halledelamachine.fr\/wp-content\/uploads\/2025\/11\/qpark-montaudran-1024x576.png\" alt=\"\" class=\"wp-image-4276\" srcset=\"https:\/\/www.halledelamachine.fr\/wp-content\/uploads\/2025\/11\/qpark-montaudran-1024x576.png 1024w, https:\/\/www.halledelamachine.fr\/wp-content\/uploads\/2025\/11\/qpark-montaudran-300x169.png 300w, https:\/\/www.halledelamachine.fr\/wp-content\/uploads\/2025\/11\/qpark-montaudran-768x432.png 768w, https:\/\/www.halledelamachine.fr\/wp-content\/uploads\/2025\/11\/qpark-montaudran-1536x864.png 1536w, https:\/\/www.halledelamachine.fr\/wp-content\/uploads\/2025\/11\/qpark-montaudran-1568x882.png 1568w, https:\/\/www.halledelamachine.fr\/wp-content\/uploads\/2025\/11\/qpark-montaudran-1800x1013.png 1800w, https:\/\/www.halledelamachine.fr\/wp-content\/uploads\/2025\/11\/qpark-montaudran-5x3.png 5w, https:\/\/www.halledelamachine.fr\/wp-content\/uploads\/2025\/11\/qpark-montaudran.png 1920w\" sizes=\"auto, (max-width: 1024px) 100vw, 1024px\" \/><\/a><\/figure>\n\n\n\n<figure class=\"wp-block-image size-large\"><a href=\"https:\/\/www.maisonduvelotoulouse.com\/\" target=\"_blank\" rel=\" noreferrer noopener\"><img loading=\"lazy\" decoding=\"async\" width=\"1024\" height=\"576\" data-id=\"4270\" src=\"https:\/\/www.halledelamachine.fr\/wp-content\/uploads\/2025\/11\/la-maison-du-velo-toulouse-1024x576.png\" alt=\"\" class=\"wp-image-4270\" srcset=\"https:\/\/www.halledelamachine.fr\/wp-content\/uploads\/2025\/11\/la-maison-du-velo-toulouse-1024x576.png 1024w, https:\/\/www.halledelamachine.fr\/wp-content\/uploads\/2025\/11\/la-maison-du-velo-toulouse-300x169.png 300w, https:\/\/www.halledelamachine.fr\/wp-content\/uploads\/2025\/11\/la-maison-du-velo-toulouse-768x432.png 768w, https:\/\/www.halledelamachine.fr\/wp-content\/uploads\/2025\/11\/la-maison-du-velo-toulouse-1536x864.png 1536w, https:\/\/www.halledelamachine.fr\/wp-content\/uploads\/2025\/11\/la-maison-du-velo-toulouse-1568x882.png 1568w, https:\/\/www.halledelamachine.fr\/wp-content\/uploads\/2025\/11\/la-maison-du-velo-toulouse-1800x1013.png 1800w, https:\/\/www.halledelamachine.fr\/wp-content\/uploads\/2025\/11\/la-maison-du-velo-toulouse-5x3.png 5w, https:\/\/www.halledelamachine.fr\/wp-content\/uploads\/2025\/11\/la-maison-du-velo-toulouse.png 1920w\" sizes=\"auto, (max-width: 1024px) 100vw, 1024px\" \/><\/a><\/figure>\n\n\n\n<figure class=\"wp-block-image size-large\"><a href=\"https:\/\/www.groupe-sncf.com\/fr\" target=\"_blank\" rel=\" noreferrer noopener\"><img loading=\"lazy\" decoding=\"async\" width=\"1024\" height=\"576\" data-id=\"4267\" src=\"https:\/\/www.halledelamachine.fr\/wp-content\/uploads\/2025\/11\/sncf-1024x576.png\" alt=\"\" class=\"wp-image-4267\" srcset=\"https:\/\/www.halledelamachine.fr\/wp-content\/uploads\/2025\/11\/sncf-1024x576.png 1024w, https:\/\/www.halledelamachine.fr\/wp-content\/uploads\/2025\/11\/sncf-300x169.png 300w, https:\/\/www.halledelamachine.fr\/wp-content\/uploads\/2025\/11\/sncf-768x432.png 768w, https:\/\/www.halledelamachine.fr\/wp-content\/uploads\/2025\/11\/sncf-1536x864.png 1536w, https:\/\/www.halledelamachine.fr\/wp-content\/uploads\/2025\/11\/sncf-1568x882.png 1568w, https:\/\/www.halledelamachine.fr\/wp-content\/uploads\/2025\/11\/sncf-1800x1013.png 1800w, https:\/\/www.halledelamachine.fr\/wp-content\/uploads\/2025\/11\/sncf-5x3.png 5w, https:\/\/www.halledelamachine.fr\/wp-content\/uploads\/2025\/11\/sncf.png 1920w\" sizes=\"auto, (max-width: 1024px) 100vw, 1024px\" \/><\/a><\/figure>\n<\/figure>\n<\/div>\n<\/div>\n\n\n\n<div class=\"wp-block-columns is-not-stacked-on-mobile is-layout-flex wp-container-core-columns-is-layout-9d6595d7 wp-block-columns-is-layout-flex\">\n<div class=\"wp-block-column is-layout-flow wp-block-column-is-layout-flow\" style=\"flex-basis:100%\">\n<figure class=\"wp-block-gallery has-nested-images columns-default is-cropped wp-block-gallery-7 is-layout-flex wp-block-gallery-is-layout-flex\">\n<figure class=\"wp-block-image size-large\"><a href=\"https:\/\/www.tisseo.fr\/\" target=\"_blank\" rel=\" noreferrer noopener\"><img loading=\"lazy\" decoding=\"async\" width=\"1024\" height=\"576\" data-id=\"4273\" src=\"https:\/\/www.halledelamachine.fr\/wp-content\/uploads\/2025\/11\/tisseo-1024x576.png\" alt=\"\" class=\"wp-image-4273\" srcset=\"https:\/\/www.halledelamachine.fr\/wp-content\/uploads\/2025\/11\/tisseo-1024x576.png 1024w, https:\/\/www.halledelamachine.fr\/wp-content\/uploads\/2025\/11\/tisseo-300x169.png 300w, https:\/\/www.halledelamachine.fr\/wp-content\/uploads\/2025\/11\/tisseo-768x432.png 768w, https:\/\/www.halledelamachine.fr\/wp-content\/uploads\/2025\/11\/tisseo-1536x864.png 1536w, https:\/\/www.halledelamachine.fr\/wp-content\/uploads\/2025\/11\/tisseo-1568x882.png 1568w, https:\/\/www.halledelamachine.fr\/wp-content\/uploads\/2025\/11\/tisseo-1800x1013.png 1800w, https:\/\/www.halledelamachine.fr\/wp-content\/uploads\/2025\/11\/tisseo-5x3.png 5w, https:\/\/www.halledelamachine.fr\/wp-content\/uploads\/2025\/11\/tisseo.png 1920w\" sizes=\"auto, (max-width: 1024px) 100vw, 1024px\" \/><\/a><\/figure>\n\n\n\n<figure class=\"wp-block-image size-large\"><a href=\"https:\/\/www.ugc.fr\/cinema.html?id=56\" target=\"_blank\" rel=\" noreferrer noopener\"><img loading=\"lazy\" decoding=\"async\" width=\"1024\" height=\"576\" data-id=\"4282\" src=\"https:\/\/www.halledelamachine.fr\/wp-content\/uploads\/2025\/11\/ugc-montaudran-1024x576.png\" alt=\"\" class=\"wp-image-4282\" srcset=\"https:\/\/www.halledelamachine.fr\/wp-content\/uploads\/2025\/11\/ugc-montaudran-1024x576.png 1024w, https:\/\/www.halledelamachine.fr\/wp-content\/uploads\/2025\/11\/ugc-montaudran-300x169.png 300w, https:\/\/www.halledelamachine.fr\/wp-content\/uploads\/2025\/11\/ugc-montaudran-768x432.png 768w, https:\/\/www.halledelamachine.fr\/wp-content\/uploads\/2025\/11\/ugc-montaudran-1536x864.png 1536w, https:\/\/www.halledelamachine.fr\/wp-content\/uploads\/2025\/11\/ugc-montaudran-1568x882.png 1568w, https:\/\/www.halledelamachine.fr\/wp-content\/uploads\/2025\/11\/ugc-montaudran-1800x1013.png 1800w, https:\/\/www.halledelamachine.fr\/wp-content\/uploads\/2025\/11\/ugc-montaudran-5x3.png 5w, https:\/\/www.halledelamachine.fr\/wp-content\/uploads\/2025\/11\/ugc-montaudran.png 1920w\" sizes=\"auto, (max-width: 1024px) 100vw, 1024px\" \/><\/a><\/figure>\n\n\n\n<figure class=\"wp-block-image size-large\"><a href=\"https:\/\/www.bosseur.fr\/\" target=\"_blank\" rel=\" noreferrer noopener\"><img loading=\"lazy\" decoding=\"async\" width=\"1024\" height=\"576\" data-id=\"4393\" src=\"https:\/\/www.halledelamachine.fr\/wp-content\/uploads\/2025\/11\/bosseur-1024x576.png\" alt=\"\" class=\"wp-image-4393\" srcset=\"https:\/\/www.halledelamachine.fr\/wp-content\/uploads\/2025\/11\/bosseur-1024x576.png 1024w, https:\/\/www.halledelamachine.fr\/wp-content\/uploads\/2025\/11\/bosseur-300x169.png 300w, https:\/\/www.halledelamachine.fr\/wp-content\/uploads\/2025\/11\/bosseur-768x432.png 768w, https:\/\/www.halledelamachine.fr\/wp-content\/uploads\/2025\/11\/bosseur-1536x864.png 1536w, https:\/\/www.halledelamachine.fr\/wp-content\/uploads\/2025\/11\/bosseur-1568x882.png 1568w, https:\/\/www.halledelamachine.fr\/wp-content\/uploads\/2025\/11\/bosseur-1800x1013.png 1800w, https:\/\/www.halledelamachine.fr\/wp-content\/uploads\/2025\/11\/bosseur-5x3.png 5w, https:\/\/www.halledelamachine.fr\/wp-content\/uploads\/2025\/11\/bosseur.png 1920w\" sizes=\"auto, (max-width: 1024px) 100vw, 1024px\" \/><\/a><\/figure>\n<\/figure>\n<\/div>\n<\/div>\n\n\n\n<div class=\"wp-block-columns is-not-stacked-on-mobile is-layout-flex wp-container-core-columns-is-layout-9d6595d7 wp-block-columns-is-layout-flex\">\n<div class=\"wp-block-column is-layout-flow wp-block-column-is-layout-flow\" style=\"flex-basis:100%\">\n<figure class=\"wp-block-gallery has-nested-images columns-default is-cropped wp-block-gallery-8 is-layout-flex wp-block-gallery-is-layout-flex\">\n<figure class=\"wp-block-image size-large\"><a href=\"https:\/\/souffleurs.org\/\" target=\"_blank\" rel=\" noreferrer noopener\"><img loading=\"lazy\" decoding=\"async\" width=\"1024\" height=\"576\" data-id=\"4285\" src=\"https:\/\/www.halledelamachine.fr\/wp-content\/uploads\/2025\/11\/souffleurs-diamges-1024x576.png\" alt=\"\" class=\"wp-image-4285\" srcset=\"https:\/\/www.halledelamachine.fr\/wp-content\/uploads\/2025\/11\/souffleurs-diamges-1024x576.png 1024w, https:\/\/www.halledelamachine.fr\/wp-content\/uploads\/2025\/11\/souffleurs-diamges-300x169.png 300w, https:\/\/www.halledelamachine.fr\/wp-content\/uploads\/2025\/11\/souffleurs-diamges-768x432.png 768w, https:\/\/www.halledelamachine.fr\/wp-content\/uploads\/2025\/11\/souffleurs-diamges-1536x864.png 1536w, https:\/\/www.halledelamachine.fr\/wp-content\/uploads\/2025\/11\/souffleurs-diamges-1568x882.png 1568w, https:\/\/www.halledelamachine.fr\/wp-content\/uploads\/2025\/11\/souffleurs-diamges-1800x1013.png 1800w, https:\/\/www.halledelamachine.fr\/wp-content\/uploads\/2025\/11\/souffleurs-diamges-5x3.png 5w, https:\/\/www.halledelamachine.fr\/wp-content\/uploads\/2025\/11\/souffleurs-diamges.png 1920w\" sizes=\"auto, (max-width: 1024px) 100vw, 1024px\" \/><\/a><\/figure>\n\n\n\n<figure class=\"wp-block-image size-large\"><a href=\"https:\/\/www.culturesducoeur.org\/CULTURES_DU_COEUR_31\" target=\"_blank\" rel=\" noreferrer noopener\"><img loading=\"lazy\" decoding=\"async\" width=\"1024\" height=\"576\" data-id=\"4451\" src=\"https:\/\/www.halledelamachine.fr\/wp-content\/uploads\/2025\/12\/culture-du-coeur-1024x576.png\" alt=\"\" class=\"wp-image-4451\" srcset=\"https:\/\/www.halledelamachine.fr\/wp-content\/uploads\/2025\/12\/culture-du-coeur-1024x576.png 1024w, https:\/\/www.halledelamachine.fr\/wp-content\/uploads\/2025\/12\/culture-du-coeur-300x169.png 300w, https:\/\/www.halledelamachine.fr\/wp-content\/uploads\/2025\/12\/culture-du-coeur-768x432.png 768w, https:\/\/www.halledelamachine.fr\/wp-content\/uploads\/2025\/12\/culture-du-coeur-1536x864.png 1536w, https:\/\/www.halledelamachine.fr\/wp-content\/uploads\/2025\/12\/culture-du-coeur-1568x882.png 1568w, https:\/\/www.halledelamachine.fr\/wp-content\/uploads\/2025\/12\/culture-du-coeur-1800x1013.png 1800w, https:\/\/www.halledelamachine.fr\/wp-content\/uploads\/2025\/12\/culture-du-coeur-5x3.png 5w, https:\/\/www.halledelamachine.fr\/wp-content\/uploads\/2025\/12\/culture-du-coeur.png 1920w\" sizes=\"auto, (max-width: 1024px) 100vw, 1024px\" \/><\/a><\/figure>\n\n\n\n<figure class=\"wp-block-image size-large\"><img loading=\"lazy\" decoding=\"async\" width=\"1024\" height=\"576\" data-id=\"5149\" src=\"https:\/\/www.halledelamachine.fr\/wp-content\/uploads\/2026\/02\/2.-espace-vide-1024x576.png\" alt=\"\" class=\"wp-image-5149\" srcset=\"https:\/\/www.halledelamachine.fr\/wp-content\/uploads\/2026\/02\/2.-espace-vide-1024x576.png 1024w, https:\/\/www.halledelamachine.fr\/wp-content\/uploads\/2026\/02\/2.-espace-vide-300x169.png 300w, https:\/\/www.halledelamachine.fr\/wp-content\/uploads\/2026\/02\/2.-espace-vide-768x432.png 768w, https:\/\/www.halledelamachine.fr\/wp-content\/uploads\/2026\/02\/2.-espace-vide-1536x864.png 1536w, https:\/\/www.halledelamachine.fr\/wp-content\/uploads\/2026\/02\/2.-espace-vide-1568x882.png 1568w, https:\/\/www.halledelamachine.fr\/wp-content\/uploads\/2026\/02\/2.-espace-vide-1800x1013.png 1800w, https:\/\/www.halledelamachine.fr\/wp-content\/uploads\/2026\/02\/2.-espace-vide-5x3.png 5w, https:\/\/www.halledelamachine.fr\/wp-content\/uploads\/2026\/02\/2.-espace-vide.png 1920w\" sizes=\"auto, (max-width: 1024px) 100vw, 1024px\" \/><\/figure>\n<\/figure>\n<\/div>\n<\/div>\n\n\n\n<div style=\"height:100px\" aria-hidden=\"true\" class=\"wp-block-spacer\"><\/div>\n","protected":false},"excerpt":{"rendered":"<p>Toulouse m\u00e9tropole La Halle de La Machine est\u00e1 gestionada en el marco de una delegaci\u00f3n de servicio p\u00fablico otorgada por Toulouse M\u00e9tropole a la asociaci\u00f3n La Machine Toulouse (Ley 1901). Nuestros verdaderospadrinos y madrinas Nuestros verdaderos padrinos y madrinas son empresas que apoyan la actividad art\u00edstica de la Halle de La Machine mediante donaciones econ\u00f3micas&hellip; <a class=\"more-link\" href=\"https:\/\/www.halledelamachine.fr\/es\/nos-partenaires\/\">Continue reading <span class=\"screen-reader-text\">Nuestros socios<\/span><\/a><\/p>\n","protected":false},"author":2,"featured_media":5010,"parent":0,"menu_order":0,"comment_status":"closed","ping_status":"closed","template":"","meta":{"_acf_changed":false,"footnotes":""},"class_list":["post-2283","page","type-page","status-publish","has-post-thumbnail","hentry","entry"],"acf":[],"_links":{"self":[{"href":"https:\/\/www.halledelamachine.fr\/es\/wp-json\/wp\/v2\/pages\/2283","targetHints":{"allow":["GET"]}}],"collection":[{"href":"https:\/\/www.halledelamachine.fr\/es\/wp-json\/wp\/v2\/pages"}],"about":[{"href":"https:\/\/www.halledelamachine.fr\/es\/wp-json\/wp\/v2\/types\/page"}],"author":[{"embeddable":true,"href":"https:\/\/www.halledelamachine.fr\/es\/wp-json\/wp\/v2\/users\/2"}],"replies":[{"embeddable":true,"href":"https:\/\/www.halledelamachine.fr\/es\/wp-json\/wp\/v2\/comments?post=2283"}],"version-history":[{"count":4,"href":"https:\/\/www.halledelamachine.fr\/es\/wp-json\/wp\/v2\/pages\/2283\/revisions"}],"predecessor-version":[{"id":5303,"href":"https:\/\/www.halledelamachine.fr\/es\/wp-json\/wp\/v2\/pages\/2283\/revisions\/5303"}],"wp:featuredmedia":[{"embeddable":true,"href":"https:\/\/www.halledelamachine.fr\/es\/wp-json\/wp\/v2\/media\/5010"}],"wp:attachment":[{"href":"https:\/\/www.halledelamachine.fr\/es\/wp-json\/wp\/v2\/media?parent=2283"}],"curies":[{"name":"wp","href":"https:\/\/api.w.org\/{rel}","templated":true}]}}