{"id":2358,"date":"2024-03-05T17:32:49","date_gmt":"2024-03-05T16:32:49","guid":{"rendered":"https:\/\/www.halledelamachine.fr\/privatisez-la-halle\/"},"modified":"2024-07-01T17:44:12","modified_gmt":"2024-07-01T15:44:12","slug":"privatisez-la-halle","status":"publish","type":"page","link":"https:\/\/www.halledelamachine.fr\/es\/privatisez-la-halle\/","title":{"rendered":"Privatisaci\u00f3n de la Halle"},"content":{"rendered":"<\/div> <!-- .HM23_TEXT_CONTAINER --><div class=\"HM23_CONTENT_BLOCK HM23_CHAPEAU\"><p>D\u00e9 movimiento a sus eventos de empresa: \u00a1Privatice la Halle de La Machine!<\/p>\n<\/div><div class=\"HM23_TEXT_CONTAINER\">\n\n\n<p>La Halle de la Machine ofrece un marco \u00fanico y espectacular para sus eventos corporativos. Desde jornadas de estudio hasta cenas de gala y seminarios, los espacios privados son modulables y pueden acoger de 10 a 4.000 personas.<\/p>\n\n\n\n<p>Seminarios, reuniones de negocios, eventos de team building, c\u00f3cteles, cenas de gala&#8230; lleve a sus invitados a un lugar m\u00e1gico donde la innovaci\u00f3n se une a la artesan\u00eda, bajo la mirada del famoso Minotauro de Toulouse.&nbsp; Disfrute de una sala de conferencias con vistas al espacio de exposici\u00f3n o de un c\u00f3ctel en medio del bestiario mec\u00e1nico de La Machine en compa\u00f1\u00eda de los \u201cVerdaderos Maquinistas\u201d, en acci\u00f3n para el disfrute de sus invitados.<\/p>\n\n\n<div class=\"HM23_CONTENT_BLOCK_LARGE HM23_INFOS_PRATIQUES\"><div class=\"HM23_TI_TITRE\">Contacto<\/div><div class=\"HM23_TI_TEXTE_CONTENU\"><p><strong>Manuela Lavier<\/strong><br \/>\nGrande Chambellan <em>du Bureau des Belles R\u00e9ceptions<br \/>\n<\/em>06 29 89 61 88<\/p>\n<\/div><a class=\"HM23_CTA\" href=\"mailto: privatisation@halledelamachine.fr\"  target = \"_blank\" >EMAIL<\/a><\/div>\n\n\n<h3 class=\"wp-block-heading has-text-color has-link-color wp-elements-77ea465a55e2d95e19eacc2a30cd2c6f\" style=\"color:#ea3322\" class=\"wp-block-heading has-text-color has-link-color wp-elements-77ea465a55e2d95e19eacc2a30cd2c6f\" style=\"color:#ea3322\" id=\"los-espacios-que-se-pueden-privatizar\">Los espacios que se pueden privatizar<\/h3>\n\n\n\n<div class=\"wp-block-columns is-layout-flex wp-container-core-columns-is-layout-9d6595d7 wp-block-columns-is-layout-flex\">\n<div class=\"wp-block-column is-layout-flow wp-block-column-is-layout-flow\">\n<p class=\"has-text-color has-link-color wp-elements-2e96286997038cb65cc194787bf4ae36\" style=\"color:#ea3322\"><strong>La Halle<\/strong><\/p>\n\n\n\n<div class=\"wp-block-media-text is-stacked-on-mobile\" style=\"grid-template-columns:60% auto\"><figure class=\"wp-block-media-text__media\"><img loading=\"lazy\" decoding=\"async\" width=\"1024\" height=\"740\" src=\"https:\/\/www.halledelamachine.fr\/wp-content\/uploads\/2024\/03\/capture-soireeinsolites-louisdumont00002-1-1024x740.webp\" alt=\"\" class=\"wp-image-893 size-full\" srcset=\"https:\/\/www.halledelamachine.fr\/wp-content\/uploads\/2024\/03\/capture-soireeinsolites-louisdumont00002-1-1024x740.webp 1024w, https:\/\/www.halledelamachine.fr\/wp-content\/uploads\/2024\/03\/capture-soireeinsolites-louisdumont00002-1-300x217.webp 300w, https:\/\/www.halledelamachine.fr\/wp-content\/uploads\/2024\/03\/capture-soireeinsolites-louisdumont00002-1-768x555.webp 768w, https:\/\/www.halledelamachine.fr\/wp-content\/uploads\/2024\/03\/capture-soireeinsolites-louisdumont00002-1-5x5.webp 5w, https:\/\/www.halledelamachine.fr\/wp-content\/uploads\/2024\/03\/capture-soireeinsolites-louisdumont00002-1.webp 1432w\" sizes=\"auto, (max-width: 1024px) 100vw, 1024px\" \/><\/figure><div class=\"wp-block-media-text__content\">\n<p><strong>2800 m<sup>2<\/sup><\/strong><br>Diner de gala<br><em>350 convives<\/em>* <br>Cocktail dinatoire<br><em>1400 convives<\/em>*<\/p>\n<\/div><\/div>\n\n\n\n<p class=\"has-text-color has-link-color wp-elements-6772ac5d7c03f43a6763b109dae68845\" style=\"color:#ea3322\"><strong>La Piste des G\u00e9ants<\/strong><\/p>\n\n\n\n<div class=\"wp-block-media-text is-stacked-on-mobile\" style=\"grid-template-columns:60% auto\"><figure class=\"wp-block-media-text__media\"><img loading=\"lazy\" decoding=\"async\" width=\"1024\" height=\"646\" src=\"https:\/\/www.halledelamachine.fr\/wp-content\/uploads\/2024\/03\/Halle-de-La-Machine-\u00a9JordiBover-1024x646.webp\" alt=\"Halle de La Machine - Piste - cr\u00e9dit Jordi Bover\" class=\"wp-image-901 size-full\" srcset=\"https:\/\/www.halledelamachine.fr\/wp-content\/uploads\/2024\/03\/Halle-de-La-Machine-\u00a9JordiBover-1024x646.webp 1024w, https:\/\/www.halledelamachine.fr\/wp-content\/uploads\/2024\/03\/Halle-de-La-Machine-\u00a9JordiBover-300x189.webp 300w, https:\/\/www.halledelamachine.fr\/wp-content\/uploads\/2024\/03\/Halle-de-La-Machine-\u00a9JordiBover-768x485.webp 768w, https:\/\/www.halledelamachine.fr\/wp-content\/uploads\/2024\/03\/Halle-de-La-Machine-\u00a9JordiBover-1536x969.webp 1536w, https:\/\/www.halledelamachine.fr\/wp-content\/uploads\/2024\/03\/Halle-de-La-Machine-\u00a9JordiBover-1568x990.webp 1568w, https:\/\/www.halledelamachine.fr\/wp-content\/uploads\/2024\/03\/Halle-de-La-Machine-\u00a9JordiBover-5x3.webp 5w, https:\/\/www.halledelamachine.fr\/wp-content\/uploads\/2024\/03\/Halle-de-La-Machine-\u00a9JordiBover.webp 1800w\" sizes=\"auto, (max-width: 1024px) 100vw, 1024px\" \/><\/figure><div class=\"wp-block-media-text__content\">\n<p><br><strong>10 000 m<sup>2<\/sup><\/strong><br>Voyage \u00e0 dos de Minotaure<br><em>49 personnes<\/em><br><br><\/p>\n<\/div><\/div>\n\n\n\n<div class=\"wp-block-media-text is-stacked-on-mobile\" style=\"grid-template-columns:60% auto\"><figure class=\"wp-block-media-text__media\"><img loading=\"lazy\" decoding=\"async\" width=\"800\" height=\"450\" src=\"https:\/\/www.halledelamachine.fr\/wp-content\/uploads\/2024\/03\/P1640892ok.webp\" alt=\"Man\u00e8ge Carr\u00e9 S\u00e9nart - Halle de La Machine - pdavid\" class=\"wp-image-995 size-full\" srcset=\"https:\/\/www.halledelamachine.fr\/wp-content\/uploads\/2024\/03\/P1640892ok.webp 800w, https:\/\/www.halledelamachine.fr\/wp-content\/uploads\/2024\/03\/P1640892ok-300x169.webp 300w, https:\/\/www.halledelamachine.fr\/wp-content\/uploads\/2024\/03\/P1640892ok-768x432.webp 768w, https:\/\/www.halledelamachine.fr\/wp-content\/uploads\/2024\/03\/P1640892ok-5x3.webp 5w\" sizes=\"auto, (max-width: 800px) 100vw, 800px\" \/><\/figure><div class=\"wp-block-media-text__content\">\n<p><br><strong>Man\u00e8ge Carr\u00e9 S\u00e9nart<\/strong><br><em>50 personne<\/em>s<br><br><strong>Machines \u00e0 effets<\/strong><br>Possibilit\u00e9 d&#8217;ajouter des barnums<br><em>4000 convives<\/em><br><br><\/p>\n<\/div><\/div>\n<\/div>\n\n\n\n<div class=\"wp-block-column is-layout-flow wp-block-column-is-layout-flow\">\n<p class=\"has-text-color has-link-color wp-elements-b3ef41349970cb5fccae4bc8bd7285ba\" style=\"color:#ea3322\"><strong>Le Minotaure Caf\u00e9 <\/strong><\/p>\n\n\n\n<div class=\"wp-block-media-text is-stacked-on-mobile\" style=\"grid-template-columns:60% auto\"><figure class=\"wp-block-media-text__media\"><img loading=\"lazy\" decoding=\"async\" width=\"1008\" height=\"664\" src=\"https:\/\/www.halledelamachine.fr\/wp-content\/uploads\/2024\/03\/20221116_211344.webp\" alt=\"\" class=\"wp-image-904 size-full\" srcset=\"https:\/\/www.halledelamachine.fr\/wp-content\/uploads\/2024\/03\/20221116_211344.webp 1008w, https:\/\/www.halledelamachine.fr\/wp-content\/uploads\/2024\/03\/20221116_211344-300x198.webp 300w, https:\/\/www.halledelamachine.fr\/wp-content\/uploads\/2024\/03\/20221116_211344-768x506.webp 768w, https:\/\/www.halledelamachine.fr\/wp-content\/uploads\/2024\/03\/20221116_211344-5x3.webp 5w\" sizes=\"auto, (max-width: 1008px) 100vw, 1008px\" \/><\/figure><div class=\"wp-block-media-text__content\">\n<p><strong>140 m<sup>2<\/sup><\/strong><br>Repas assis<br><em>106 couverts<\/em>*<br>Cocktail dinatoire ou buffet<br><em>140 convives<\/em>*<\/p>\n<\/div><\/div>\n\n\n\n<p class=\"has-text-color has-link-color wp-elements-d5343e4f1c8f968e94aa014a00214c9b\" style=\"color:#ea3322\"><strong>Le Balcon<\/strong><\/p>\n\n\n\n<div class=\"wp-block-media-text is-stacked-on-mobile\" style=\"grid-template-columns:60% auto\"><figure class=\"wp-block-media-text__media\"><img loading=\"lazy\" decoding=\"async\" width=\"1024\" height=\"683\" src=\"https:\/\/www.halledelamachine.fr\/wp-content\/uploads\/2024\/03\/Balcon2-1024x683.jpg\" alt=\"\" class=\"wp-image-907 size-full\" srcset=\"https:\/\/www.halledelamachine.fr\/wp-content\/uploads\/2024\/03\/Balcon2-1024x683.jpg 1024w, https:\/\/www.halledelamachine.fr\/wp-content\/uploads\/2024\/03\/Balcon2-300x200.jpg 300w, https:\/\/www.halledelamachine.fr\/wp-content\/uploads\/2024\/03\/Balcon2-768x512.jpg 768w, https:\/\/www.halledelamachine.fr\/wp-content\/uploads\/2024\/03\/Balcon2-1536x1024.jpg 1536w, https:\/\/www.halledelamachine.fr\/wp-content\/uploads\/2024\/03\/Balcon2-2048x1365.jpg 2048w, https:\/\/www.halledelamachine.fr\/wp-content\/uploads\/2024\/03\/Balcon2-1568x1045.jpg 1568w, https:\/\/www.halledelamachine.fr\/wp-content\/uploads\/2024\/03\/Balcon2-1800x1200.jpg 1800w, https:\/\/www.halledelamachine.fr\/wp-content\/uploads\/2024\/03\/Balcon2-5x3.jpg 5w\" sizes=\"auto, (max-width: 1024px) 100vw, 1024px\" \/><\/figure><div class=\"wp-block-media-text__content\">\n<p><strong>200 m<sup>2<\/sup><\/strong><br>Dispositif th\u00e9\u00e2tre <br><em>170 places assises<\/em>*<br><\/p>\n<\/div><\/div>\n\n\n\n<p class=\"has-text-color has-link-color wp-elements-cc0ca1dff1bc4b45bdd7f18d6b3ab0b1\" style=\"color:#ea3322\"><strong>La Salle de r\u00e9union<\/strong><\/p>\n\n\n\n<div class=\"wp-block-media-text is-stacked-on-mobile\" style=\"grid-template-columns:60% auto\"><figure class=\"wp-block-media-text__media\"><img loading=\"lazy\" decoding=\"async\" width=\"1024\" height=\"681\" src=\"https:\/\/www.halledelamachine.fr\/wp-content\/uploads\/2024\/06\/Salle-de-reunion-1024x681.jpg\" alt=\"\" class=\"wp-image-2002 size-full\" srcset=\"https:\/\/www.halledelamachine.fr\/wp-content\/uploads\/2024\/06\/Salle-de-reunion-1024x681.jpg 1024w, https:\/\/www.halledelamachine.fr\/wp-content\/uploads\/2024\/06\/Salle-de-reunion-300x200.jpg 300w, https:\/\/www.halledelamachine.fr\/wp-content\/uploads\/2024\/06\/Salle-de-reunion-768x511.jpg 768w, https:\/\/www.halledelamachine.fr\/wp-content\/uploads\/2024\/06\/Salle-de-reunion-1536x1022.jpg 1536w, https:\/\/www.halledelamachine.fr\/wp-content\/uploads\/2024\/06\/Salle-de-reunion-2048x1363.jpg 2048w, https:\/\/www.halledelamachine.fr\/wp-content\/uploads\/2024\/06\/Salle-de-reunion-1568x1043.jpg 1568w, https:\/\/www.halledelamachine.fr\/wp-content\/uploads\/2024\/06\/Salle-de-reunion-1800x1198.jpg 1800w, https:\/\/www.halledelamachine.fr\/wp-content\/uploads\/2024\/06\/Salle-de-reunion-5x3.jpg 5w\" sizes=\"auto, (max-width: 1024px) 100vw, 1024px\" \/><\/figure><div class=\"wp-block-media-text__content\">\n<p><strong>90 m<sup>2<\/sup><\/strong><br>Configuration en U<br>50 places assise<\/p>\n<\/div><\/div>\n\n\n\n<div class=\"wp-block-media-text is-stacked-on-mobile\" style=\"grid-template-columns:60% auto\"><figure class=\"wp-block-media-text__media\"><img loading=\"lazy\" decoding=\"async\" width=\"850\" height=\"442\" src=\"https:\/\/www.halledelamachine.fr\/wp-content\/uploads\/2024\/06\/salle-de-reunion.webp\" alt=\"\" class=\"wp-image-2010 size-full\" srcset=\"https:\/\/www.halledelamachine.fr\/wp-content\/uploads\/2024\/06\/salle-de-reunion.webp 850w, https:\/\/www.halledelamachine.fr\/wp-content\/uploads\/2024\/06\/salle-de-reunion-300x156.webp 300w, https:\/\/www.halledelamachine.fr\/wp-content\/uploads\/2024\/06\/salle-de-reunion-768x399.webp 768w, https:\/\/www.halledelamachine.fr\/wp-content\/uploads\/2024\/06\/salle-de-reunion-5x3.webp 5w\" sizes=\"auto, (max-width: 850px) 100vw, 850px\" \/><\/figure><div class=\"wp-block-media-text__content\">\n<p><strong>90 m<sup>2<\/sup><\/strong><br>Dispositif pl\u00e9ni\u00e8re<br><em>60  places assise<\/em>s en th\u00e9\u00e2tre avec buffet pour accueil caf\u00e9<\/p>\n<\/div><\/div>\n<\/div>\n<\/div>\n\n\n\n<p>* El calibre indicado es el calibre m\u00e1ximo. Se pueden solicitar otras configuraciones.<\/p>\n\n\n\n<h3 class=\"wp-block-heading has-text-color has-link-color wp-elements-46ca3e02bc8eead9b658c0cf9179d09a\" style=\"color:#ea3322\" class=\"wp-block-heading has-text-color has-link-color wp-elements-46ca3e02bc8eead9b658c0cf9179d09a\" style=\"color:#ea3322\" id=\"en-images\">en images<\/h3>\n\n\n\n<figure class=\"wp-block-gallery has-nested-images columns-default is-cropped wp-block-gallery-1 is-layout-flex wp-block-gallery-is-layout-flex\">\n<figure class=\"wp-block-image size-large\"><img loading=\"lazy\" decoding=\"async\" width=\"1024\" height=\"576\" data-id=\"944\" src=\"https:\/\/www.halledelamachine.fr\/wp-content\/uploads\/2024\/03\/P1390836ok-1024x576.webp\" alt=\"\" class=\"wp-image-944\" srcset=\"https:\/\/www.halledelamachine.fr\/wp-content\/uploads\/2024\/03\/P1390836ok-1024x576.webp 1024w, https:\/\/www.halledelamachine.fr\/wp-content\/uploads\/2024\/03\/P1390836ok-300x169.webp 300w, https:\/\/www.halledelamachine.fr\/wp-content\/uploads\/2024\/03\/P1390836ok-768x432.webp 768w, https:\/\/www.halledelamachine.fr\/wp-content\/uploads\/2024\/03\/P1390836ok-1536x864.webp 1536w, https:\/\/www.halledelamachine.fr\/wp-content\/uploads\/2024\/03\/P1390836ok-1568x882.webp 1568w, https:\/\/www.halledelamachine.fr\/wp-content\/uploads\/2024\/03\/P1390836ok-5x3.webp 5w, https:\/\/www.halledelamachine.fr\/wp-content\/uploads\/2024\/03\/P1390836ok.webp 1800w\" sizes=\"auto, (max-width: 1024px) 100vw, 1024px\" \/><\/figure>\n\n\n\n<figure class=\"wp-block-image size-large\"><img loading=\"lazy\" decoding=\"async\" width=\"1024\" height=\"576\" data-id=\"911\" src=\"https:\/\/www.halledelamachine.fr\/wp-content\/uploads\/2024\/03\/capture-soireeinsolites-louisdumont00001-1024x576.webp\" alt=\"\" class=\"wp-image-911\" srcset=\"https:\/\/www.halledelamachine.fr\/wp-content\/uploads\/2024\/03\/capture-soireeinsolites-louisdumont00001-1024x576.webp 1024w, https:\/\/www.halledelamachine.fr\/wp-content\/uploads\/2024\/03\/capture-soireeinsolites-louisdumont00001-300x169.webp 300w, https:\/\/www.halledelamachine.fr\/wp-content\/uploads\/2024\/03\/capture-soireeinsolites-louisdumont00001-768x432.webp 768w, https:\/\/www.halledelamachine.fr\/wp-content\/uploads\/2024\/03\/capture-soireeinsolites-louisdumont00001-1536x864.webp 1536w, https:\/\/www.halledelamachine.fr\/wp-content\/uploads\/2024\/03\/capture-soireeinsolites-louisdumont00001-2048x1152.webp 2048w, https:\/\/www.halledelamachine.fr\/wp-content\/uploads\/2024\/03\/capture-soireeinsolites-louisdumont00001-1568x882.webp 1568w, https:\/\/www.halledelamachine.fr\/wp-content\/uploads\/2024\/03\/capture-soireeinsolites-louisdumont00001-1800x1013.webp 1800w, https:\/\/www.halledelamachine.fr\/wp-content\/uploads\/2024\/03\/capture-soireeinsolites-louisdumont00001-5x3.webp 5w\" sizes=\"auto, (max-width: 1024px) 100vw, 1024px\" \/><\/figure>\n\n\n\n<figure class=\"wp-block-image size-large\"><img loading=\"lazy\" decoding=\"async\" width=\"1024\" height=\"576\" data-id=\"910\" src=\"https:\/\/www.halledelamachine.fr\/wp-content\/uploads\/2024\/03\/HDM-30-1024x576.webp\" alt=\"\" class=\"wp-image-910\" srcset=\"https:\/\/www.halledelamachine.fr\/wp-content\/uploads\/2024\/03\/HDM-30-1024x576.webp 1024w, https:\/\/www.halledelamachine.fr\/wp-content\/uploads\/2024\/03\/HDM-30-300x169.webp 300w, https:\/\/www.halledelamachine.fr\/wp-content\/uploads\/2024\/03\/HDM-30-768x432.webp 768w, https:\/\/www.halledelamachine.fr\/wp-content\/uploads\/2024\/03\/HDM-30-5x3.webp 5w, https:\/\/www.halledelamachine.fr\/wp-content\/uploads\/2024\/03\/HDM-30.webp 1200w\" sizes=\"auto, (max-width: 1024px) 100vw, 1024px\" \/><\/figure>\n\n\n\n<figure class=\"wp-block-image size-large\"><img loading=\"lazy\" decoding=\"async\" width=\"1024\" height=\"576\" data-id=\"912\" src=\"https:\/\/www.halledelamachine.fr\/wp-content\/uploads\/2024\/03\/capture-soireeinsolites-louisdumont00005-1024x576.webp\" alt=\"\" class=\"wp-image-912\" srcset=\"https:\/\/www.halledelamachine.fr\/wp-content\/uploads\/2024\/03\/capture-soireeinsolites-louisdumont00005-1024x576.webp 1024w, https:\/\/www.halledelamachine.fr\/wp-content\/uploads\/2024\/03\/capture-soireeinsolites-louisdumont00005-300x169.webp 300w, https:\/\/www.halledelamachine.fr\/wp-content\/uploads\/2024\/03\/capture-soireeinsolites-louisdumont00005-768x432.webp 768w, https:\/\/www.halledelamachine.fr\/wp-content\/uploads\/2024\/03\/capture-soireeinsolites-louisdumont00005-1536x864.webp 1536w, https:\/\/www.halledelamachine.fr\/wp-content\/uploads\/2024\/03\/capture-soireeinsolites-louisdumont00005-1568x882.webp 1568w, https:\/\/www.halledelamachine.fr\/wp-content\/uploads\/2024\/03\/capture-soireeinsolites-louisdumont00005-1800x1013.webp 1800w, https:\/\/www.halledelamachine.fr\/wp-content\/uploads\/2024\/03\/capture-soireeinsolites-louisdumont00005-5x3.webp 5w, https:\/\/www.halledelamachine.fr\/wp-content\/uploads\/2024\/03\/capture-soireeinsolites-louisdumont00005.webp 1840w\" sizes=\"auto, (max-width: 1024px) 100vw, 1024px\" \/><\/figure>\n\n\n\n<figure class=\"wp-block-image size-large\"><img loading=\"lazy\" decoding=\"async\" width=\"1024\" height=\"681\" data-id=\"922\" src=\"https:\/\/www.halledelamachine.fr\/wp-content\/uploads\/2024\/03\/Halle-cocktail-1024x681.webp\" alt=\"\" class=\"wp-image-922\" srcset=\"https:\/\/www.halledelamachine.fr\/wp-content\/uploads\/2024\/03\/Halle-cocktail-1024x681.webp 1024w, https:\/\/www.halledelamachine.fr\/wp-content\/uploads\/2024\/03\/Halle-cocktail-300x200.webp 300w, https:\/\/www.halledelamachine.fr\/wp-content\/uploads\/2024\/03\/Halle-cocktail-768x511.webp 768w, https:\/\/www.halledelamachine.fr\/wp-content\/uploads\/2024\/03\/Halle-cocktail-5x3.webp 5w, https:\/\/www.halledelamachine.fr\/wp-content\/uploads\/2024\/03\/Halle-cocktail.webp 1200w\" sizes=\"auto, (max-width: 1024px) 100vw, 1024px\" \/><\/figure>\n\n\n\n<figure class=\"wp-block-image size-full\"><img loading=\"lazy\" decoding=\"async\" width=\"1840\" height=\"1035\" data-id=\"913\" src=\"https:\/\/www.halledelamachine.fr\/wp-content\/uploads\/2024\/03\/capture-soireeinsolites-louisdumont00006.webp\" alt=\"\" class=\"wp-image-913\" srcset=\"https:\/\/www.halledelamachine.fr\/wp-content\/uploads\/2024\/03\/capture-soireeinsolites-louisdumont00006.webp 1840w, https:\/\/www.halledelamachine.fr\/wp-content\/uploads\/2024\/03\/capture-soireeinsolites-louisdumont00006-300x169.webp 300w, https:\/\/www.halledelamachine.fr\/wp-content\/uploads\/2024\/03\/capture-soireeinsolites-louisdumont00006-1024x576.webp 1024w, https:\/\/www.halledelamachine.fr\/wp-content\/uploads\/2024\/03\/capture-soireeinsolites-louisdumont00006-768x432.webp 768w, https:\/\/www.halledelamachine.fr\/wp-content\/uploads\/2024\/03\/capture-soireeinsolites-louisdumont00006-1536x864.webp 1536w, https:\/\/www.halledelamachine.fr\/wp-content\/uploads\/2024\/03\/capture-soireeinsolites-louisdumont00006-1568x882.webp 1568w, https:\/\/www.halledelamachine.fr\/wp-content\/uploads\/2024\/03\/capture-soireeinsolites-louisdumont00006-1800x1013.webp 1800w, https:\/\/www.halledelamachine.fr\/wp-content\/uploads\/2024\/03\/capture-soireeinsolites-louisdumont00006-5x3.webp 5w\" sizes=\"auto, (max-width: 1840px) 100vw, 1840px\" \/><\/figure>\n\n\n\n<figure class=\"wp-block-image size-large\"><img loading=\"lazy\" decoding=\"async\" width=\"1024\" height=\"576\" data-id=\"929\" src=\"https:\/\/www.halledelamachine.fr\/wp-content\/uploads\/2024\/03\/capture-soireeinsolites-louisdumont00008-1024x576.webp\" alt=\"\" class=\"wp-image-929\" srcset=\"https:\/\/www.halledelamachine.fr\/wp-content\/uploads\/2024\/03\/capture-soireeinsolites-louisdumont00008-1024x576.webp 1024w, https:\/\/www.halledelamachine.fr\/wp-content\/uploads\/2024\/03\/capture-soireeinsolites-louisdumont00008-300x169.webp 300w, https:\/\/www.halledelamachine.fr\/wp-content\/uploads\/2024\/03\/capture-soireeinsolites-louisdumont00008-768x432.webp 768w, https:\/\/www.halledelamachine.fr\/wp-content\/uploads\/2024\/03\/capture-soireeinsolites-louisdumont00008-1536x864.webp 1536w, https:\/\/www.halledelamachine.fr\/wp-content\/uploads\/2024\/03\/capture-soireeinsolites-louisdumont00008-2048x1152.webp 2048w, https:\/\/www.halledelamachine.fr\/wp-content\/uploads\/2024\/03\/capture-soireeinsolites-louisdumont00008-1568x882.webp 1568w, https:\/\/www.halledelamachine.fr\/wp-content\/uploads\/2024\/03\/capture-soireeinsolites-louisdumont00008-1800x1013.webp 1800w, https:\/\/www.halledelamachine.fr\/wp-content\/uploads\/2024\/03\/capture-soireeinsolites-louisdumont00008-5x3.webp 5w\" sizes=\"auto, (max-width: 1024px) 100vw, 1024px\" \/><\/figure>\n\n\n\n<figure class=\"wp-block-image size-large\"><img loading=\"lazy\" decoding=\"async\" width=\"1024\" height=\"683\" data-id=\"934\" src=\"https:\/\/www.halledelamachine.fr\/wp-content\/uploads\/2024\/03\/Halle-Diner-2-1024x683.webp\" alt=\"\" class=\"wp-image-934\" srcset=\"https:\/\/www.halledelamachine.fr\/wp-content\/uploads\/2024\/03\/Halle-Diner-2-1024x683.webp 1024w, https:\/\/www.halledelamachine.fr\/wp-content\/uploads\/2024\/03\/Halle-Diner-2-300x200.webp 300w, https:\/\/www.halledelamachine.fr\/wp-content\/uploads\/2024\/03\/Halle-Diner-2-768x512.webp 768w, https:\/\/www.halledelamachine.fr\/wp-content\/uploads\/2024\/03\/Halle-Diner-2-1536x1024.webp 1536w, https:\/\/www.halledelamachine.fr\/wp-content\/uploads\/2024\/03\/Halle-Diner-2-1568x1045.webp 1568w, https:\/\/www.halledelamachine.fr\/wp-content\/uploads\/2024\/03\/Halle-Diner-2-5x3.webp 5w, https:\/\/www.halledelamachine.fr\/wp-content\/uploads\/2024\/03\/Halle-Diner-2.webp 1800w\" sizes=\"auto, (max-width: 1024px) 100vw, 1024px\" \/><\/figure>\n\n\n\n<figure class=\"wp-block-image size-large\"><img loading=\"lazy\" decoding=\"async\" width=\"1024\" height=\"576\" data-id=\"926\" src=\"https:\/\/www.halledelamachine.fr\/wp-content\/uploads\/2024\/03\/P1400179ok-1024x576.webp\" alt=\"\" class=\"wp-image-926\" srcset=\"https:\/\/www.halledelamachine.fr\/wp-content\/uploads\/2024\/03\/P1400179ok-1024x576.webp 1024w, https:\/\/www.halledelamachine.fr\/wp-content\/uploads\/2024\/03\/P1400179ok-300x169.webp 300w, https:\/\/www.halledelamachine.fr\/wp-content\/uploads\/2024\/03\/P1400179ok-768x432.webp 768w, https:\/\/www.halledelamachine.fr\/wp-content\/uploads\/2024\/03\/P1400179ok-1536x864.webp 1536w, https:\/\/www.halledelamachine.fr\/wp-content\/uploads\/2024\/03\/P1400179ok-1568x882.webp 1568w, https:\/\/www.halledelamachine.fr\/wp-content\/uploads\/2024\/03\/P1400179ok-5x3.webp 5w, https:\/\/www.halledelamachine.fr\/wp-content\/uploads\/2024\/03\/P1400179ok.webp 1800w\" sizes=\"auto, (max-width: 1024px) 100vw, 1024px\" \/><\/figure>\n<\/figure>\n\n\n\n<details class=\"wp-block-details is-layout-flow wp-block-details-is-layout-flow\"><summary>Descargue nuestro folleto para m\u00e1s informaci\u00f3n<\/summary>\n<div data-wp-interactive=\"core\/file\" class=\"wp-block-file\"><object data-wp-bind--hidden=\"!state.hasPdfPreview\" hidden class=\"wp-block-file__embed\" data=\"https:\/\/www.halledelamachine.fr\/wp-content\/uploads\/2024\/04\/Depliant-PRIVAT-version-WEB.pdf\" type=\"application\/pdf\" style=\"width:100%;height:600px\" aria-label=\"Incrustado de Depliant-PRIVAT-version-WEB.\"><\/object><a id=\"wp-block-file--media-fb69cd0d-4f9d-495c-ba4b-05571c57da26\" href=\"https:\/\/www.halledelamachine.fr\/wp-content\/uploads\/2024\/04\/Depliant-PRIVAT-version-WEB.pdf\">Depliant-PRIVAT-version-WEB<\/a><a href=\"https:\/\/www.halledelamachine.fr\/wp-content\/uploads\/2024\/04\/Depliant-PRIVAT-version-WEB.pdf\" class=\"wp-block-file__button wp-element-button\" download aria-describedby=\"wp-block-file--media-fb69cd0d-4f9d-495c-ba4b-05571c57da26\">T\u00e9l\u00e9charger<\/a><\/div>\n<\/details>\n","protected":false},"excerpt":{"rendered":"<p>La Halle de la Machine ofrece un marco \u00fanico y espectacular para sus eventos corporativos. Desde jornadas de estudio hasta cenas de gala y seminarios, los espacios privados son modulables y pueden acoger de 10 a 4.000 personas. Seminarios, reuniones de negocios, eventos de team building, c\u00f3cteles, cenas de gala&#8230; lleve a sus invitados a&hellip; <a class=\"more-link\" href=\"https:\/\/www.halledelamachine.fr\/es\/privatisez-la-halle\/\">Continue reading <span class=\"screen-reader-text\">Privatisaci\u00f3n de la Halle<\/span><\/a><\/p>\n","protected":false},"author":2,"featured_media":0,"parent":0,"menu_order":0,"comment_status":"closed","ping_status":"closed","template":"","meta":{"_acf_changed":false,"footnotes":""},"class_list":["post-2358","page","type-page","status-publish","hentry","entry"],"acf":[],"_links":{"self":[{"href":"https:\/\/www.halledelamachine.fr\/es\/wp-json\/wp\/v2\/pages\/2358","targetHints":{"allow":["GET"]}}],"collection":[{"href":"https:\/\/www.halledelamachine.fr\/es\/wp-json\/wp\/v2\/pages"}],"about":[{"href":"https:\/\/www.halledelamachine.fr\/es\/wp-json\/wp\/v2\/types\/page"}],"author":[{"embeddable":true,"href":"https:\/\/www.halledelamachine.fr\/es\/wp-json\/wp\/v2\/users\/2"}],"replies":[{"embeddable":true,"href":"https:\/\/www.halledelamachine.fr\/es\/wp-json\/wp\/v2\/comments?post=2358"}],"version-history":[{"count":1,"href":"https:\/\/www.halledelamachine.fr\/es\/wp-json\/wp\/v2\/pages\/2358\/revisions"}],"predecessor-version":[{"id":2360,"href":"https:\/\/www.halledelamachine.fr\/es\/wp-json\/wp\/v2\/pages\/2358\/revisions\/2360"}],"wp:attachment":[{"href":"https:\/\/www.halledelamachine.fr\/es\/wp-json\/wp\/v2\/media?parent=2358"}],"curies":[{"name":"wp","href":"https:\/\/api.w.org\/{rel}","templated":true}]}}