{"id":2418,"date":"2024-04-11T16:26:08","date_gmt":"2024-04-11T14:26:08","guid":{"rendered":"https:\/\/www.halledelamachine.fr\/espace-presse\/"},"modified":"2024-07-08T12:38:18","modified_gmt":"2024-07-08T10:38:18","slug":"espace-presse","status":"publish","type":"page","link":"https:\/\/www.halledelamachine.fr\/es\/espace-presse\/","title":{"rendered":"Espacio prensa"},"content":{"rendered":"\n<div style=\"height:100px\" aria-hidden=\"true\" class=\"wp-block-spacer\"><\/div>\n\n\n\n<h3 class=\"wp-block-heading\" class=\"wp-block-heading\" id=\"contactos-comunicacion-relaciones-prensa\">Contactos Comunicacion &amp; relaciones prensa<\/h3>\n\n\n\n<p><strong>Fanny Poitevin<\/strong>&nbsp;: fanny.poitevin@halledelamachine.fr \/ 06 29 89 62 20<\/p>\n\n\n\n<\/div> <!-- .HM23_TEXT_CONTAINER --><div class=\"HM23_CONTENT_BLOCK\"  style=\"text-align:left;\" ><a  href=\"mailto : fanny.poitevin@halledelamachine.fr\" target=\"_blank\"  class=\"HM23_CTA\">CONTACTEZ FANNY POITEVIN<\/a><\/div><div class=\"HM23_TEXT_CONTAINER\">\n\n\n<p><strong>Aude Fourni\u00e9<\/strong>&nbsp;: aude.fournie@halledelamachine.fr \/ 06 03 05 67 84<\/p>\n\n\n\n<\/div> <!-- .HM23_TEXT_CONTAINER --><div class=\"HM23_CONTENT_BLOCK\"  style=\"text-align:left;\" ><a  href=\"mailto : aude.fournie@halledelamachine.fr\" target=\"_blank\"  class=\"HM23_CTA\">CONTACTEZ AUDE FOURNI\u00c9<\/a><\/div><div class=\"HM23_TEXT_CONTAINER\">\n\n\n<h3 class=\"wp-block-heading\" class=\"wp-block-heading\" id=\"dossier-de-prensa-general\">Dossier de prensa g\u00e9n\u00e9ral<\/h3>\n\n\n\n<div data-wp-interactive=\"core\/file\" class=\"wp-block-file\"><object data-wp-bind--hidden=\"!state.hasPdfPreview\" hidden class=\"wp-block-file__embed\" data=\"https:\/\/www.halledelamachine.fr\/wp-content\/uploads\/2024\/07\/DOSSIER_PRESSE_HDLM_ES_2023_web.pdf\" type=\"application\/pdf\" style=\"width:100%;height:600px\" aria-label=\"Incrustado de DOSSIER_PRESSE_HDLM_ES_web.\"><\/object><a id=\"wp-block-file--media-90ff6d8b-d342-4099-8484-41368f669416\" href=\"https:\/\/www.halledelamachine.fr\/wp-content\/uploads\/2024\/07\/DOSSIER_PRESSE_HDLM_ES_2023_web.pdf\">DOSSIER_PRESSE_HDLM_ES_web<\/a><a href=\"https:\/\/www.halledelamachine.fr\/wp-content\/uploads\/2024\/07\/DOSSIER_PRESSE_HDLM_ES_2023_web.pdf\" class=\"wp-block-file__button wp-element-button\" download aria-describedby=\"wp-block-file--media-90ff6d8b-d342-4099-8484-41368f669416\">T\u00e9l\u00e9charger<\/a><\/div>\n\n\n\n<h3 class=\"wp-block-heading\" class=\"wp-block-heading\" id=\"dossier-de-prensa-verano-2024-halle-summer-long\">Dossier de prensa &#8211; Verano 2024 : HALLE SUMMER LONG<\/h3>\n\n\n\n<div data-wp-interactive=\"core\/file\" class=\"wp-block-file\"><object data-wp-bind--hidden=\"!state.hasPdfPreview\" hidden class=\"wp-block-file__embed\" data=\"https:\/\/www.halledelamachine.fr\/wp-content\/uploads\/2024\/07\/DP-HDLM_ETE-24-web.pdf\" type=\"application\/pdf\" style=\"width:100%;height:600px\" aria-label=\"Incrustado de DP-HDLM_de presse ETE-24-web.\"><\/object><a id=\"wp-block-file--media-44b9e9e8-27c9-4611-931b-c38f80a79adc\" href=\"https:\/\/www.halledelamachine.fr\/wp-content\/uploads\/2024\/07\/DP-HDLM_ETE-24-web.pdf\">DP-HDLM_de presse ETE-24-web<\/a><a href=\"https:\/\/www.halledelamachine.fr\/wp-content\/uploads\/2024\/07\/DP-HDLM_ETE-24-web.pdf\" class=\"wp-block-file__button wp-element-button\" download aria-describedby=\"wp-block-file--media-44b9e9e8-27c9-4611-931b-c38f80a79adc\">T\u00e9l\u00e9charger<\/a><\/div>\n\n\n\n<h3 class=\"wp-block-heading\" class=\"wp-block-heading\" id=\"kit-medias\">KIT M\u00c9DIAS<\/h3>\n\n\n\n<figure class=\"wp-block-gallery has-nested-images columns-default is-cropped wp-block-gallery-1 is-layout-flex wp-block-gallery-is-layout-flex\">\n<figure class=\"wp-block-image size-large\"><img loading=\"lazy\" decoding=\"async\" width=\"1024\" height=\"576\" data-id=\"1595\" src=\"https:\/\/www.halledelamachine.fr\/wp-content\/uploads\/2024\/04\/P1650834-Snow-Wind-Fire-Le-Cadre-de-Feu-\u00a9-Pauline-David-Halle-de-la-Machine-1024x576.jpg\" alt=\"\" class=\"wp-image-1595\" srcset=\"https:\/\/www.halledelamachine.fr\/wp-content\/uploads\/2024\/04\/P1650834-Snow-Wind-Fire-Le-Cadre-de-Feu-\u00a9-Pauline-David-Halle-de-la-Machine-1024x576.jpg 1024w, https:\/\/www.halledelamachine.fr\/wp-content\/uploads\/2024\/04\/P1650834-Snow-Wind-Fire-Le-Cadre-de-Feu-\u00a9-Pauline-David-Halle-de-la-Machine-300x169.jpg 300w, https:\/\/www.halledelamachine.fr\/wp-content\/uploads\/2024\/04\/P1650834-Snow-Wind-Fire-Le-Cadre-de-Feu-\u00a9-Pauline-David-Halle-de-la-Machine-768x432.jpg 768w, https:\/\/www.halledelamachine.fr\/wp-content\/uploads\/2024\/04\/P1650834-Snow-Wind-Fire-Le-Cadre-de-Feu-\u00a9-Pauline-David-Halle-de-la-Machine-1536x864.jpg 1536w, https:\/\/www.halledelamachine.fr\/wp-content\/uploads\/2024\/04\/P1650834-Snow-Wind-Fire-Le-Cadre-de-Feu-\u00a9-Pauline-David-Halle-de-la-Machine-2048x1152.jpg 2048w, https:\/\/www.halledelamachine.fr\/wp-content\/uploads\/2024\/04\/P1650834-Snow-Wind-Fire-Le-Cadre-de-Feu-\u00a9-Pauline-David-Halle-de-la-Machine-1568x882.jpg 1568w, https:\/\/www.halledelamachine.fr\/wp-content\/uploads\/2024\/04\/P1650834-Snow-Wind-Fire-Le-Cadre-de-Feu-\u00a9-Pauline-David-Halle-de-la-Machine-1800x1013.jpg 1800w, https:\/\/www.halledelamachine.fr\/wp-content\/uploads\/2024\/04\/P1650834-Snow-Wind-Fire-Le-Cadre-de-Feu-\u00a9-Pauline-David-Halle-de-la-Machine-5x3.jpg 5w\" sizes=\"auto, (max-width: 1024px) 100vw, 1024px\" \/><\/figure>\n\n\n\n<figure class=\"wp-block-image size-large\"><img loading=\"lazy\" decoding=\"async\" width=\"1024\" height=\"576\" data-id=\"1586\" src=\"https:\/\/www.halledelamachine.fr\/wp-content\/uploads\/2024\/04\/P1350403ok-creditp.david_-1024x576.jpg\" alt=\"\" class=\"wp-image-1586\" srcset=\"https:\/\/www.halledelamachine.fr\/wp-content\/uploads\/2024\/04\/P1350403ok-creditp.david_-1024x576.jpg 1024w, https:\/\/www.halledelamachine.fr\/wp-content\/uploads\/2024\/04\/P1350403ok-creditp.david_-300x169.jpg 300w, https:\/\/www.halledelamachine.fr\/wp-content\/uploads\/2024\/04\/P1350403ok-creditp.david_-768x432.jpg 768w, https:\/\/www.halledelamachine.fr\/wp-content\/uploads\/2024\/04\/P1350403ok-creditp.david_-1536x864.jpg 1536w, https:\/\/www.halledelamachine.fr\/wp-content\/uploads\/2024\/04\/P1350403ok-creditp.david_-2048x1152.jpg 2048w, https:\/\/www.halledelamachine.fr\/wp-content\/uploads\/2024\/04\/P1350403ok-creditp.david_-1568x882.jpg 1568w, https:\/\/www.halledelamachine.fr\/wp-content\/uploads\/2024\/04\/P1350403ok-creditp.david_-1800x1013.jpg 1800w, https:\/\/www.halledelamachine.fr\/wp-content\/uploads\/2024\/04\/P1350403ok-creditp.david_-5x3.jpg 5w\" sizes=\"auto, (max-width: 1024px) 100vw, 1024px\" \/><\/figure>\n\n\n\n<figure class=\"wp-block-image size-large\"><img loading=\"lazy\" decoding=\"async\" width=\"1024\" height=\"683\" data-id=\"1592\" src=\"https:\/\/www.halledelamachine.fr\/wp-content\/uploads\/2024\/04\/IMG_7996-Snow-Wind-Fire-Rafales-\u00a9-Fanny-Poitevin-Halle-de-la-Machine-1024x683.jpg\" alt=\"\" class=\"wp-image-1592\" srcset=\"https:\/\/www.halledelamachine.fr\/wp-content\/uploads\/2024\/04\/IMG_7996-Snow-Wind-Fire-Rafales-\u00a9-Fanny-Poitevin-Halle-de-la-Machine-1024x683.jpg 1024w, https:\/\/www.halledelamachine.fr\/wp-content\/uploads\/2024\/04\/IMG_7996-Snow-Wind-Fire-Rafales-\u00a9-Fanny-Poitevin-Halle-de-la-Machine-300x200.jpg 300w, https:\/\/www.halledelamachine.fr\/wp-content\/uploads\/2024\/04\/IMG_7996-Snow-Wind-Fire-Rafales-\u00a9-Fanny-Poitevin-Halle-de-la-Machine-768x512.jpg 768w, https:\/\/www.halledelamachine.fr\/wp-content\/uploads\/2024\/04\/IMG_7996-Snow-Wind-Fire-Rafales-\u00a9-Fanny-Poitevin-Halle-de-la-Machine-1536x1024.jpg 1536w, https:\/\/www.halledelamachine.fr\/wp-content\/uploads\/2024\/04\/IMG_7996-Snow-Wind-Fire-Rafales-\u00a9-Fanny-Poitevin-Halle-de-la-Machine-2048x1365.jpg 2048w, https:\/\/www.halledelamachine.fr\/wp-content\/uploads\/2024\/04\/IMG_7996-Snow-Wind-Fire-Rafales-\u00a9-Fanny-Poitevin-Halle-de-la-Machine-1568x1045.jpg 1568w, https:\/\/www.halledelamachine.fr\/wp-content\/uploads\/2024\/04\/IMG_7996-Snow-Wind-Fire-Rafales-\u00a9-Fanny-Poitevin-Halle-de-la-Machine-1800x1200.jpg 1800w, https:\/\/www.halledelamachine.fr\/wp-content\/uploads\/2024\/04\/IMG_7996-Snow-Wind-Fire-Rafales-\u00a9-Fanny-Poitevin-Halle-de-la-Machine-5x3.jpg 5w\" sizes=\"auto, (max-width: 1024px) 100vw, 1024px\" \/><\/figure>\n\n\n\n<figure class=\"wp-block-image size-large\"><img loading=\"lazy\" decoding=\"async\" width=\"1024\" height=\"683\" data-id=\"1589\" src=\"https:\/\/www.halledelamachine.fr\/wp-content\/uploads\/2024\/04\/IMG_7650-Snow-Wind-Fire-Le-Cadre-de-Feu-\u00a9-Fanny-Poitevin-Halle-de-la-Machine-1024x683.jpg\" alt=\"\" class=\"wp-image-1589\" srcset=\"https:\/\/www.halledelamachine.fr\/wp-content\/uploads\/2024\/04\/IMG_7650-Snow-Wind-Fire-Le-Cadre-de-Feu-\u00a9-Fanny-Poitevin-Halle-de-la-Machine-1024x683.jpg 1024w, https:\/\/www.halledelamachine.fr\/wp-content\/uploads\/2024\/04\/IMG_7650-Snow-Wind-Fire-Le-Cadre-de-Feu-\u00a9-Fanny-Poitevin-Halle-de-la-Machine-300x200.jpg 300w, https:\/\/www.halledelamachine.fr\/wp-content\/uploads\/2024\/04\/IMG_7650-Snow-Wind-Fire-Le-Cadre-de-Feu-\u00a9-Fanny-Poitevin-Halle-de-la-Machine-768x512.jpg 768w, https:\/\/www.halledelamachine.fr\/wp-content\/uploads\/2024\/04\/IMG_7650-Snow-Wind-Fire-Le-Cadre-de-Feu-\u00a9-Fanny-Poitevin-Halle-de-la-Machine-1536x1024.jpg 1536w, https:\/\/www.halledelamachine.fr\/wp-content\/uploads\/2024\/04\/IMG_7650-Snow-Wind-Fire-Le-Cadre-de-Feu-\u00a9-Fanny-Poitevin-Halle-de-la-Machine-2048x1365.jpg 2048w, https:\/\/www.halledelamachine.fr\/wp-content\/uploads\/2024\/04\/IMG_7650-Snow-Wind-Fire-Le-Cadre-de-Feu-\u00a9-Fanny-Poitevin-Halle-de-la-Machine-1568x1045.jpg 1568w, https:\/\/www.halledelamachine.fr\/wp-content\/uploads\/2024\/04\/IMG_7650-Snow-Wind-Fire-Le-Cadre-de-Feu-\u00a9-Fanny-Poitevin-Halle-de-la-Machine-1800x1200.jpg 1800w, https:\/\/www.halledelamachine.fr\/wp-content\/uploads\/2024\/04\/IMG_7650-Snow-Wind-Fire-Le-Cadre-de-Feu-\u00a9-Fanny-Poitevin-Halle-de-la-Machine-5x3.jpg 5w\" sizes=\"auto, (max-width: 1024px) 100vw, 1024px\" \/><\/figure>\n\n\n\n<figure class=\"wp-block-image size-large\"><img loading=\"lazy\" decoding=\"async\" width=\"768\" height=\"1024\" data-id=\"1583\" src=\"https:\/\/www.halledelamachine.fr\/wp-content\/uploads\/2024\/04\/Spectacle-avril-2022-Le-Minotaure-1-_-credit-fanny-Poitevin-Halle-de-la-Machine2-768x1024.jpg\" alt=\"\" class=\"wp-image-1583\" srcset=\"https:\/\/www.halledelamachine.fr\/wp-content\/uploads\/2024\/04\/Spectacle-avril-2022-Le-Minotaure-1-_-credit-fanny-Poitevin-Halle-de-la-Machine2-768x1024.jpg 768w, https:\/\/www.halledelamachine.fr\/wp-content\/uploads\/2024\/04\/Spectacle-avril-2022-Le-Minotaure-1-_-credit-fanny-Poitevin-Halle-de-la-Machine2-225x300.jpg 225w, https:\/\/www.halledelamachine.fr\/wp-content\/uploads\/2024\/04\/Spectacle-avril-2022-Le-Minotaure-1-_-credit-fanny-Poitevin-Halle-de-la-Machine2-1152x1536.jpg 1152w, https:\/\/www.halledelamachine.fr\/wp-content\/uploads\/2024\/04\/Spectacle-avril-2022-Le-Minotaure-1-_-credit-fanny-Poitevin-Halle-de-la-Machine2-1536x2048.jpg 1536w, https:\/\/www.halledelamachine.fr\/wp-content\/uploads\/2024\/04\/Spectacle-avril-2022-Le-Minotaure-1-_-credit-fanny-Poitevin-Halle-de-la-Machine2-1568x2091.jpg 1568w, https:\/\/www.halledelamachine.fr\/wp-content\/uploads\/2024\/04\/Spectacle-avril-2022-Le-Minotaure-1-_-credit-fanny-Poitevin-Halle-de-la-Machine2-1350x1800.jpg 1350w, https:\/\/www.halledelamachine.fr\/wp-content\/uploads\/2024\/04\/Spectacle-avril-2022-Le-Minotaure-1-_-credit-fanny-Poitevin-Halle-de-la-Machine2-scaled.jpg 1920w\" sizes=\"auto, (max-width: 768px) 100vw, 768px\" \/><\/figure>\n<\/figure>\n","protected":false},"excerpt":{"rendered":"<p>Contactos Comunicacion &amp; relaciones prensa Fanny Poitevin&nbsp;: fanny.poitevin@halledelamachine.fr \/ 06 29 89 62 20 Aude Fourni\u00e9&nbsp;: aude.fournie@halledelamachine.fr \/ 06 03 05 67 84 Dossier de prensa g\u00e9n\u00e9ral Dossier de prensa &#8211; Verano 2024 : HALLE SUMMER LONG KIT M\u00c9DIAS<\/p>\n","protected":false},"author":2,"featured_media":3600,"parent":0,"menu_order":0,"comment_status":"closed","ping_status":"closed","template":"","meta":{"_acf_changed":false,"footnotes":""},"class_list":["post-2418","page","type-page","status-publish","has-post-thumbnail","hentry","entry"],"acf":[],"_links":{"self":[{"href":"https:\/\/www.halledelamachine.fr\/es\/wp-json\/wp\/v2\/pages\/2418","targetHints":{"allow":["GET"]}}],"collection":[{"href":"https:\/\/www.halledelamachine.fr\/es\/wp-json\/wp\/v2\/pages"}],"about":[{"href":"https:\/\/www.halledelamachine.fr\/es\/wp-json\/wp\/v2\/types\/page"}],"author":[{"embeddable":true,"href":"https:\/\/www.halledelamachine.fr\/es\/wp-json\/wp\/v2\/users\/2"}],"replies":[{"embeddable":true,"href":"https:\/\/www.halledelamachine.fr\/es\/wp-json\/wp\/v2\/comments?post=2418"}],"version-history":[{"count":1,"href":"https:\/\/www.halledelamachine.fr\/es\/wp-json\/wp\/v2\/pages\/2418\/revisions"}],"predecessor-version":[{"id":2423,"href":"https:\/\/www.halledelamachine.fr\/es\/wp-json\/wp\/v2\/pages\/2418\/revisions\/2423"}],"wp:featuredmedia":[{"embeddable":true,"href":"https:\/\/www.halledelamachine.fr\/es\/wp-json\/wp\/v2\/media\/3600"}],"wp:attachment":[{"href":"https:\/\/www.halledelamachine.fr\/es\/wp-json\/wp\/v2\/media?parent=2418"}],"curies":[{"name":"wp","href":"https:\/\/api.w.org\/{rel}","templated":true}]}}